{"id":55,"date":"2024-03-17T23:22:24","date_gmt":"2024-03-17T22:22:24","guid":{"rendered":"https:\/\/schlachthoffestival-traunsee.at\/?page_id=55"},"modified":"2025-01-11T01:38:44","modified_gmt":"2025-01-11T00:38:44","slug":"contact-2","status":"publish","type":"page","link":"https:\/\/schlachthoffestival-traunsee.at\/?page_id=55","title":{"rendered":""},"content":{"rendered":"\n<div class=\"wp-block-group has-global-padding is-layout-constrained wp-block-group-is-layout-constrained\">\n<div class=\"wp-block-group has-global-padding is-layout-constrained wp-block-group-is-layout-constrained\">\n<div class=\"wp-block-columns are-vertically-aligned-center is-layout-flex wp-container-core-columns-is-layout-1 wp-block-columns-is-layout-flex\" style=\"padding-top:0;padding-right:0;padding-bottom:0;padding-left:0\">\n<div class=\"wp-block-column is-vertically-aligned-center is-layout-flow wp-block-column-is-layout-flow\" style=\"padding-right:7%;flex-basis:50%\">\n<div data-aos= \"fade-right\" data-aos-duration=\"400\" data-aos-delay=\"0\" data-aos-easing=\"ease\" data-aos-once=\"true\" class=\"wp-block-uagb-advanced-heading uagb-block-ce554287\"><h1 class=\"uagb-heading-text\"><strong>Der Schlachthof<\/strong><\/h1><\/div>\n\n\n\n<p class=\"has-text-align-left\">Die Familie Gruber steht nicht nur f\u00fcr Regionalit\u00e4t und Handwerk, sondern auch f\u00fcr Offenheit und Kunst. Hermann Gruber stellt auch dieses Jahr wieder den Gruber-Schlachthof in Traunkirchen f\u00fcr lokale und \u00fcberregionale K\u00fcnstler*innen zu Verf\u00fcgung. Neben einem Kunst-Festival erwartet die Besucher*innen also auch ein uriger Aufenthalt in einem Gasthof in der N\u00e4he des Traunsees. Wir empfehlen: Kommt mit leerem Magen, denn das Essen ist eine Freude f\u00fcr jeden Gaumen!&nbsp;<\/p>\n<\/div>\n\n\n\n<div class=\"wp-block-column is-vertically-aligned-center is-layout-flow wp-block-column-is-layout-flow\" style=\"flex-basis:50%\">\n<div class=\"wp-block-uagb-image uagb-block-906f0ce4 wp-block-uagb-image--layout-default wp-block-uagb-image--effect-static wp-block-uagb-image--align-none\"><figure class=\"wp-block-uagb-image__figure\"><img loading=\"lazy\" decoding=\"async\"  sizes=\"(max-width: 480px) 150px\" src=\"https:\/\/schlachthoffestival-traunsee.at\/wp-content\/uploads\/2024\/03\/gruberwirt_traunkirchen_aussen-e1636088977632-600x336-1.jpg\" alt=\"\" width=\"600\" height=\"336\" title=\"\" loading=\"lazy\" role=\"img\"\/><\/figure><\/div>\n<\/div>\n<\/div>\n<\/div>\n\n\n\n<div style=\"height:55px\" aria-hidden=\"true\" class=\"wp-block-spacer\"><\/div>\n<\/div>\n\n\n\n<div class=\"wp-block-group has-global-padding is-layout-constrained wp-block-group-is-layout-constrained\">\n<div class=\"wp-block-uagb-container uagb-block-1e334e4a alignfull uagb-is-root-container\"><div class=\"uagb-container-inner-blocks-wrap\">\n<div class=\"wp-block-uagb-container uagb-block-55a40578\">\n<div class=\"wp-block-uagb-container uagb-block-b8e549d8\"><p><iframe src=\"https:\/\/www.google.com\/maps\/embed?pb=!1m14!1m8!1m3!1d10710.230716440929!2d13.7760137!3d47.8481618!3m2!1i1024!2i768!4f13.1!3m3!1m2!1s0x4771567fcd900433%3A0x35875f564e6a8a3b!2sSeestra%C3%9Fe%2037%2C%204801%20Traunkirchen!5e0!3m2!1sde!2sat!4v1716479979622!5m2!1sde!2sat\" width=\"800\" height=\"600\" style=\"border:0;\" allowfullscreen=\"\" loading=\"lazy\" referrerpolicy=\"no-referrer-when-downgrade\"><\/iframe><\/p>\n<\/div>\n\n\n\n<div class=\"wp-block-uagb-container uagb-block-22e5cf04\">\n<div data-aos= \"fade-left\" data-aos-duration=\"400\" data-aos-delay=\"0\" data-aos-easing=\"ease\" data-aos-once=\"true\" class=\"wp-block-uagb-advanced-heading uagb-block-acc4f108\"><h1 class=\"uagb-heading-text\"><strong>Schlachthof Gruber<\/strong><\/h1><\/div>\n\n\n\n<p class=\"has-text-align-left has-medium-font-size\"><small>Gasthof Hermann Gruber&nbsp;<\/small><br><small>Seestra\u00dfe 37<\/small><br><small>4801 Traunkirchen<\/small><br><small>Tel: +43 7617 20604<\/small><\/p>\n\n\n\n<details class=\"wp-block-details is-layout-flow wp-block-details-is-layout-flow\"><summary>Anfahrt<\/summary>\n<p>Zug<br>von Salzburg kommend:&nbsp;Railjet Richtung Wien HBf; absteigen in Attnang-Puchheim von hier Regionalzug nach Bad Ischl; absteigen in Traunkirchen Bahnhof mit 1 km Fu\u00dfweg s\u00fcdlich zum Schlachthof Gruber<\/p>\n\n\n\n<p>Bus<br>von Salzburg kommend: Busverbindung 150 nach Bad Ischl;abstieg Bad Ischl &#8211; Regionalzug Richtung Attnang-Puchheim; abstieg Traunkirchen Bahnhof mit 1 km F\u00fc\u00dfweg s\u00fcdlich zum Schlachthof Gruber<\/p>\n<\/details>\n<\/div>\n<\/div>\n<\/div><\/div>\n\n\n\n<div class=\"wp-block-uagb-container uagb-block-04c0e08f alignfull uagb-is-root-container\"><div class=\"uagb-container-inner-blocks-wrap\"><\/div><\/div>\n<\/div>\n","protected":false},"excerpt":{"rendered":"<p>Der Schlachthof Die Familie Gruber steht nicht nur f\u00fcr Regionalit\u00e4t und Handwerk, sondern auch f\u00fcr Offenheit und Kunst. Hermann Gruber stellt auch dieses Jahr wieder den Gruber-Schlachthof in Traunkirchen f\u00fcr lokale und \u00fcberregionale K\u00fcnstler*innen zu Verf\u00fcgung. Neben einem Kunst-Festival erwartet die Besucher*innen also auch ein uriger Aufenthalt in einem Gasthof in der N\u00e4he des Traunsees. &hellip; <\/p>\n<p class=\"link-more\"><a href=\"https:\/\/schlachthoffestival-traunsee.at\/?page_id=55\" class=\"more-link\">Mehr <span class=\"screen-reader-text\">\u00fcber &#8222;&#8220; <\/span>Lesen<\/a><\/p>\n","protected":false},"author":1,"featured_media":0,"parent":0,"menu_order":0,"comment_status":"closed","ping_status":"closed","template":"","meta":{"_uag_custom_page_level_css":"","footnotes":""},"yoast_head":"<!-- This site is optimized with the Yoast SEO plugin v24.5 - https:\/\/yoast.com\/wordpress\/plugins\/seo\/ -->\n<title>- Schlachthoffestival Traunsee<\/title>\n<meta name=\"robots\" content=\"index, follow, max-snippet:-1, max-image-preview:large, max-video-preview:-1\" \/>\n<link rel=\"canonical\" href=\"https:\/\/schlachthoffestival-traunsee.at\/?page_id=55\" \/>\n<meta property=\"og:locale\" content=\"de_DE\" \/>\n<meta property=\"og:type\" content=\"article\" \/>\n<meta property=\"og:title\" content=\"- Schlachthoffestival Traunsee\" \/>\n<meta property=\"og:description\" content=\"Der Schlachthof Die Familie Gruber steht nicht nur f\u00fcr Regionalit\u00e4t und Handwerk, sondern auch f\u00fcr Offenheit und Kunst. Hermann Gruber stellt auch dieses Jahr wieder den Gruber-Schlachthof in Traunkirchen f\u00fcr lokale und \u00fcberregionale K\u00fcnstler*innen zu Verf\u00fcgung. Neben einem Kunst-Festival erwartet die Besucher*innen also auch ein uriger Aufenthalt in einem Gasthof in der N\u00e4he des Traunsees. &hellip; Mehr \u00fcber &quot;&quot; Lesen\" \/>\n<meta property=\"og:url\" content=\"https:\/\/schlachthoffestival-traunsee.at\/?page_id=55\" \/>\n<meta property=\"og:site_name\" content=\"Schlachthoffestival Traunsee\" \/>\n<meta property=\"article:modified_time\" content=\"2025-01-11T00:38:44+00:00\" \/>\n<meta property=\"og:image\" content=\"https:\/\/schlachthoffestival-traunsee.at\/wp-content\/uploads\/2024\/03\/gruberwirt_traunkirchen_aussen-e1636088977632-600x336-1.jpg\" \/>\n<meta name=\"twitter:card\" content=\"summary_large_image\" \/>\n<meta name=\"twitter:label1\" content=\"Gesch\u00e4tzte Lesezeit\" \/>\n\t<meta name=\"twitter:data1\" content=\"1\u00a0Minute\" \/>\n<script type=\"application\/ld+json\" class=\"yoast-schema-graph\">{\"@context\":\"https:\/\/schema.org\",\"@graph\":[{\"@type\":\"WebPage\",\"@id\":\"https:\/\/schlachthoffestival-traunsee.at\/?page_id=55\",\"url\":\"https:\/\/schlachthoffestival-traunsee.at\/?page_id=55\",\"name\":\"- Schlachthoffestival Traunsee\",\"isPartOf\":{\"@id\":\"https:\/\/schlachthoffestival-traunsee.at\/#website\"},\"primaryImageOfPage\":{\"@id\":\"https:\/\/schlachthoffestival-traunsee.at\/?page_id=55#primaryimage\"},\"image\":{\"@id\":\"https:\/\/schlachthoffestival-traunsee.at\/?page_id=55#primaryimage\"},\"thumbnailUrl\":\"https:\/\/schlachthoffestival-traunsee.at\/wp-content\/uploads\/2024\/03\/gruberwirt_traunkirchen_aussen-e1636088977632-600x336-1.jpg\",\"datePublished\":\"2024-03-17T22:22:24+00:00\",\"dateModified\":\"2025-01-11T00:38:44+00:00\",\"inLanguage\":\"de\",\"potentialAction\":[{\"@type\":\"ReadAction\",\"target\":[\"https:\/\/schlachthoffestival-traunsee.at\/?page_id=55\"]}]},{\"@type\":\"ImageObject\",\"inLanguage\":\"de\",\"@id\":\"https:\/\/schlachthoffestival-traunsee.at\/?page_id=55#primaryimage\",\"url\":\"https:\/\/schlachthoffestival-traunsee.at\/wp-content\/uploads\/2024\/03\/gruberwirt_traunkirchen_aussen-e1636088977632-600x336-1.jpg\",\"contentUrl\":\"https:\/\/schlachthoffestival-traunsee.at\/wp-content\/uploads\/2024\/03\/gruberwirt_traunkirchen_aussen-e1636088977632-600x336-1.jpg\",\"width\":600,\"height\":336},{\"@type\":\"WebSite\",\"@id\":\"https:\/\/schlachthoffestival-traunsee.at\/#website\",\"url\":\"https:\/\/schlachthoffestival-traunsee.at\/\",\"name\":\"Schlachthoffestival Traunsee\",\"description\":\"\",\"publisher\":{\"@id\":\"https:\/\/schlachthoffestival-traunsee.at\/#organization\"},\"potentialAction\":[{\"@type\":\"SearchAction\",\"target\":{\"@type\":\"EntryPoint\",\"urlTemplate\":\"https:\/\/schlachthoffestival-traunsee.at\/?s={search_term_string}\"},\"query-input\":{\"@type\":\"PropertyValueSpecification\",\"valueRequired\":true,\"valueName\":\"search_term_string\"}}],\"inLanguage\":\"de\"},{\"@type\":\"Organization\",\"@id\":\"https:\/\/schlachthoffestival-traunsee.at\/#organization\",\"name\":\"Schlachthoffestival Traunsee\",\"url\":\"https:\/\/schlachthoffestival-traunsee.at\/\",\"logo\":{\"@type\":\"ImageObject\",\"inLanguage\":\"de\",\"@id\":\"https:\/\/schlachthoffestival-traunsee.at\/#\/schema\/logo\/image\/\",\"url\":\"https:\/\/schlachthoffestival-traunsee.at\/wp-content\/uploads\/2026\/04\/cropped-cropped-WhatsApp-Image-2026-03-31-at-19.49.321-1.jpeg\",\"contentUrl\":\"https:\/\/schlachthoffestival-traunsee.at\/wp-content\/uploads\/2026\/04\/cropped-cropped-WhatsApp-Image-2026-03-31-at-19.49.321-1.jpeg\",\"width\":512,\"height\":512,\"caption\":\"Schlachthoffestival Traunsee\"},\"image\":{\"@id\":\"https:\/\/schlachthoffestival-traunsee.at\/#\/schema\/logo\/image\/\"}}]}<\/script>\n<!-- \/ Yoast SEO plugin. -->","yoast_head_json":{"title":"- Schlachthoffestival Traunsee","robots":{"index":"index","follow":"follow","max-snippet":"max-snippet:-1","max-image-preview":"max-image-preview:large","max-video-preview":"max-video-preview:-1"},"canonical":"https:\/\/schlachthoffestival-traunsee.at\/?page_id=55","og_locale":"de_DE","og_type":"article","og_title":"- Schlachthoffestival Traunsee","og_description":"Der Schlachthof Die Familie Gruber steht nicht nur f\u00fcr Regionalit\u00e4t und Handwerk, sondern auch f\u00fcr Offenheit und Kunst. Hermann Gruber stellt auch dieses Jahr wieder den Gruber-Schlachthof in Traunkirchen f\u00fcr lokale und \u00fcberregionale K\u00fcnstler*innen zu Verf\u00fcgung. Neben einem Kunst-Festival erwartet die Besucher*innen also auch ein uriger Aufenthalt in einem Gasthof in der N\u00e4he des Traunsees. &hellip; Mehr \u00fcber \"\" Lesen","og_url":"https:\/\/schlachthoffestival-traunsee.at\/?page_id=55","og_site_name":"Schlachthoffestival Traunsee","article_modified_time":"2025-01-11T00:38:44+00:00","og_image":[{"url":"https:\/\/schlachthoffestival-traunsee.at\/wp-content\/uploads\/2024\/03\/gruberwirt_traunkirchen_aussen-e1636088977632-600x336-1.jpg","type":"","width":"","height":""}],"twitter_card":"summary_large_image","twitter_misc":{"Gesch\u00e4tzte Lesezeit":"1\u00a0Minute"},"schema":{"@context":"https:\/\/schema.org","@graph":[{"@type":"WebPage","@id":"https:\/\/schlachthoffestival-traunsee.at\/?page_id=55","url":"https:\/\/schlachthoffestival-traunsee.at\/?page_id=55","name":"- Schlachthoffestival Traunsee","isPartOf":{"@id":"https:\/\/schlachthoffestival-traunsee.at\/#website"},"primaryImageOfPage":{"@id":"https:\/\/schlachthoffestival-traunsee.at\/?page_id=55#primaryimage"},"image":{"@id":"https:\/\/schlachthoffestival-traunsee.at\/?page_id=55#primaryimage"},"thumbnailUrl":"https:\/\/schlachthoffestival-traunsee.at\/wp-content\/uploads\/2024\/03\/gruberwirt_traunkirchen_aussen-e1636088977632-600x336-1.jpg","datePublished":"2024-03-17T22:22:24+00:00","dateModified":"2025-01-11T00:38:44+00:00","inLanguage":"de","potentialAction":[{"@type":"ReadAction","target":["https:\/\/schlachthoffestival-traunsee.at\/?page_id=55"]}]},{"@type":"ImageObject","inLanguage":"de","@id":"https:\/\/schlachthoffestival-traunsee.at\/?page_id=55#primaryimage","url":"https:\/\/schlachthoffestival-traunsee.at\/wp-content\/uploads\/2024\/03\/gruberwirt_traunkirchen_aussen-e1636088977632-600x336-1.jpg","contentUrl":"https:\/\/schlachthoffestival-traunsee.at\/wp-content\/uploads\/2024\/03\/gruberwirt_traunkirchen_aussen-e1636088977632-600x336-1.jpg","width":600,"height":336},{"@type":"WebSite","@id":"https:\/\/schlachthoffestival-traunsee.at\/#website","url":"https:\/\/schlachthoffestival-traunsee.at\/","name":"Schlachthoffestival Traunsee","description":"","publisher":{"@id":"https:\/\/schlachthoffestival-traunsee.at\/#organization"},"potentialAction":[{"@type":"SearchAction","target":{"@type":"EntryPoint","urlTemplate":"https:\/\/schlachthoffestival-traunsee.at\/?s={search_term_string}"},"query-input":{"@type":"PropertyValueSpecification","valueRequired":true,"valueName":"search_term_string"}}],"inLanguage":"de"},{"@type":"Organization","@id":"https:\/\/schlachthoffestival-traunsee.at\/#organization","name":"Schlachthoffestival Traunsee","url":"https:\/\/schlachthoffestival-traunsee.at\/","logo":{"@type":"ImageObject","inLanguage":"de","@id":"https:\/\/schlachthoffestival-traunsee.at\/#\/schema\/logo\/image\/","url":"https:\/\/schlachthoffestival-traunsee.at\/wp-content\/uploads\/2026\/04\/cropped-cropped-WhatsApp-Image-2026-03-31-at-19.49.321-1.jpeg","contentUrl":"https:\/\/schlachthoffestival-traunsee.at\/wp-content\/uploads\/2026\/04\/cropped-cropped-WhatsApp-Image-2026-03-31-at-19.49.321-1.jpeg","width":512,"height":512,"caption":"Schlachthoffestival Traunsee"},"image":{"@id":"https:\/\/schlachthoffestival-traunsee.at\/#\/schema\/logo\/image\/"}}]}},"uagb_featured_image_src":{"full":false,"thumbnail":false,"medium":false,"medium_large":false,"large":false,"1536x1536":false,"2048x2048":false,"inspiro-featured-image":false,"inspiro-loop":false,"inspiro-loop@2x":false,"portfolio_item-thumbnail":false,"portfolio_item-thumbnail@2x":false,"portfolio_item-masonry":false,"portfolio_item-masonry@2x":false,"portfolio_item-thumbnail_cinema":false,"portfolio_item-thumbnail_portrait":false,"portfolio_item-thumbnail_portrait@2x":false,"portfolio_item-thumbnail_square":false},"uagb_author_info":{"display_name":"schlachthoffestival.traunsee","author_link":"https:\/\/schlachthoffestival-traunsee.at\/?author=1"},"uagb_comment_info":0,"uagb_excerpt":"Der Schlachthof Die Familie Gruber steht nicht nur f\u00fcr Regionalit\u00e4t und Handwerk, sondern auch f\u00fcr Offenheit und Kunst. Hermann Gruber stellt auch dieses Jahr wieder den Gruber-Schlachthof in Traunkirchen f\u00fcr lokale und \u00fcberregionale K\u00fcnstler*innen zu Verf\u00fcgung. Neben einem Kunst-Festival erwartet die Besucher*innen also auch ein uriger Aufenthalt in einem Gasthof in der N\u00e4he des Traunsees.&hellip;","featured_media_urls":[],"_links":{"self":[{"href":"https:\/\/schlachthoffestival-traunsee.at\/index.php?rest_route=\/wp\/v2\/pages\/55"}],"collection":[{"href":"https:\/\/schlachthoffestival-traunsee.at\/index.php?rest_route=\/wp\/v2\/pages"}],"about":[{"href":"https:\/\/schlachthoffestival-traunsee.at\/index.php?rest_route=\/wp\/v2\/types\/page"}],"author":[{"embeddable":true,"href":"https:\/\/schlachthoffestival-traunsee.at\/index.php?rest_route=\/wp\/v2\/users\/1"}],"replies":[{"embeddable":true,"href":"https:\/\/schlachthoffestival-traunsee.at\/index.php?rest_route=%2Fwp%2Fv2%2Fcomments&post=55"}],"version-history":[{"count":24,"href":"https:\/\/schlachthoffestival-traunsee.at\/index.php?rest_route=\/wp\/v2\/pages\/55\/revisions"}],"predecessor-version":[{"id":1333,"href":"https:\/\/schlachthoffestival-traunsee.at\/index.php?rest_route=\/wp\/v2\/pages\/55\/revisions\/1333"}],"wp:attachment":[{"href":"https:\/\/schlachthoffestival-traunsee.at\/index.php?rest_route=%2Fwp%2Fv2%2Fmedia&parent=55"}],"curies":[{"name":"wp","href":"https:\/\/api.w.org\/{rel}","templated":true}]}}