{"id":515,"date":"2024-04-19T12:26:30","date_gmt":"2024-04-19T10:26:30","guid":{"rendered":"https:\/\/schlachthoffestival-traunsee.at\/?page_id=515"},"modified":"2025-04-07T16:53:39","modified_gmt":"2025-04-07T14:53:39","slug":"festival-2024","status":"publish","type":"page","link":"https:\/\/schlachthoffestival-traunsee.at\/?page_id=515","title":{"rendered":""},"content":{"rendered":"\n<div class=\"wp-block-cover\" style=\"min-height:549px;aspect-ratio:unset;\"><span aria-hidden=\"true\" class=\"wp-block-cover__background has-black-background-color has-background-dim\"><\/span><img fetchpriority=\"high\" decoding=\"async\" width=\"2560\" height=\"1707\" class=\"wp-block-cover__image-background wp-image-234\" alt=\"\" src=\"https:\/\/schlachthoffestival-traunsee.at\/wp-content\/uploads\/2024\/03\/Schlachthof_2022_147-scaled.jpg\" style=\"object-position:92% 13%\" data-object-fit=\"cover\" data-object-position=\"92% 13%\" srcset=\"https:\/\/schlachthoffestival-traunsee.at\/wp-content\/uploads\/2024\/03\/Schlachthof_2022_147-scaled.jpg 2560w, https:\/\/schlachthoffestival-traunsee.at\/wp-content\/uploads\/2024\/03\/Schlachthof_2022_147-300x200.jpg 300w, https:\/\/schlachthoffestival-traunsee.at\/wp-content\/uploads\/2024\/03\/Schlachthof_2022_147-1024x683.jpg 1024w, https:\/\/schlachthoffestival-traunsee.at\/wp-content\/uploads\/2024\/03\/Schlachthof_2022_147-2000x1333.jpg 2000w, https:\/\/schlachthoffestival-traunsee.at\/wp-content\/uploads\/2024\/03\/Schlachthof_2022_147-600x400.jpg 600w, https:\/\/schlachthoffestival-traunsee.at\/wp-content\/uploads\/2024\/03\/Schlachthof_2022_147-1200x800.jpg 1200w\" sizes=\"(max-width: 2560px) 100vw, 2560px\" \/><div class=\"wp-block-cover__inner-container has-global-padding is-layout-constrained wp-block-cover-is-layout-constrained\">\n<div class=\"wp-block-group has-global-padding is-layout-constrained wp-container-core-group-is-layout-1 wp-block-group-is-layout-constrained\">\n<header class=\"wp-block-uagb-advanced-heading uagb-block-015ed4a2\"><h2 class=\"uagb-heading-text\"><strong>Schlachthoffestival Traunsee 2024<\/strong><\/h2><\/header>\n\n\n\n<p class=\"has-text-align-center\"><strong>Kulturhauptstadt Salzkammergut trifft Schlachthoffestival Traunsee zum Thema &#8222;say no&#8220;.<\/strong><\/p>\n\n\n\n<div data-aos= \"fade-down\" data-aos-duration=\"400\" data-aos-delay=\"0\" data-aos-easing=\"ease\" data-aos-once=\"true\" class=\"wp-block-uagb-advanced-heading uagb-block-e644f9f3\"><h3 class=\"uagb-heading-text\">31. Mai &#8211; 02. Juni 2024<\/h3><\/div>\n\n\n\n<div style=\"height:31px\" aria-hidden=\"true\" class=\"wp-block-spacer\"><\/div>\n<\/div>\n<\/div><\/div>\n\n\n\n<div class=\"wp-block-uagb-container uagb-block-3aca0fe5 alignfull uagb-is-root-container\"><div class=\"uagb-container-inner-blocks-wrap\">\n<pre class=\"wp-block-verse\"><em>\"say no!<\/em>\" ist der \u00fcbergeordnete Titel des <strong>Schlachthoffestival Traunsee 2024<\/strong>, welches im Zuge der <strong>Kulturhauptstadt Europas<\/strong> vom 31. Mai bis zum 2. Juni 2024 stattfindet. Was steckt aber hinter dieser Thematik? Neinsagen als ein emanzipatorischer und selbstsch\u00fctzender Akt ist ein nicht wegzudenkender Teil der zwischenmenschlichen Kommunikation. Neinsagen muss gelernt sein, es braucht \u00dcberwindung, Mut und eine Auseinandersetzung mit den eigenen, individuellen Grenzen. Neinsagen kann eine rebellische Handlung des Widerstandes sein und vielleicht sogar der erste Schritt hin zu einer Utopie.<\/pre>\n<\/div><\/div>\n\n\n\n<div class=\"wp-block-columns is-layout-flex wp-container-core-columns-is-layout-4 wp-block-columns-is-layout-flex\">\n<div class=\"wp-block-column is-style-default is-layout-flow wp-block-column-is-layout-flow\" style=\"border-style:none;border-width:0px;padding-top:0;padding-right:0;padding-bottom:0;padding-left:0\">\n<div class=\"wp-block-uagb-advanced-heading uagb-block-57d20752\"><h2 class=\"uagb-heading-text\">Freitag, 31. Mai<\/h2><\/div>\n\n\n\n<div class=\"wp-block-cover\" style=\"min-height:808px;aspect-ratio:unset;\"><span aria-hidden=\"true\" class=\"wp-block-cover__background has-background-dim\"><\/span><img decoding=\"async\" width=\"2560\" height=\"1600\" class=\"wp-block-cover__image-background wp-image-504\" alt=\"\" src=\"https:\/\/schlachthoffestival-traunsee.at\/wp-content\/uploads\/2024\/04\/Foto-Saleh-Rozati-edited-scaled.jpg\" data-object-fit=\"cover\" srcset=\"https:\/\/schlachthoffestival-traunsee.at\/wp-content\/uploads\/2024\/04\/Foto-Saleh-Rozati-edited-scaled.jpg 2560w, https:\/\/schlachthoffestival-traunsee.at\/wp-content\/uploads\/2024\/04\/Foto-Saleh-Rozati-edited-300x187.jpg 300w, https:\/\/schlachthoffestival-traunsee.at\/wp-content\/uploads\/2024\/04\/Foto-Saleh-Rozati-edited-1024x640.jpg 1024w, https:\/\/schlachthoffestival-traunsee.at\/wp-content\/uploads\/2024\/04\/Foto-Saleh-Rozati-edited-2000x1250.jpg 2000w\" sizes=\"(max-width: 2560px) 100vw, 2560px\" \/><div class=\"wp-block-cover__inner-container is-layout-flow wp-block-cover-is-layout-flow\">\n<div class=\"wp-block-columns is-layout-flex wp-container-core-columns-is-layout-1 wp-block-columns-is-layout-flex\">\n<div class=\"wp-block-column is-layout-flow wp-block-column-is-layout-flow\" style=\"flex-basis:100%\">\n<p class=\"has-text-align-center has-background has-small-font-size\" style=\"background:linear-gradient(135deg,rgba(7,146,227,0.47) 2%,rgba(155,81,224,0.57) 100%)\"><strong>18 &#8211; 22 Uhr<\/strong><br> laufende Ausstellung<\/p>\n\n\n\n<p class=\"has-text-align-center has-background has-small-font-size\" style=\"background:linear-gradient(135deg,rgba(7,146,227,0.47) 2%,rgba(155,81,224,0.57) 100%)\"><strong>18 Uhr <\/strong><br>Vernissage<\/p>\n\n\n\n<p class=\"has-text-align-center has-background has-small-font-size\" style=\"background:linear-gradient(135deg,rgba(7,146,227,0.47) 2%,rgba(155,81,224,0.57) 100%)\"><strong>19 Uhr<\/strong><br>Performance Dani Aichmayr<\/p>\n\n\n\n<p class=\"has-text-align-center has-background has-small-font-size\" style=\"background:linear-gradient(135deg,rgba(7,146,227,0.47) 2%,rgba(155,81,224,0.57) 100%)\"><strong>20.30 Uhr<\/strong><br>Music: Manu Vera Tudela  (PE) &#8211; Duo mit Jos\u00e9 Carlos&nbsp;Velayarse<\/p>\n\n\n\n<p class=\"has-text-align-center has-background has-small-font-size\" style=\"background:linear-gradient(135deg,rgba(7,146,227,0.47) 2%,rgba(155,81,224,0.57) 100%)\"><strong>ab 22 Uhr<\/strong><br>DJ Musik, Karaoke Night<\/p>\n<\/div>\n<\/div>\n<\/div><\/div>\n<\/div>\n\n\n\n<div class=\"wp-block-column is-style-default is-layout-flow wp-block-column-is-layout-flow\" style=\"border-style:none;border-width:0px;padding-top:0;padding-right:0;padding-bottom:0;padding-left:0\">\n<div class=\"wp-block-uagb-advanced-heading uagb-block-e3723065\"><h2 class=\"uagb-heading-text\">Samstag, 01. Juni<\/h2><\/div>\n\n\n\n<div class=\"wp-block-cover\" style=\"min-height:668px;aspect-ratio:unset;\"><span aria-hidden=\"true\" class=\"wp-block-cover__background has-background-dim\" style=\"background-color:#53525e\"><\/span><img decoding=\"async\" width=\"635\" height=\"821\" class=\"wp-block-cover__image-background wp-image-738\" alt=\"\" src=\"https:\/\/schlachthoffestival-traunsee.at\/wp-content\/uploads\/2024\/05\/Screenshot-2024-05-18-120022.jpg\" style=\"object-position:40% 52%\" data-object-fit=\"cover\" data-object-position=\"40% 52%\" srcset=\"https:\/\/schlachthoffestival-traunsee.at\/wp-content\/uploads\/2024\/05\/Screenshot-2024-05-18-120022.jpg 635w, https:\/\/schlachthoffestival-traunsee.at\/wp-content\/uploads\/2024\/05\/Screenshot-2024-05-18-120022-232x300.jpg 232w\" sizes=\"(max-width: 635px) 100vw, 635px\" \/><div class=\"wp-block-cover__inner-container is-layout-flow wp-block-cover-is-layout-flow\">\n<div class=\"wp-block-columns is-layout-flex wp-container-core-columns-is-layout-2 wp-block-columns-is-layout-flex\">\n<div class=\"wp-block-column is-layout-flow wp-block-column-is-layout-flow\" style=\"flex-basis:100%\">\n<p class=\"has-text-align-center has-background has-small-font-size\" style=\"background:linear-gradient(135deg,rgba(7,146,227,0.47) 2%,rgba(155,81,224,0.57) 100%)\"><strong>12 &#8211; 22 Uhr<\/strong><br> laufende Ausstellung<\/p>\n\n\n\n<p class=\"has-text-align-center has-white-color has-text-color has-background has-link-color has-small-font-size wp-elements-844bb32c2f22bf7945428ec316148820\" style=\"background:linear-gradient(135deg,rgba(7,146,227,0.47) 2%,rgba(155,81,224,0.57) 100%)\"><strong>13 \u2013 16.30 Uhr<\/strong><br><a href=\"https:\/\/schlachthoffestival-traunsee.at\/?page_id=774\">&#8222;DIY Electronic &#8211; Synthesizer&#8220; Workshop (mit Reinhard Reisenzahn) &#8211; mehr Info<\/a><\/p>\n\n\n\n<p class=\"has-text-align-center has-background has-small-font-size\" style=\"background:linear-gradient(135deg,rgba(7,146,227,0.47) 2%,rgba(155,81,224,0.57) 100%)\"><strong>ab 14 Uhr<\/strong><br>Partizipatives Drucken (mit Ulli Gollesch)<\/p>\n\n\n\n<p class=\"has-text-align-center has-background has-small-font-size\" style=\"background:linear-gradient(135deg,rgba(7,146,227,0.47) 2%,rgba(155,81,224,0.57) 100%)\"><strong>18 Uhr<\/strong><br> Performance Eber*innen<\/p>\n\n\n\n<p class=\"has-text-align-center has-background has-small-font-size\" style=\"background:linear-gradient(135deg,rgba(7,146,227,0.47) 2%,rgba(155,81,224,0.57) 100%)\"><strong>19 Uhr<\/strong><br>Music Act: The Ed Beaumont Trio<\/p>\n\n\n\n<p class=\"has-text-align-center has-background has-small-font-size\" style=\"background:linear-gradient(135deg,rgba(7,146,227,0.47) 2%,rgba(155,81,224,0.57) 100%)\"><strong>21 Uhr<\/strong><br>Music Act: Amelie Tobien<\/p>\n<\/div>\n<\/div>\n<\/div><\/div>\n<\/div>\n\n\n\n<div class=\"wp-block-column is-style-default is-layout-flow wp-block-column-is-layout-flow\" style=\"border-style:none;border-width:0px;padding-top:0;padding-right:0;padding-bottom:0;padding-left:0\">\n<div class=\"wp-block-uagb-advanced-heading uagb-block-398b93af\"><h2 class=\"uagb-heading-text\">Sonntag, 02. Juni<\/h2><\/div>\n\n\n\n<div class=\"wp-block-cover\" style=\"min-height:809px;aspect-ratio:unset;\"><span aria-hidden=\"true\" class=\"wp-block-cover__background has-background-dim\" style=\"background-color:#464646\"><\/span><img loading=\"lazy\" decoding=\"async\" width=\"2560\" height=\"1600\" class=\"wp-block-cover__image-background wp-image-726\" alt=\"\" src=\"https:\/\/schlachthoffestival-traunsee.at\/wp-content\/uploads\/2024\/05\/Kopie-von-image00001-edited-scaled.jpeg\" style=\"object-position:51% 18%\" data-object-fit=\"cover\" data-object-position=\"51% 18%\" srcset=\"https:\/\/schlachthoffestival-traunsee.at\/wp-content\/uploads\/2024\/05\/Kopie-von-image00001-edited-scaled.jpeg 2560w, https:\/\/schlachthoffestival-traunsee.at\/wp-content\/uploads\/2024\/05\/Kopie-von-image00001-edited-300x187.jpeg 300w, https:\/\/schlachthoffestival-traunsee.at\/wp-content\/uploads\/2024\/05\/Kopie-von-image00001-edited-1024x640.jpeg 1024w, https:\/\/schlachthoffestival-traunsee.at\/wp-content\/uploads\/2024\/05\/Kopie-von-image00001-edited-2000x1250.jpeg 2000w\" sizes=\"(max-width: 2560px) 100vw, 2560px\" \/><div class=\"wp-block-cover__inner-container is-layout-flow wp-block-cover-is-layout-flow\">\n<div class=\"wp-block-columns is-layout-flex wp-container-core-columns-is-layout-3 wp-block-columns-is-layout-flex\">\n<div class=\"wp-block-column is-layout-flow wp-block-column-is-layout-flow\" style=\"flex-basis:100%\">\n<p class=\"has-text-align-center has-background has-small-font-size\" style=\"background:linear-gradient(135deg,rgba(7,146,227,0.47) 2%,rgba(155,81,224,0.57) 100%)\"><strong><strong>12 &#8211; 17 Uhr<\/strong><\/strong><br> laufende Ausstellung<\/p>\n\n\n\n<p class=\"has-text-align-center has-background has-small-font-size\" style=\"background:linear-gradient(135deg,rgba(7,146,227,0.47) 2%,rgba(155,81,224,0.57) 100%)\"><strong>12 Uhr<\/strong><br>Performance Fr\u00fchst\u00fcck<br>(Lydia Kremshuber &amp; Veronika Brunner, Alexandra Kronberger &amp; Nicole Baier)<\/p>\n\n\n\n<p class=\"has-text-align-center has-white-color has-text-color has-background has-link-color has-small-font-size wp-elements-3d175153bd89d7fa532f2e3b2632ad55\" style=\"background:linear-gradient(135deg,rgba(7,146,227,0.47) 2%,rgba(155,81,224,0.57) 100%)\"><a href=\"https:\/\/schlachthoffestival-traunsee.at\/?page_id=788\"><strong>14 Uhr<\/strong><br>&#8222;Rest Is Resistance&#8220; Workshop (mit Sarah Hollweger) &#8211; mehr Info<\/a><\/p>\n\n\n\n<p class=\"has-text-align-center has-background has-small-font-size\" style=\"background:linear-gradient(135deg,rgba(7,146,227,0.47) 2%,rgba(155,81,224,0.57) 100%)\"><strong>17 Uhr<\/strong><br>Abschluss<\/p>\n<\/div>\n<\/div>\n<\/div><\/div>\n<\/div>\n<\/div>\n\n\n\n<div style=\"height:72px\" aria-hidden=\"true\" class=\"wp-block-spacer\"><\/div>\n\n\n\n<div class=\"wp-block-group has-global-padding is-layout-constrained wp-block-group-is-layout-constrained\">\n<div class=\"wp-block-group is-layout-flow wp-block-group-is-layout-flow\">\n<p class=\"has-text-align-center has-text-color has-large-font-size\" style=\"color:#0bb4aa\">UNSERE K\u00dcNSTLER*INNEN<\/p>\n\n\n\n<div class=\"wp-block-uagb-advanced-heading uagb-block-f68a38d4\"><h1 class=\"uagb-heading-text\"><mark style=\"background-color:rgba(0, 0, 0, 0);color:#e35151\" class=\"has-inline-color\">Meet the Artists<\/mark><\/h1><\/div>\n\n\n\n<div style=\"height:32px\" aria-hidden=\"true\" class=\"wp-block-spacer\"><\/div>\n\n\n\n<div style=\"height:0px\" aria-hidden=\"true\" class=\"wp-block-spacer\"><\/div>\n\n\n\n<div class=\"wp-block-columns is-layout-flex wp-container-core-columns-is-layout-5 wp-block-columns-is-layout-flex\">\n<div class=\"wp-block-column is-style-default is-layout-flow wp-block-column-is-layout-flow\" style=\"border-style:none;border-width:0px;padding-top:0;padding-right:0;padding-bottom:0;padding-left:0\">\n<figure class=\"wp-block-image size-full\"><img loading=\"lazy\" decoding=\"async\" width=\"2560\" height=\"1600\" src=\"https:\/\/schlachthoffestival-traunsee.at\/wp-content\/uploads\/2024\/05\/Kopie-von-PB200104-edited-scaled.jpg\" alt=\"\" class=\"wp-image-669\" srcset=\"https:\/\/schlachthoffestival-traunsee.at\/wp-content\/uploads\/2024\/05\/Kopie-von-PB200104-edited-scaled.jpg 2560w, https:\/\/schlachthoffestival-traunsee.at\/wp-content\/uploads\/2024\/05\/Kopie-von-PB200104-edited-300x188.jpg 300w, https:\/\/schlachthoffestival-traunsee.at\/wp-content\/uploads\/2024\/05\/Kopie-von-PB200104-edited-1024x640.jpg 1024w, https:\/\/schlachthoffestival-traunsee.at\/wp-content\/uploads\/2024\/05\/Kopie-von-PB200104-edited-2000x1250.jpg 2000w\" sizes=\"(max-width: 2560px) 100vw, 2560px\" \/><\/figure>\n\n\n\n<h2 class=\"wp-block-heading\">Alba Malika Belhadj Merzoug<\/h2>\n\n\n\n<details class=\"wp-block-details is-layout-flow wp-block-details-is-layout-flow\"><summary>Details<\/summary>\n<p>Alba Malika Belhadj Merzoug, im Jahr 2000 in Salzburg geboren, belegt derzeit die Studieng\u00e4nge Technik und Design sowie Kunst und Gestaltung in der Klasse f\u00fcr Fotografie und neue Medien an der Universit\u00e4t Mozarteum Salzburg. Nach dem Abschluss des Musischen Gymnasiums mit Schwerpunkt Tanz widmet sie sich, auf der Suche nach k\u00fcnstlerischen Bezugnahmen auf Fragen des t\u00e4glichen Lebens, ihrer Leidenschaft aus Kindertagen, der Fotografie.<\/p>\n\n\n\n<p><small>Abb.: Alba Malika Belhadj Merzoug \u00a9<\/small><\/p>\n<\/details>\n\n\n\n<ul class=\"wp-block-social-links has-icon-color is-style-logos-only is-layout-flex wp-block-social-links-is-layout-flex\"><li style=\"color: #6C6C77; \" class=\"wp-social-link wp-social-link-instagram has-lightgrey-color wp-block-social-link\"><a href=\"https:\/\/www.instagram.com\/alba_malika\/\" class=\"wp-block-social-link-anchor\"><svg width=\"24\" height=\"24\" viewBox=\"0 0 24 24\" version=\"1.1\" xmlns=\"http:\/\/www.w3.org\/2000\/svg\" aria-hidden=\"true\" focusable=\"false\"><path d=\"M12,4.622c2.403,0,2.688,0.009,3.637,0.052c0.877,0.04,1.354,0.187,1.671,0.31c0.42,0.163,0.72,0.358,1.035,0.673 c0.315,0.315,0.51,0.615,0.673,1.035c0.123,0.317,0.27,0.794,0.31,1.671c0.043,0.949,0.052,1.234,0.052,3.637 s-0.009,2.688-0.052,3.637c-0.04,0.877-0.187,1.354-0.31,1.671c-0.163,0.42-0.358,0.72-0.673,1.035 c-0.315,0.315-0.615,0.51-1.035,0.673c-0.317,0.123-0.794,0.27-1.671,0.31c-0.949,0.043-1.233,0.052-3.637,0.052 s-2.688-0.009-3.637-0.052c-0.877-0.04-1.354-0.187-1.671-0.31c-0.42-0.163-0.72-0.358-1.035-0.673 c-0.315-0.315-0.51-0.615-0.673-1.035c-0.123-0.317-0.27-0.794-0.31-1.671C4.631,14.688,4.622,14.403,4.622,12 s0.009-2.688,0.052-3.637c0.04-0.877,0.187-1.354,0.31-1.671c0.163-0.42,0.358-0.72,0.673-1.035 c0.315-0.315,0.615-0.51,1.035-0.673c0.317-0.123,0.794-0.27,1.671-0.31C9.312,4.631,9.597,4.622,12,4.622 M12,3 C9.556,3,9.249,3.01,8.289,3.054C7.331,3.098,6.677,3.25,6.105,3.472C5.513,3.702,5.011,4.01,4.511,4.511 c-0.5,0.5-0.808,1.002-1.038,1.594C3.25,6.677,3.098,7.331,3.054,8.289C3.01,9.249,3,9.556,3,12c0,2.444,0.01,2.751,0.054,3.711 c0.044,0.958,0.196,1.612,0.418,2.185c0.23,0.592,0.538,1.094,1.038,1.594c0.5,0.5,1.002,0.808,1.594,1.038 c0.572,0.222,1.227,0.375,2.185,0.418C9.249,20.99,9.556,21,12,21s2.751-0.01,3.711-0.054c0.958-0.044,1.612-0.196,2.185-0.418 c0.592-0.23,1.094-0.538,1.594-1.038c0.5-0.5,0.808-1.002,1.038-1.594c0.222-0.572,0.375-1.227,0.418-2.185 C20.99,14.751,21,14.444,21,12s-0.01-2.751-0.054-3.711c-0.044-0.958-0.196-1.612-0.418-2.185c-0.23-0.592-0.538-1.094-1.038-1.594 c-0.5-0.5-1.002-0.808-1.594-1.038c-0.572-0.222-1.227-0.375-2.185-0.418C14.751,3.01,14.444,3,12,3L12,3z M12,7.378 c-2.552,0-4.622,2.069-4.622,4.622S9.448,16.622,12,16.622s4.622-2.069,4.622-4.622S14.552,7.378,12,7.378z M12,15 c-1.657,0-3-1.343-3-3s1.343-3,3-3s3,1.343,3,3S13.657,15,12,15z M16.804,6.116c-0.596,0-1.08,0.484-1.08,1.08 s0.484,1.08,1.08,1.08c0.596,0,1.08-0.484,1.08-1.08S17.401,6.116,16.804,6.116z\"><\/path><\/svg><span class=\"wp-block-social-link-label screen-reader-text\">Instagram<\/span><\/a><\/li><\/ul>\n<\/div>\n\n\n\n<div class=\"wp-block-column is-style-default is-layout-flow wp-block-column-is-layout-flow\" style=\"border-style:none;border-width:0px;padding-top:0;padding-right:0;padding-bottom:0;padding-left:0\">\n<figure class=\"wp-block-image size-full is-style-default\"><img loading=\"lazy\" decoding=\"async\" width=\"2560\" height=\"1600\" src=\"https:\/\/schlachthoffestival-traunsee.at\/wp-content\/uploads\/2024\/05\/Kopie-von-DSC_0784-edited-scaled.jpg\" alt=\"\" class=\"wp-image-670\" srcset=\"https:\/\/schlachthoffestival-traunsee.at\/wp-content\/uploads\/2024\/05\/Kopie-von-DSC_0784-edited-scaled.jpg 2560w, https:\/\/schlachthoffestival-traunsee.at\/wp-content\/uploads\/2024\/05\/Kopie-von-DSC_0784-edited-300x188.jpg 300w, https:\/\/schlachthoffestival-traunsee.at\/wp-content\/uploads\/2024\/05\/Kopie-von-DSC_0784-edited-1024x640.jpg 1024w, https:\/\/schlachthoffestival-traunsee.at\/wp-content\/uploads\/2024\/05\/Kopie-von-DSC_0784-edited-2000x1250.jpg 2000w\" sizes=\"(max-width: 2560px) 100vw, 2560px\" \/><\/figure>\n\n\n\n<h2 class=\"wp-block-heading\"><small><strong>Alexandra Kronberger &amp; Nicole Baier<\/strong><\/small><\/h2>\n\n\n\n<details class=\"wp-block-details is-layout-flow wp-block-details-is-layout-flow\"><summary>Details<\/summary>\n<p>In dem Projekt \u201eRaise your Voice!\u201c besch\u00e4ftigen sich die Schauspielerin und Regisseurin Alexandra Leonie Kronberger sowie die Filmemacherin und Videok\u00fcnstlerin Nicole Ba\u00efer mit der Frage, was es bedeutet eine Stimme zu haben. Angefangen mit Gedanken zu der physischen Stimme f\u00fchrt die Auseinandersetzung zu Fragen \u00fcber die eigene Meinung, Rechte und Inklusion.<\/p>\n\n\n\n<p><small>Abb.: Kronberger\/Baier \u00a9<\/small><\/p>\n<\/details>\n\n\n\n<ul class=\"wp-block-social-links is-layout-flex wp-block-social-links-is-layout-flex\"><li class=\"wp-social-link wp-social-link-chain  wp-block-social-link\"><a href=\"https:\/\/alexandra-kronberger.com\/\" class=\"wp-block-social-link-anchor\"><svg width=\"24\" height=\"24\" viewBox=\"0 0 24 24\" version=\"1.1\" xmlns=\"http:\/\/www.w3.org\/2000\/svg\" aria-hidden=\"true\" focusable=\"false\"><path d=\"M15.6,7.2H14v1.5h1.6c2,0,3.7,1.7,3.7,3.7s-1.7,3.7-3.7,3.7H14v1.5h1.6c2.8,0,5.2-2.3,5.2-5.2,0-2.9-2.3-5.2-5.2-5.2zM4.7,12.4c0-2,1.7-3.7,3.7-3.7H10V7.2H8.4c-2.9,0-5.2,2.3-5.2,5.2,0,2.9,2.3,5.2,5.2,5.2H10v-1.5H8.4c-2,0-3.7-1.7-3.7-3.7zm4.6.9h5.3v-1.5H9.3v1.5z\"><\/path><\/svg><span class=\"wp-block-social-link-label screen-reader-text\">Link<\/span><\/a><\/li><\/ul>\n<\/div>\n\n\n\n<div class=\"wp-block-column is-style-default is-layout-flow wp-block-column-is-layout-flow\" style=\"border-style:none;border-width:0px;padding-top:0;padding-right:0;padding-bottom:0;padding-left:0\">\n<figure class=\"wp-block-image size-full is-resized\"><img loading=\"lazy\" decoding=\"async\" width=\"2323\" height=\"1452\" src=\"https:\/\/schlachthoffestival-traunsee.at\/wp-content\/uploads\/2024\/05\/Kopie-von-20240404_103813-01-edited.jpeg\" alt=\"\" class=\"wp-image-671\" style=\"width:368px;height:auto\" srcset=\"https:\/\/schlachthoffestival-traunsee.at\/wp-content\/uploads\/2024\/05\/Kopie-von-20240404_103813-01-edited.jpeg 2323w, https:\/\/schlachthoffestival-traunsee.at\/wp-content\/uploads\/2024\/05\/Kopie-von-20240404_103813-01-edited-300x188.jpeg 300w, https:\/\/schlachthoffestival-traunsee.at\/wp-content\/uploads\/2024\/05\/Kopie-von-20240404_103813-01-edited-1024x640.jpeg 1024w, https:\/\/schlachthoffestival-traunsee.at\/wp-content\/uploads\/2024\/05\/Kopie-von-20240404_103813-01-edited-2000x1250.jpeg 2000w\" sizes=\"(max-width: 2323px) 100vw, 2323px\" \/><\/figure>\n\n\n\n<h2 class=\"wp-block-heading\">Dani Aichmayer<\/h2>\n\n\n\n<details class=\"wp-block-details is-layout-flow wp-block-details-is-layout-flow\"><summary>Details<\/summary>\n<p>Dani Aichmayr (*1984) ist T\u00e4nzerin, Tanzp\u00e4dagogin, Choreographin und Fotografin und lebt in Gmunden. Sie ist autodidakt in Tanz- und Performance seit 1998. An der Universit\u00e4t Wien hat sie Theater-, Film- und Medienwissenschaft mit dem Schwerpunkt Theater und Tanz studiert. Seit 2008 unterricht Dani an dem Universit\u00e4tssportinstitut Wien, ua. Zeitgen\u00f6ssischen Tanz, Tanz- und Bewegungsimprovisation und Street Dance.<\/p>\n\n\n\n<p><small>Abb.: Dani Aichmayer\u00a9<\/small><\/p>\n<\/details>\n<\/div>\n<\/div>\n\n\n\n<div class=\"wp-block-columns is-layout-flex wp-container-core-columns-is-layout-6 wp-block-columns-is-layout-flex\">\n<div class=\"wp-block-column is-style-default is-layout-flow wp-block-column-is-layout-flow\" style=\"border-style:none;border-width:0px;padding-top:0;padding-right:0;padding-bottom:0;padding-left:0\">\n<figure class=\"wp-block-image size-full\"><img loading=\"lazy\" decoding=\"async\" width=\"1351\" height=\"844\" src=\"https:\/\/schlachthoffestival-traunsee.at\/wp-content\/uploads\/2024\/05\/EASTERDEBRA-27-Kopie-edited.jpg\" alt=\"\" class=\"wp-image-672\" srcset=\"https:\/\/schlachthoffestival-traunsee.at\/wp-content\/uploads\/2024\/05\/EASTERDEBRA-27-Kopie-edited.jpg 1351w, https:\/\/schlachthoffestival-traunsee.at\/wp-content\/uploads\/2024\/05\/EASTERDEBRA-27-Kopie-edited-300x187.jpg 300w, https:\/\/schlachthoffestival-traunsee.at\/wp-content\/uploads\/2024\/05\/EASTERDEBRA-27-Kopie-edited-1024x640.jpg 1024w\" sizes=\"(max-width: 1351px) 100vw, 1351px\" \/><\/figure>\n\n\n\n<h2 class=\"wp-block-heading\">Debbova<\/h2>\n\n\n\n<details class=\"wp-block-details is-layout-flow wp-block-details-is-layout-flow\"><summary>Details<\/summary>\n<p><small>Als Fotografin und Kunstschaffende, die sich leidenschaftlich mit der menschlichen Psyche, Motivationen und unterschiedlichen Lebensweisen auseinandersetzt, versucht Debbova eine Br\u00fccke zwischen der sichtbaren Welt und den verborgenen Schichten unserer Existenz zu schaffen. K\u00fcnstlerische Arbeiten sind Erkundungen dessen, was es bedeutet, menschlich zu sein. Sie navigiert durch das komplexe Geflecht unserer t\u00e4glichen Erfahrungen, indem sie Ph\u00e4nomene, Tr\u00e4ume und Tabuthemen bearbeitet, die oft im Schatten des Alltagslebens liegen.<\/small><\/p>\n\n\n\n<p><small>Abb.: Vera Kern \u00a9<\/small><\/p>\n<\/details>\n\n\n\n<ul class=\"wp-block-social-links has-icon-color is-style-logos-only is-layout-flex wp-block-social-links-is-layout-flex\"><li style=\"color: #6C6C77; \" class=\"wp-social-link wp-social-link-instagram has-lightgrey-color wp-block-social-link\"><a href=\"https:\/\/www.instagram.com\/debbova\/\" class=\"wp-block-social-link-anchor\"><svg width=\"24\" height=\"24\" viewBox=\"0 0 24 24\" version=\"1.1\" xmlns=\"http:\/\/www.w3.org\/2000\/svg\" aria-hidden=\"true\" focusable=\"false\"><path d=\"M12,4.622c2.403,0,2.688,0.009,3.637,0.052c0.877,0.04,1.354,0.187,1.671,0.31c0.42,0.163,0.72,0.358,1.035,0.673 c0.315,0.315,0.51,0.615,0.673,1.035c0.123,0.317,0.27,0.794,0.31,1.671c0.043,0.949,0.052,1.234,0.052,3.637 s-0.009,2.688-0.052,3.637c-0.04,0.877-0.187,1.354-0.31,1.671c-0.163,0.42-0.358,0.72-0.673,1.035 c-0.315,0.315-0.615,0.51-1.035,0.673c-0.317,0.123-0.794,0.27-1.671,0.31c-0.949,0.043-1.233,0.052-3.637,0.052 s-2.688-0.009-3.637-0.052c-0.877-0.04-1.354-0.187-1.671-0.31c-0.42-0.163-0.72-0.358-1.035-0.673 c-0.315-0.315-0.51-0.615-0.673-1.035c-0.123-0.317-0.27-0.794-0.31-1.671C4.631,14.688,4.622,14.403,4.622,12 s0.009-2.688,0.052-3.637c0.04-0.877,0.187-1.354,0.31-1.671c0.163-0.42,0.358-0.72,0.673-1.035 c0.315-0.315,0.615-0.51,1.035-0.673c0.317-0.123,0.794-0.27,1.671-0.31C9.312,4.631,9.597,4.622,12,4.622 M12,3 C9.556,3,9.249,3.01,8.289,3.054C7.331,3.098,6.677,3.25,6.105,3.472C5.513,3.702,5.011,4.01,4.511,4.511 c-0.5,0.5-0.808,1.002-1.038,1.594C3.25,6.677,3.098,7.331,3.054,8.289C3.01,9.249,3,9.556,3,12c0,2.444,0.01,2.751,0.054,3.711 c0.044,0.958,0.196,1.612,0.418,2.185c0.23,0.592,0.538,1.094,1.038,1.594c0.5,0.5,1.002,0.808,1.594,1.038 c0.572,0.222,1.227,0.375,2.185,0.418C9.249,20.99,9.556,21,12,21s2.751-0.01,3.711-0.054c0.958-0.044,1.612-0.196,2.185-0.418 c0.592-0.23,1.094-0.538,1.594-1.038c0.5-0.5,0.808-1.002,1.038-1.594c0.222-0.572,0.375-1.227,0.418-2.185 C20.99,14.751,21,14.444,21,12s-0.01-2.751-0.054-3.711c-0.044-0.958-0.196-1.612-0.418-2.185c-0.23-0.592-0.538-1.094-1.038-1.594 c-0.5-0.5-1.002-0.808-1.594-1.038c-0.572-0.222-1.227-0.375-2.185-0.418C14.751,3.01,14.444,3,12,3L12,3z M12,7.378 c-2.552,0-4.622,2.069-4.622,4.622S9.448,16.622,12,16.622s4.622-2.069,4.622-4.622S14.552,7.378,12,7.378z M12,15 c-1.657,0-3-1.343-3-3s1.343-3,3-3s3,1.343,3,3S13.657,15,12,15z M16.804,6.116c-0.596,0-1.08,0.484-1.08,1.08 s0.484,1.08,1.08,1.08c0.596,0,1.08-0.484,1.08-1.08S17.401,6.116,16.804,6.116z\"><\/path><\/svg><span class=\"wp-block-social-link-label screen-reader-text\">Instagram<\/span><\/a><\/li><\/ul>\n<\/div>\n\n\n\n<div class=\"wp-block-column is-style-default is-layout-flow wp-block-column-is-layout-flow\" style=\"border-style:none;border-width:0px;padding-top:0;padding-right:0;padding-bottom:0;padding-left:0\">\n<figure class=\"wp-block-image size-full\"><img loading=\"lazy\" decoding=\"async\" width=\"2560\" height=\"1600\" src=\"https:\/\/schlachthoffestival-traunsee.at\/wp-content\/uploads\/2024\/05\/Kopie-von-image00001-1-edited-scaled.jpeg\" alt=\"\" class=\"wp-image-673\" srcset=\"https:\/\/schlachthoffestival-traunsee.at\/wp-content\/uploads\/2024\/05\/Kopie-von-image00001-1-edited-scaled.jpeg 2560w, https:\/\/schlachthoffestival-traunsee.at\/wp-content\/uploads\/2024\/05\/Kopie-von-image00001-1-edited-300x188.jpeg 300w, https:\/\/schlachthoffestival-traunsee.at\/wp-content\/uploads\/2024\/05\/Kopie-von-image00001-1-edited-1024x640.jpeg 1024w, https:\/\/schlachthoffestival-traunsee.at\/wp-content\/uploads\/2024\/05\/Kopie-von-image00001-1-edited-2000x1250.jpeg 2000w\" sizes=\"(max-width: 2560px) 100vw, 2560px\" \/><\/figure>\n\n\n\n<h2 class=\"wp-block-heading\">Eber_innen<\/h2>\n\n\n\n<details class=\"wp-block-details is-layout-flow wp-block-details-is-layout-flow\"><summary>Details<\/summary>\n<p>Die Eber*innen sind ein feministisches K\u00fcnstler*innenkollektiv. In ihrer letzten Performance setzten sie sich mit der externen (und internen) Wahrnehmung des weiblich gelesenen K\u00f6rpers auseinander und was es bedeutet, sich diesen anzueignen. Zur Zeit besch\u00e4ftigen sie sich zum Einen mit der Enttabuisierter weiblich gelesenen Geschlechtsmerkmale (Vulven), zum Anderen mit unterschiedlichen Aspekten von S\u20acxarbeit. Dabei bedienen sie sich unterschiedlicher Medien wie Fotografie, Performance\/Theater und selbstgeschriebener Musik.<\/p>\n\n\n\n<p><small>Abb.: Eber_innen \u00a9<\/small><\/p>\n<\/details>\n\n\n\n<ul class=\"wp-block-social-links has-icon-color is-style-logos-only is-layout-flex wp-block-social-links-is-layout-flex\"><li style=\"color: #6C6C77; \" class=\"wp-social-link wp-social-link-instagram has-lightgrey-color wp-block-social-link\"><a href=\"https:\/\/www.instagram.com\/eber_innen\/\" class=\"wp-block-social-link-anchor\"><svg width=\"24\" height=\"24\" viewBox=\"0 0 24 24\" version=\"1.1\" xmlns=\"http:\/\/www.w3.org\/2000\/svg\" aria-hidden=\"true\" focusable=\"false\"><path d=\"M12,4.622c2.403,0,2.688,0.009,3.637,0.052c0.877,0.04,1.354,0.187,1.671,0.31c0.42,0.163,0.72,0.358,1.035,0.673 c0.315,0.315,0.51,0.615,0.673,1.035c0.123,0.317,0.27,0.794,0.31,1.671c0.043,0.949,0.052,1.234,0.052,3.637 s-0.009,2.688-0.052,3.637c-0.04,0.877-0.187,1.354-0.31,1.671c-0.163,0.42-0.358,0.72-0.673,1.035 c-0.315,0.315-0.615,0.51-1.035,0.673c-0.317,0.123-0.794,0.27-1.671,0.31c-0.949,0.043-1.233,0.052-3.637,0.052 s-2.688-0.009-3.637-0.052c-0.877-0.04-1.354-0.187-1.671-0.31c-0.42-0.163-0.72-0.358-1.035-0.673 c-0.315-0.315-0.51-0.615-0.673-1.035c-0.123-0.317-0.27-0.794-0.31-1.671C4.631,14.688,4.622,14.403,4.622,12 s0.009-2.688,0.052-3.637c0.04-0.877,0.187-1.354,0.31-1.671c0.163-0.42,0.358-0.72,0.673-1.035 c0.315-0.315,0.615-0.51,1.035-0.673c0.317-0.123,0.794-0.27,1.671-0.31C9.312,4.631,9.597,4.622,12,4.622 M12,3 C9.556,3,9.249,3.01,8.289,3.054C7.331,3.098,6.677,3.25,6.105,3.472C5.513,3.702,5.011,4.01,4.511,4.511 c-0.5,0.5-0.808,1.002-1.038,1.594C3.25,6.677,3.098,7.331,3.054,8.289C3.01,9.249,3,9.556,3,12c0,2.444,0.01,2.751,0.054,3.711 c0.044,0.958,0.196,1.612,0.418,2.185c0.23,0.592,0.538,1.094,1.038,1.594c0.5,0.5,1.002,0.808,1.594,1.038 c0.572,0.222,1.227,0.375,2.185,0.418C9.249,20.99,9.556,21,12,21s2.751-0.01,3.711-0.054c0.958-0.044,1.612-0.196,2.185-0.418 c0.592-0.23,1.094-0.538,1.594-1.038c0.5-0.5,0.808-1.002,1.038-1.594c0.222-0.572,0.375-1.227,0.418-2.185 C20.99,14.751,21,14.444,21,12s-0.01-2.751-0.054-3.711c-0.044-0.958-0.196-1.612-0.418-2.185c-0.23-0.592-0.538-1.094-1.038-1.594 c-0.5-0.5-1.002-0.808-1.594-1.038c-0.572-0.222-1.227-0.375-2.185-0.418C14.751,3.01,14.444,3,12,3L12,3z M12,7.378 c-2.552,0-4.622,2.069-4.622,4.622S9.448,16.622,12,16.622s4.622-2.069,4.622-4.622S14.552,7.378,12,7.378z M12,15 c-1.657,0-3-1.343-3-3s1.343-3,3-3s3,1.343,3,3S13.657,15,12,15z M16.804,6.116c-0.596,0-1.08,0.484-1.08,1.08 s0.484,1.08,1.08,1.08c0.596,0,1.08-0.484,1.08-1.08S17.401,6.116,16.804,6.116z\"><\/path><\/svg><span class=\"wp-block-social-link-label screen-reader-text\">Instagram<\/span><\/a><\/li><\/ul>\n<\/div>\n\n\n\n<div class=\"wp-block-column is-style-default is-layout-flow wp-block-column-is-layout-flow\" style=\"border-style:none;border-width:0px;padding-top:0;padding-right:0;padding-bottom:0;padding-left:0\">\n<figure class=\"wp-block-image size-full\"><img loading=\"lazy\" decoding=\"async\" width=\"713\" height=\"446\" src=\"https:\/\/schlachthoffestival-traunsee.at\/wp-content\/uploads\/2024\/05\/Screenshot-2024-05-05-131346-edited.jpg\" alt=\"\" class=\"wp-image-676\" srcset=\"https:\/\/schlachthoffestival-traunsee.at\/wp-content\/uploads\/2024\/05\/Screenshot-2024-05-05-131346-edited.jpg 713w, https:\/\/schlachthoffestival-traunsee.at\/wp-content\/uploads\/2024\/05\/Screenshot-2024-05-05-131346-edited-300x188.jpg 300w\" sizes=\"(max-width: 713px) 100vw, 713px\" \/><\/figure>\n\n\n\n<h2 class=\"wp-block-heading\">Helene Eisl<\/h2>\n\n\n\n<details class=\"wp-block-details is-layout-flow wp-block-details-is-layout-flow\"><summary>Details<\/summary>\n<p>Der k\u00fcnstlerische Schwerpunkt Eisls liegt im cross-over verschiedener drucktechnischer Verfahren unter Zuhilfenahme weiterer Medien, wie beispielsweise der (analogen) Fotografie. Aktuell lebt Helene Eisl in Wien und arbeitet als wiss. Projektmitarbeiterin an der Universit\u00e4t Wien sowie als Kunstvermittlerin (u.a. in der Grafischen Werkstatt im Traklhaus, Salzburg).<\/p>\n\n\n\n<p><small>Abb.: Helene Eisl \u00a9<\/small><\/p>\n<\/details>\n\n\n\n<ul class=\"wp-block-social-links has-icon-color is-style-logos-only is-layout-flex wp-block-social-links-is-layout-flex\"><li style=\"color: #6C6C77; \" class=\"wp-social-link wp-social-link-instagram has-lightgrey-color wp-block-social-link\"><a href=\"https:\/\/www.instagram.com\/helene_eisl\/\" class=\"wp-block-social-link-anchor\"><svg width=\"24\" height=\"24\" viewBox=\"0 0 24 24\" version=\"1.1\" xmlns=\"http:\/\/www.w3.org\/2000\/svg\" aria-hidden=\"true\" focusable=\"false\"><path d=\"M12,4.622c2.403,0,2.688,0.009,3.637,0.052c0.877,0.04,1.354,0.187,1.671,0.31c0.42,0.163,0.72,0.358,1.035,0.673 c0.315,0.315,0.51,0.615,0.673,1.035c0.123,0.317,0.27,0.794,0.31,1.671c0.043,0.949,0.052,1.234,0.052,3.637 s-0.009,2.688-0.052,3.637c-0.04,0.877-0.187,1.354-0.31,1.671c-0.163,0.42-0.358,0.72-0.673,1.035 c-0.315,0.315-0.615,0.51-1.035,0.673c-0.317,0.123-0.794,0.27-1.671,0.31c-0.949,0.043-1.233,0.052-3.637,0.052 s-2.688-0.009-3.637-0.052c-0.877-0.04-1.354-0.187-1.671-0.31c-0.42-0.163-0.72-0.358-1.035-0.673 c-0.315-0.315-0.51-0.615-0.673-1.035c-0.123-0.317-0.27-0.794-0.31-1.671C4.631,14.688,4.622,14.403,4.622,12 s0.009-2.688,0.052-3.637c0.04-0.877,0.187-1.354,0.31-1.671c0.163-0.42,0.358-0.72,0.673-1.035 c0.315-0.315,0.615-0.51,1.035-0.673c0.317-0.123,0.794-0.27,1.671-0.31C9.312,4.631,9.597,4.622,12,4.622 M12,3 C9.556,3,9.249,3.01,8.289,3.054C7.331,3.098,6.677,3.25,6.105,3.472C5.513,3.702,5.011,4.01,4.511,4.511 c-0.5,0.5-0.808,1.002-1.038,1.594C3.25,6.677,3.098,7.331,3.054,8.289C3.01,9.249,3,9.556,3,12c0,2.444,0.01,2.751,0.054,3.711 c0.044,0.958,0.196,1.612,0.418,2.185c0.23,0.592,0.538,1.094,1.038,1.594c0.5,0.5,1.002,0.808,1.594,1.038 c0.572,0.222,1.227,0.375,2.185,0.418C9.249,20.99,9.556,21,12,21s2.751-0.01,3.711-0.054c0.958-0.044,1.612-0.196,2.185-0.418 c0.592-0.23,1.094-0.538,1.594-1.038c0.5-0.5,0.808-1.002,1.038-1.594c0.222-0.572,0.375-1.227,0.418-2.185 C20.99,14.751,21,14.444,21,12s-0.01-2.751-0.054-3.711c-0.044-0.958-0.196-1.612-0.418-2.185c-0.23-0.592-0.538-1.094-1.038-1.594 c-0.5-0.5-1.002-0.808-1.594-1.038c-0.572-0.222-1.227-0.375-2.185-0.418C14.751,3.01,14.444,3,12,3L12,3z M12,7.378 c-2.552,0-4.622,2.069-4.622,4.622S9.448,16.622,12,16.622s4.622-2.069,4.622-4.622S14.552,7.378,12,7.378z M12,15 c-1.657,0-3-1.343-3-3s1.343-3,3-3s3,1.343,3,3S13.657,15,12,15z M16.804,6.116c-0.596,0-1.08,0.484-1.08,1.08 s0.484,1.08,1.08,1.08c0.596,0,1.08-0.484,1.08-1.08S17.401,6.116,16.804,6.116z\"><\/path><\/svg><span class=\"wp-block-social-link-label screen-reader-text\">Instagram<\/span><\/a><\/li><\/ul>\n<\/div>\n<\/div>\n<\/div>\n<\/div>\n\n\n\n<div class=\"wp-block-group has-global-padding is-layout-constrained wp-block-group-is-layout-constrained\">\n<div class=\"wp-block-group is-layout-flow wp-block-group-is-layout-flow\">\n<div class=\"wp-block-group has-global-padding is-layout-constrained wp-block-group-is-layout-constrained\">\n<div class=\"wp-block-columns is-layout-flex wp-container-core-columns-is-layout-7 wp-block-columns-is-layout-flex\">\n<div class=\"wp-block-column is-style-default is-layout-flow wp-block-column-is-layout-flow\" style=\"border-style:none;border-width:0px;padding-top:0;padding-right:0;padding-bottom:0;padding-left:0\">\n<figure class=\"wp-block-gallery has-nested-images columns-default is-cropped wp-block-gallery-1 is-layout-flex wp-block-gallery-is-layout-flex\">\n<figure class=\"wp-block-image size-full\"><img loading=\"lazy\" decoding=\"async\" width=\"2560\" height=\"2560\" src=\"https:\/\/schlachthoffestival-traunsee.at\/wp-content\/uploads\/2024\/05\/Bild_FlorianPeter-scaled.jpg\" alt=\"\" class=\"wp-image-642\" srcset=\"https:\/\/schlachthoffestival-traunsee.at\/wp-content\/uploads\/2024\/05\/Bild_FlorianPeter-scaled.jpg 2560w, https:\/\/schlachthoffestival-traunsee.at\/wp-content\/uploads\/2024\/05\/Bild_FlorianPeter-300x300.jpg 300w, https:\/\/schlachthoffestival-traunsee.at\/wp-content\/uploads\/2024\/05\/Bild_FlorianPeter-1024x1024.jpg 1024w, https:\/\/schlachthoffestival-traunsee.at\/wp-content\/uploads\/2024\/05\/Bild_FlorianPeter-150x150.jpg 150w, https:\/\/schlachthoffestival-traunsee.at\/wp-content\/uploads\/2024\/05\/Bild_FlorianPeter-2000x2000.jpg 2000w\" sizes=\"(max-width: 2560px) 100vw, 2560px\" \/><\/figure>\n\n\n\n<figure class=\"wp-block-image size-full\"><img loading=\"lazy\" decoding=\"async\" width=\"1920\" height=\"2560\" src=\"https:\/\/schlachthoffestival-traunsee.at\/wp-content\/uploads\/2024\/05\/Bild_MargitDechl-scaled.jpg\" alt=\"\" class=\"wp-image-643\" srcset=\"https:\/\/schlachthoffestival-traunsee.at\/wp-content\/uploads\/2024\/05\/Bild_MargitDechl-scaled.jpg 1920w, https:\/\/schlachthoffestival-traunsee.at\/wp-content\/uploads\/2024\/05\/Bild_MargitDechl-225x300.jpg 225w, https:\/\/schlachthoffestival-traunsee.at\/wp-content\/uploads\/2024\/05\/Bild_MargitDechl-768x1024.jpg 768w, https:\/\/schlachthoffestival-traunsee.at\/wp-content\/uploads\/2024\/05\/Bild_MargitDechl-2000x2667.jpg 2000w\" sizes=\"(max-width: 1920px) 100vw, 1920px\" \/><\/figure>\n<\/figure>\n\n\n\n<h2 class=\"wp-block-heading\">Florian Peter &amp; Margit Dechl<\/h2>\n\n\n\n<details class=\"wp-block-details is-layout-flow wp-block-details-is-layout-flow\"><summary>Details<\/summary>\n<p>&#8222;MARGIT&#8217;S TRAUM&#8220;: Florian Peter und Margit Dechl produzieren gemeinsam einen Kurzfilm zu Margit&#8217;s bisher gr\u00f6\u00dftem, unerf\u00fcllten Traum: Braut ihrer eigenen Hochzeit zu werden. Dabei inszenieren sie selbst die Feierlichkeit und versammeln Freunde und Kreative um sich, damit dieses inklusive Kunstprojekt so vielf\u00e4ltig wie Margit selbst wird. Ihr Traum soll Wirklichkeit werden und die Botschaft senden, dass es niemals zu sp\u00e4t ist, den Widrigkeiten des Lebens entgegenzutreten. Als ersten Schritt wollen die beiden dabei das &#8222;Schlachthof-Festival&#8220; nutzen, um eine Szene f\u00fcr ihren Film zu inszenieren \u2013 gemeinsam mit den kreativen K\u00f6pfen vor Ort.<\/p>\n\n\n\n<p><small>Abb.:  Peter\/Dechl\u00a9<\/small><\/p>\n<\/details>\n<\/div>\n\n\n\n<div class=\"wp-block-column is-style-default is-layout-flow wp-block-column-is-layout-flow\" style=\"border-style:none;border-width:0px;padding-top:0;padding-right:0;padding-bottom:0;padding-left:0\">\n<figure class=\"wp-block-image size-full\"><img loading=\"lazy\" decoding=\"async\" width=\"635\" height=\"397\" src=\"https:\/\/schlachthoffestival-traunsee.at\/wp-content\/uploads\/2024\/05\/Screenshot-2024-05-05-132349-edited.jpg\" alt=\"\" class=\"wp-image-679\" srcset=\"https:\/\/schlachthoffestival-traunsee.at\/wp-content\/uploads\/2024\/05\/Screenshot-2024-05-05-132349-edited.jpg 635w, https:\/\/schlachthoffestival-traunsee.at\/wp-content\/uploads\/2024\/05\/Screenshot-2024-05-05-132349-edited-300x188.jpg 300w\" sizes=\"(max-width: 635px) 100vw, 635px\" \/><\/figure>\n\n\n\n<h2 class=\"wp-block-heading\">Hannah Imhoff<\/h2>\n\n\n\n<details class=\"wp-block-details is-layout-flow wp-block-details-is-layout-flow\"><summary>Details<\/summary>\n<p>Hannah Imhoff (*1997) hinterfragt in ihrer k\u00fcnstlerischen Arbeit soziale Konstrukte und menschengemachte Bedingungen, die unsere Gesellschaft formen und gestalten. Sie ist eine konzeptionelle K\u00fcnstlerin, die medien\u00fcbergreifend arbeitet, wobei Idee und \u00c4sthetik so schlicht und direkt wie m\u00f6glich gestaltet wird. Parallel zu ihrem Bachelor in Philsophie, Politik und \u00d6konomie an der Universit\u00e4t Bayreuth und Universit\u00e4t Salzburg, begann sie Bildnerische Erziehung in der Bildhauereiklasse der Universit\u00e4t Mozarteum Salzburg zu studieren. Anschlie\u00dfend absolvierte sie ihren Master in Fine Arts am Chelsea College der University of the Arts London. Ihre Arbeit ist unter anderem in der Sammlung des Museums der Moderne Salzburg vertreten. Sie ist ein F\u00fcnftel des in London ans\u00e4ssigen K\u00fcnstler*innen Kollektivs Successful Artists und Teil des in Salzburg ans\u00e4ssigen fluiden feministischen Netzwerks EXTRA stark.<\/p>\n\n\n\n<p><small>Abb.: Hannah Imhoff \u00a9<\/small><\/p>\n<\/details>\n\n\n\n<ul class=\"wp-block-social-links has-icon-color is-style-logos-only is-layout-flex wp-block-social-links-is-layout-flex\"><li style=\"color: #6C6C77; \" class=\"wp-social-link wp-social-link-instagram has-lightgrey-color wp-block-social-link\"><a href=\"https:\/\/www.instagram.com\/imhoff_hannah\/\" class=\"wp-block-social-link-anchor\"><svg width=\"24\" height=\"24\" viewBox=\"0 0 24 24\" version=\"1.1\" xmlns=\"http:\/\/www.w3.org\/2000\/svg\" aria-hidden=\"true\" focusable=\"false\"><path d=\"M12,4.622c2.403,0,2.688,0.009,3.637,0.052c0.877,0.04,1.354,0.187,1.671,0.31c0.42,0.163,0.72,0.358,1.035,0.673 c0.315,0.315,0.51,0.615,0.673,1.035c0.123,0.317,0.27,0.794,0.31,1.671c0.043,0.949,0.052,1.234,0.052,3.637 s-0.009,2.688-0.052,3.637c-0.04,0.877-0.187,1.354-0.31,1.671c-0.163,0.42-0.358,0.72-0.673,1.035 c-0.315,0.315-0.615,0.51-1.035,0.673c-0.317,0.123-0.794,0.27-1.671,0.31c-0.949,0.043-1.233,0.052-3.637,0.052 s-2.688-0.009-3.637-0.052c-0.877-0.04-1.354-0.187-1.671-0.31c-0.42-0.163-0.72-0.358-1.035-0.673 c-0.315-0.315-0.51-0.615-0.673-1.035c-0.123-0.317-0.27-0.794-0.31-1.671C4.631,14.688,4.622,14.403,4.622,12 s0.009-2.688,0.052-3.637c0.04-0.877,0.187-1.354,0.31-1.671c0.163-0.42,0.358-0.72,0.673-1.035 c0.315-0.315,0.615-0.51,1.035-0.673c0.317-0.123,0.794-0.27,1.671-0.31C9.312,4.631,9.597,4.622,12,4.622 M12,3 C9.556,3,9.249,3.01,8.289,3.054C7.331,3.098,6.677,3.25,6.105,3.472C5.513,3.702,5.011,4.01,4.511,4.511 c-0.5,0.5-0.808,1.002-1.038,1.594C3.25,6.677,3.098,7.331,3.054,8.289C3.01,9.249,3,9.556,3,12c0,2.444,0.01,2.751,0.054,3.711 c0.044,0.958,0.196,1.612,0.418,2.185c0.23,0.592,0.538,1.094,1.038,1.594c0.5,0.5,1.002,0.808,1.594,1.038 c0.572,0.222,1.227,0.375,2.185,0.418C9.249,20.99,9.556,21,12,21s2.751-0.01,3.711-0.054c0.958-0.044,1.612-0.196,2.185-0.418 c0.592-0.23,1.094-0.538,1.594-1.038c0.5-0.5,0.808-1.002,1.038-1.594c0.222-0.572,0.375-1.227,0.418-2.185 C20.99,14.751,21,14.444,21,12s-0.01-2.751-0.054-3.711c-0.044-0.958-0.196-1.612-0.418-2.185c-0.23-0.592-0.538-1.094-1.038-1.594 c-0.5-0.5-1.002-0.808-1.594-1.038c-0.572-0.222-1.227-0.375-2.185-0.418C14.751,3.01,14.444,3,12,3L12,3z M12,7.378 c-2.552,0-4.622,2.069-4.622,4.622S9.448,16.622,12,16.622s4.622-2.069,4.622-4.622S14.552,7.378,12,7.378z M12,15 c-1.657,0-3-1.343-3-3s1.343-3,3-3s3,1.343,3,3S13.657,15,12,15z M16.804,6.116c-0.596,0-1.08,0.484-1.08,1.08 s0.484,1.08,1.08,1.08c0.596,0,1.08-0.484,1.08-1.08S17.401,6.116,16.804,6.116z\"><\/path><\/svg><span class=\"wp-block-social-link-label screen-reader-text\">Instagram<\/span><\/a><\/li>\n\n<li style=\"color: #6C6C77; \" class=\"wp-social-link wp-social-link-chain has-lightgrey-color wp-block-social-link\"><a href=\"https:\/\/www.hannahimhoff.com\" class=\"wp-block-social-link-anchor\"><svg width=\"24\" height=\"24\" viewBox=\"0 0 24 24\" version=\"1.1\" xmlns=\"http:\/\/www.w3.org\/2000\/svg\" aria-hidden=\"true\" focusable=\"false\"><path d=\"M15.6,7.2H14v1.5h1.6c2,0,3.7,1.7,3.7,3.7s-1.7,3.7-3.7,3.7H14v1.5h1.6c2.8,0,5.2-2.3,5.2-5.2,0-2.9-2.3-5.2-5.2-5.2zM4.7,12.4c0-2,1.7-3.7,3.7-3.7H10V7.2H8.4c-2.9,0-5.2,2.3-5.2,5.2,0,2.9,2.3,5.2,5.2,5.2H10v-1.5H8.4c-2,0-3.7-1.7-3.7-3.7zm4.6.9h5.3v-1.5H9.3v1.5z\"><\/path><\/svg><span class=\"wp-block-social-link-label screen-reader-text\">Link<\/span><\/a><\/li><\/ul>\n<\/div>\n\n\n\n<div class=\"wp-block-column is-style-default is-layout-flow wp-block-column-is-layout-flow\" style=\"border-style:none;border-width:0px;padding-top:0;padding-right:0;padding-bottom:0;padding-left:0\">\n<figure class=\"wp-block-image size-full\"><img loading=\"lazy\" decoding=\"async\" width=\"1602\" height=\"1001\" src=\"https:\/\/schlachthoffestival-traunsee.at\/wp-content\/uploads\/2024\/05\/Kopie-von-Canadian-Museum-for-Human-Rights-edited.jpg\" alt=\"\" class=\"wp-image-680\" srcset=\"https:\/\/schlachthoffestival-traunsee.at\/wp-content\/uploads\/2024\/05\/Kopie-von-Canadian-Museum-for-Human-Rights-edited.jpg 1602w, https:\/\/schlachthoffestival-traunsee.at\/wp-content\/uploads\/2024\/05\/Kopie-von-Canadian-Museum-for-Human-Rights-edited-300x187.jpg 300w, https:\/\/schlachthoffestival-traunsee.at\/wp-content\/uploads\/2024\/05\/Kopie-von-Canadian-Museum-for-Human-Rights-edited-1024x640.jpg 1024w\" sizes=\"(max-width: 1602px) 100vw, 1602px\" \/><\/figure>\n\n\n\n<h2 class=\"wp-block-heading\">Ingrid Mayerhofer<\/h2>\n\n\n\n<details class=\"wp-block-details is-layout-flow wp-block-details-is-layout-flow\"><summary>Details<\/summary>\n<p>Ingrid Mayrhofer (BFA, MA, York University) ist bildende K\u00fcnstlerin, Kuratorin, Kunstvermittlerin und Community-Arts-Praktikerin. Geboren und aufgewachsen in \u00d6sterreich, hat sie in Kanada, \u00d6sterreich, Korea, Japan, Serbien, Mexiko, Nicaragua, Kuba und Chile ausgestellt. Zus\u00e4tzlich zu ihren beiden Hauptmedien Druckgrafik und Fotografie hat Mayrhofer mit Installationen, ortsspezifischen Interventionen und Videos gearbeitet. Derzeit experimentiert sie mit druckgrafischen Transfers auf Ton.<\/p>\n\n\n\n<p><small>Abb.: Ingrid Mayrhofer\u00a9<\/small><\/p>\n<\/details>\n\n\n\n<ul class=\"wp-block-social-links has-icon-color is-style-logos-only is-layout-flex wp-block-social-links-is-layout-flex\"><li style=\"color: #6C6C77; \" class=\"wp-social-link wp-social-link-instagram has-lightgrey-color wp-block-social-link\"><a href=\"https:\/\/www.instagram.com\/retro_deko\/\" class=\"wp-block-social-link-anchor\"><svg width=\"24\" height=\"24\" viewBox=\"0 0 24 24\" version=\"1.1\" xmlns=\"http:\/\/www.w3.org\/2000\/svg\" aria-hidden=\"true\" focusable=\"false\"><path d=\"M12,4.622c2.403,0,2.688,0.009,3.637,0.052c0.877,0.04,1.354,0.187,1.671,0.31c0.42,0.163,0.72,0.358,1.035,0.673 c0.315,0.315,0.51,0.615,0.673,1.035c0.123,0.317,0.27,0.794,0.31,1.671c0.043,0.949,0.052,1.234,0.052,3.637 s-0.009,2.688-0.052,3.637c-0.04,0.877-0.187,1.354-0.31,1.671c-0.163,0.42-0.358,0.72-0.673,1.035 c-0.315,0.315-0.615,0.51-1.035,0.673c-0.317,0.123-0.794,0.27-1.671,0.31c-0.949,0.043-1.233,0.052-3.637,0.052 s-2.688-0.009-3.637-0.052c-0.877-0.04-1.354-0.187-1.671-0.31c-0.42-0.163-0.72-0.358-1.035-0.673 c-0.315-0.315-0.51-0.615-0.673-1.035c-0.123-0.317-0.27-0.794-0.31-1.671C4.631,14.688,4.622,14.403,4.622,12 s0.009-2.688,0.052-3.637c0.04-0.877,0.187-1.354,0.31-1.671c0.163-0.42,0.358-0.72,0.673-1.035 c0.315-0.315,0.615-0.51,1.035-0.673c0.317-0.123,0.794-0.27,1.671-0.31C9.312,4.631,9.597,4.622,12,4.622 M12,3 C9.556,3,9.249,3.01,8.289,3.054C7.331,3.098,6.677,3.25,6.105,3.472C5.513,3.702,5.011,4.01,4.511,4.511 c-0.5,0.5-0.808,1.002-1.038,1.594C3.25,6.677,3.098,7.331,3.054,8.289C3.01,9.249,3,9.556,3,12c0,2.444,0.01,2.751,0.054,3.711 c0.044,0.958,0.196,1.612,0.418,2.185c0.23,0.592,0.538,1.094,1.038,1.594c0.5,0.5,1.002,0.808,1.594,1.038 c0.572,0.222,1.227,0.375,2.185,0.418C9.249,20.99,9.556,21,12,21s2.751-0.01,3.711-0.054c0.958-0.044,1.612-0.196,2.185-0.418 c0.592-0.23,1.094-0.538,1.594-1.038c0.5-0.5,0.808-1.002,1.038-1.594c0.222-0.572,0.375-1.227,0.418-2.185 C20.99,14.751,21,14.444,21,12s-0.01-2.751-0.054-3.711c-0.044-0.958-0.196-1.612-0.418-2.185c-0.23-0.592-0.538-1.094-1.038-1.594 c-0.5-0.5-1.002-0.808-1.594-1.038c-0.572-0.222-1.227-0.375-2.185-0.418C14.751,3.01,14.444,3,12,3L12,3z M12,7.378 c-2.552,0-4.622,2.069-4.622,4.622S9.448,16.622,12,16.622s4.622-2.069,4.622-4.622S14.552,7.378,12,7.378z M12,15 c-1.657,0-3-1.343-3-3s1.343-3,3-3s3,1.343,3,3S13.657,15,12,15z M16.804,6.116c-0.596,0-1.08,0.484-1.08,1.08 s0.484,1.08,1.08,1.08c0.596,0,1.08-0.484,1.08-1.08S17.401,6.116,16.804,6.116z\"><\/path><\/svg><span class=\"wp-block-social-link-label screen-reader-text\">Instagram<\/span><\/a><\/li>\n\n<li style=\"color: #6C6C77; \" class=\"wp-social-link wp-social-link-chain has-lightgrey-color wp-block-social-link\"><a href=\"https:\/\/www.ingridmayrhofer.art\" class=\"wp-block-social-link-anchor\"><svg width=\"24\" height=\"24\" viewBox=\"0 0 24 24\" version=\"1.1\" xmlns=\"http:\/\/www.w3.org\/2000\/svg\" aria-hidden=\"true\" focusable=\"false\"><path d=\"M15.6,7.2H14v1.5h1.6c2,0,3.7,1.7,3.7,3.7s-1.7,3.7-3.7,3.7H14v1.5h1.6c2.8,0,5.2-2.3,5.2-5.2,0-2.9-2.3-5.2-5.2-5.2zM4.7,12.4c0-2,1.7-3.7,3.7-3.7H10V7.2H8.4c-2.9,0-5.2,2.3-5.2,5.2,0,2.9,2.3,5.2,5.2,5.2H10v-1.5H8.4c-2,0-3.7-1.7-3.7-3.7zm4.6.9h5.3v-1.5H9.3v1.5z\"><\/path><\/svg><span class=\"wp-block-social-link-label screen-reader-text\">Link<\/span><\/a><\/li><\/ul>\n<\/div>\n<\/div>\n<\/div>\n\n\n\n<div class=\"wp-block-columns is-layout-flex wp-container-core-columns-is-layout-12 wp-block-columns-is-layout-flex\">\n<div class=\"wp-block-column is-layout-flow wp-block-column-is-layout-flow\" style=\"flex-basis:100%\">\n<div class=\"wp-block-columns is-layout-flex wp-container-core-columns-is-layout-8 wp-block-columns-is-layout-flex\">\n<div class=\"wp-block-column is-style-default is-layout-flow wp-block-column-is-layout-flow\" style=\"border-style:none;border-width:0px;padding-top:0;padding-right:0;padding-bottom:0;padding-left:0\">\n<figure class=\"wp-block-image size-full\"><img loading=\"lazy\" decoding=\"async\" width=\"2388\" height=\"1493\" src=\"https:\/\/schlachthoffestival-traunsee.at\/wp-content\/uploads\/2024\/05\/Kopie-von-JLOU_portraet_credits-delirium030-edited.png\" alt=\"\" class=\"wp-image-695\" srcset=\"https:\/\/schlachthoffestival-traunsee.at\/wp-content\/uploads\/2024\/05\/Kopie-von-JLOU_portraet_credits-delirium030-edited.png 2388w, https:\/\/schlachthoffestival-traunsee.at\/wp-content\/uploads\/2024\/05\/Kopie-von-JLOU_portraet_credits-delirium030-edited-300x188.png 300w, https:\/\/schlachthoffestival-traunsee.at\/wp-content\/uploads\/2024\/05\/Kopie-von-JLOU_portraet_credits-delirium030-edited-1024x640.png 1024w, https:\/\/schlachthoffestival-traunsee.at\/wp-content\/uploads\/2024\/05\/Kopie-von-JLOU_portraet_credits-delirium030-edited-2000x1250.png 2000w\" sizes=\"(max-width: 2388px) 100vw, 2388px\" \/><\/figure>\n\n\n\n<h2 class=\"wp-block-heading\">Janine Lou Anne<\/h2>\n\n\n\n<details class=\"wp-block-details is-layout-flow wp-block-details-is-layout-flow\"><summary>Details<\/summary>\n<p><small>Die K\u00fcnstlerin transformiert scheinbar allt\u00e4gliche Banalit\u00e4ten, indem sie sich der fotografischen Dokumentation bedient und ein umfangreiches digitales Archiv anlegt und erweitert, welches sowohl \u00e4sthetische Tendenzen als auch absurde Ambivalenzen hervorbringt. Durch Prozesse wie Sortieren, Verwerfen und Zuordnen entstehen neue Verbindungen und thematische Schwerpunkte, die eine tiefgreifende Auseinandersetzung fordern und somit als Teil der k\u00fcnstlerischen Praxis zu verstehen sind.<\/small><\/p>\n\n\n\n<p><small>Abb.: @delirium030 \u00a9<\/small><\/p>\n<\/details>\n\n\n\n<ul class=\"wp-block-social-links has-icon-color is-style-logos-only is-layout-flex wp-block-social-links-is-layout-flex\"><li style=\"color: #6C6C77; \" class=\"wp-social-link wp-social-link-instagram has-lightgrey-color wp-block-social-link\"><a href=\"https:\/\/www.instagram.com\/janinelouanne\/\" class=\"wp-block-social-link-anchor\"><svg width=\"24\" height=\"24\" viewBox=\"0 0 24 24\" version=\"1.1\" xmlns=\"http:\/\/www.w3.org\/2000\/svg\" aria-hidden=\"true\" focusable=\"false\"><path d=\"M12,4.622c2.403,0,2.688,0.009,3.637,0.052c0.877,0.04,1.354,0.187,1.671,0.31c0.42,0.163,0.72,0.358,1.035,0.673 c0.315,0.315,0.51,0.615,0.673,1.035c0.123,0.317,0.27,0.794,0.31,1.671c0.043,0.949,0.052,1.234,0.052,3.637 s-0.009,2.688-0.052,3.637c-0.04,0.877-0.187,1.354-0.31,1.671c-0.163,0.42-0.358,0.72-0.673,1.035 c-0.315,0.315-0.615,0.51-1.035,0.673c-0.317,0.123-0.794,0.27-1.671,0.31c-0.949,0.043-1.233,0.052-3.637,0.052 s-2.688-0.009-3.637-0.052c-0.877-0.04-1.354-0.187-1.671-0.31c-0.42-0.163-0.72-0.358-1.035-0.673 c-0.315-0.315-0.51-0.615-0.673-1.035c-0.123-0.317-0.27-0.794-0.31-1.671C4.631,14.688,4.622,14.403,4.622,12 s0.009-2.688,0.052-3.637c0.04-0.877,0.187-1.354,0.31-1.671c0.163-0.42,0.358-0.72,0.673-1.035 c0.315-0.315,0.615-0.51,1.035-0.673c0.317-0.123,0.794-0.27,1.671-0.31C9.312,4.631,9.597,4.622,12,4.622 M12,3 C9.556,3,9.249,3.01,8.289,3.054C7.331,3.098,6.677,3.25,6.105,3.472C5.513,3.702,5.011,4.01,4.511,4.511 c-0.5,0.5-0.808,1.002-1.038,1.594C3.25,6.677,3.098,7.331,3.054,8.289C3.01,9.249,3,9.556,3,12c0,2.444,0.01,2.751,0.054,3.711 c0.044,0.958,0.196,1.612,0.418,2.185c0.23,0.592,0.538,1.094,1.038,1.594c0.5,0.5,1.002,0.808,1.594,1.038 c0.572,0.222,1.227,0.375,2.185,0.418C9.249,20.99,9.556,21,12,21s2.751-0.01,3.711-0.054c0.958-0.044,1.612-0.196,2.185-0.418 c0.592-0.23,1.094-0.538,1.594-1.038c0.5-0.5,0.808-1.002,1.038-1.594c0.222-0.572,0.375-1.227,0.418-2.185 C20.99,14.751,21,14.444,21,12s-0.01-2.751-0.054-3.711c-0.044-0.958-0.196-1.612-0.418-2.185c-0.23-0.592-0.538-1.094-1.038-1.594 c-0.5-0.5-1.002-0.808-1.594-1.038c-0.572-0.222-1.227-0.375-2.185-0.418C14.751,3.01,14.444,3,12,3L12,3z M12,7.378 c-2.552,0-4.622,2.069-4.622,4.622S9.448,16.622,12,16.622s4.622-2.069,4.622-4.622S14.552,7.378,12,7.378z M12,15 c-1.657,0-3-1.343-3-3s1.343-3,3-3s3,1.343,3,3S13.657,15,12,15z M16.804,6.116c-0.596,0-1.08,0.484-1.08,1.08 s0.484,1.08,1.08,1.08c0.596,0,1.08-0.484,1.08-1.08S17.401,6.116,16.804,6.116z\"><\/path><\/svg><span class=\"wp-block-social-link-label screen-reader-text\">Instagram<\/span><\/a><\/li><\/ul>\n<\/div>\n\n\n\n<div class=\"wp-block-column is-style-default is-layout-flow wp-block-column-is-layout-flow\" style=\"border-style:none;border-width:0px;padding-top:0;padding-right:0;padding-bottom:0;padding-left:0\">\n<figure class=\"wp-block-image size-full\"><img loading=\"lazy\" decoding=\"async\" width=\"2560\" height=\"1600\" src=\"https:\/\/schlachthoffestival-traunsee.at\/wp-content\/uploads\/2024\/05\/Kopie-von-IMG_4920-edited-scaled.jpg\" alt=\"\" class=\"wp-image-696\" srcset=\"https:\/\/schlachthoffestival-traunsee.at\/wp-content\/uploads\/2024\/05\/Kopie-von-IMG_4920-edited-scaled.jpg 2560w, https:\/\/schlachthoffestival-traunsee.at\/wp-content\/uploads\/2024\/05\/Kopie-von-IMG_4920-edited-300x188.jpg 300w, https:\/\/schlachthoffestival-traunsee.at\/wp-content\/uploads\/2024\/05\/Kopie-von-IMG_4920-edited-1024x640.jpg 1024w, https:\/\/schlachthoffestival-traunsee.at\/wp-content\/uploads\/2024\/05\/Kopie-von-IMG_4920-edited-2000x1250.jpg 2000w\" sizes=\"(max-width: 2560px) 100vw, 2560px\" \/><\/figure>\n\n\n\n<h2 class=\"wp-block-heading\">Karoline P\u00f6hn<\/h2>\n\n\n\n<details class=\"wp-block-details is-layout-flow wp-block-details-is-layout-flow\"><summary>Details<\/summary>\n<p>Karoline P\u00f6hn (geboren 1987 in Sch\u00e4rding, \u00d6sterreich und wohnhaft in Linz, \u00d6sterreich) navigiert durch die Konvergenz von Kunst, Technologie und Textildesign. Mit einem Bachelorabschluss in Fashion &amp; Technology und aktueller Einschreibung im Masterstudiengang Textil, Kunst und Design an der Kunstuniversit\u00e4t Linz erforscht P\u00f6hn in ihrer k\u00fcnstlerischen Arbeit menschliche Sensibilit\u00e4t, Resilienz und gesellschaftliche Prinzipien. Durch den Einsatz verschiedener Techniken und die Kombination mehrerer Techniken in jedem ihrer essayartigen Werke versucht sie, ihrer k\u00fcnstlerischen Auseinandersetzung Tiefe zu verleihen und die Anpassungsf\u00e4higkeit ihres kreativen Ausdrucks widerzuspiegeln. Transformation ist ein wiederkehrendes Thema, da sie nahtlos zwischen analogen und digitalen Bereichen wechselt. P\u00f6hns experimentelle Methoden versuchen, konventionelle Normen und Vorurteile in Frage zu stellen, indem sie eine andere Perspektive auf ein Thema bieten. Ihre Arbeit ist eine fortlaufende Praxis, die sich mit menschlichen Erfahrungen, Emotionen, Gedanken und dem Pl\u00e4doyer f\u00fcr eine weichere, greifbarere Umgebung in unserer komplexen Welt befasst. Durch dieses flie\u00dfende Zusammenspiel schafft P\u00f6hn ein Bild Sprache und Textilpraxis, die die komplizierten Nuancen der menschlichen Existenz und die dynamischen Facetten der umgebenden Welt einf\u00e4ngt.<\/p>\n\n\n\n<p><small>Abb.: Karoline P\u00f6hn \u00a9<\/small><\/p>\n<\/details>\n\n\n\n<ul class=\"wp-block-social-links has-icon-color is-style-logos-only is-layout-flex wp-block-social-links-is-layout-flex\"><li style=\"color: #6C6C77; \" class=\"wp-social-link wp-social-link-instagram has-lightgrey-color wp-block-social-link\"><a href=\"https:\/\/www.instagram.com\/naga_nini\/\" class=\"wp-block-social-link-anchor\"><svg width=\"24\" height=\"24\" viewBox=\"0 0 24 24\" version=\"1.1\" xmlns=\"http:\/\/www.w3.org\/2000\/svg\" aria-hidden=\"true\" focusable=\"false\"><path d=\"M12,4.622c2.403,0,2.688,0.009,3.637,0.052c0.877,0.04,1.354,0.187,1.671,0.31c0.42,0.163,0.72,0.358,1.035,0.673 c0.315,0.315,0.51,0.615,0.673,1.035c0.123,0.317,0.27,0.794,0.31,1.671c0.043,0.949,0.052,1.234,0.052,3.637 s-0.009,2.688-0.052,3.637c-0.04,0.877-0.187,1.354-0.31,1.671c-0.163,0.42-0.358,0.72-0.673,1.035 c-0.315,0.315-0.615,0.51-1.035,0.673c-0.317,0.123-0.794,0.27-1.671,0.31c-0.949,0.043-1.233,0.052-3.637,0.052 s-2.688-0.009-3.637-0.052c-0.877-0.04-1.354-0.187-1.671-0.31c-0.42-0.163-0.72-0.358-1.035-0.673 c-0.315-0.315-0.51-0.615-0.673-1.035c-0.123-0.317-0.27-0.794-0.31-1.671C4.631,14.688,4.622,14.403,4.622,12 s0.009-2.688,0.052-3.637c0.04-0.877,0.187-1.354,0.31-1.671c0.163-0.42,0.358-0.72,0.673-1.035 c0.315-0.315,0.615-0.51,1.035-0.673c0.317-0.123,0.794-0.27,1.671-0.31C9.312,4.631,9.597,4.622,12,4.622 M12,3 C9.556,3,9.249,3.01,8.289,3.054C7.331,3.098,6.677,3.25,6.105,3.472C5.513,3.702,5.011,4.01,4.511,4.511 c-0.5,0.5-0.808,1.002-1.038,1.594C3.25,6.677,3.098,7.331,3.054,8.289C3.01,9.249,3,9.556,3,12c0,2.444,0.01,2.751,0.054,3.711 c0.044,0.958,0.196,1.612,0.418,2.185c0.23,0.592,0.538,1.094,1.038,1.594c0.5,0.5,1.002,0.808,1.594,1.038 c0.572,0.222,1.227,0.375,2.185,0.418C9.249,20.99,9.556,21,12,21s2.751-0.01,3.711-0.054c0.958-0.044,1.612-0.196,2.185-0.418 c0.592-0.23,1.094-0.538,1.594-1.038c0.5-0.5,0.808-1.002,1.038-1.594c0.222-0.572,0.375-1.227,0.418-2.185 C20.99,14.751,21,14.444,21,12s-0.01-2.751-0.054-3.711c-0.044-0.958-0.196-1.612-0.418-2.185c-0.23-0.592-0.538-1.094-1.038-1.594 c-0.5-0.5-1.002-0.808-1.594-1.038c-0.572-0.222-1.227-0.375-2.185-0.418C14.751,3.01,14.444,3,12,3L12,3z M12,7.378 c-2.552,0-4.622,2.069-4.622,4.622S9.448,16.622,12,16.622s4.622-2.069,4.622-4.622S14.552,7.378,12,7.378z M12,15 c-1.657,0-3-1.343-3-3s1.343-3,3-3s3,1.343,3,3S13.657,15,12,15z M16.804,6.116c-0.596,0-1.08,0.484-1.08,1.08 s0.484,1.08,1.08,1.08c0.596,0,1.08-0.484,1.08-1.08S17.401,6.116,16.804,6.116z\"><\/path><\/svg><span class=\"wp-block-social-link-label screen-reader-text\">Instagram<\/span><\/a><\/li><\/ul>\n<\/div>\n\n\n\n<div class=\"wp-block-column is-style-default is-layout-flow wp-block-column-is-layout-flow\" style=\"border-style:none;border-width:0px;padding-top:0;padding-right:0;padding-bottom:0;padding-left:0\">\n<figure class=\"wp-block-image size-full\"><img loading=\"lazy\" decoding=\"async\" width=\"1078\" height=\"674\" src=\"https:\/\/schlachthoffestival-traunsee.at\/wp-content\/uploads\/2024\/05\/Screenshot-2024-05-18-105055-edited.jpg\" alt=\"\" class=\"wp-image-720\" srcset=\"https:\/\/schlachthoffestival-traunsee.at\/wp-content\/uploads\/2024\/05\/Screenshot-2024-05-18-105055-edited.jpg 1078w, https:\/\/schlachthoffestival-traunsee.at\/wp-content\/uploads\/2024\/05\/Screenshot-2024-05-18-105055-edited-300x188.jpg 300w, https:\/\/schlachthoffestival-traunsee.at\/wp-content\/uploads\/2024\/05\/Screenshot-2024-05-18-105055-edited-1024x640.jpg 1024w\" sizes=\"(max-width: 1078px) 100vw, 1078px\" \/><\/figure>\n\n\n\n<h2 class=\"wp-block-heading\">Lea Raffler, Felix Breitfu\u00df, Magdalena Raischl<\/h2>\n\n\n\n<details class=\"wp-block-details is-layout-flow wp-block-details-is-layout-flow\"><summary>Details<\/summary>\n<p>Lea Raffler, Felix Breitfu\u00df und Magdalena Raischl verbinden ihre<br>unterschiedlichen Expertisen und Interessen aus den Bereichen Textil, Mechanik,<br>Mathematik, Soziales und Gestaltung.<br>Durch diese Vielfalt entsteht die M\u00f6glichkeit, sich mit unterschiedlichen<br>Techniken und Materialien immer wieder neuen Wegen der k\u00fcnstlerischen<br>Gestaltung zu widmen und zu experimentieren.<br>Prozesshaft und mit einer gewissen Leichtigkeit entstehen dabei humorvolle<br>Ideen und Arbeiten. Inspirationen gewinnen sie aus sozialen Begegnungen und<br>gesellschaftlichen Dynamiken.<\/p>\n\n\n\n<p><small>Abb.: Helene Eisl \u00a9<\/small><\/p>\n<\/details>\n<\/div>\n<\/div>\n\n\n\n<div class=\"wp-block-columns is-layout-flex wp-container-core-columns-is-layout-9 wp-block-columns-is-layout-flex\">\n<div class=\"wp-block-column is-style-default is-layout-flow wp-block-column-is-layout-flow\" style=\"border-style:none;border-width:0px;padding-top:0;padding-right:0;padding-bottom:0;padding-left:0\">\n<figure class=\"wp-block-image size-full\"><img loading=\"lazy\" decoding=\"async\" width=\"2560\" height=\"1600\" src=\"https:\/\/schlachthoffestival-traunsee.at\/wp-content\/uploads\/2024\/05\/FotoLejlaKathrin-edited-scaled.jpg\" alt=\"\" class=\"wp-image-722\" srcset=\"https:\/\/schlachthoffestival-traunsee.at\/wp-content\/uploads\/2024\/05\/FotoLejlaKathrin-edited-scaled.jpg 2560w, https:\/\/schlachthoffestival-traunsee.at\/wp-content\/uploads\/2024\/05\/FotoLejlaKathrin-edited-300x187.jpg 300w, https:\/\/schlachthoffestival-traunsee.at\/wp-content\/uploads\/2024\/05\/FotoLejlaKathrin-edited-1024x640.jpg 1024w, https:\/\/schlachthoffestival-traunsee.at\/wp-content\/uploads\/2024\/05\/FotoLejlaKathrin-edited-2000x1250.jpg 2000w\" sizes=\"(max-width: 2560px) 100vw, 2560px\" \/><\/figure>\n\n\n\n<h2 class=\"wp-block-heading\">Kathrin Radspieler, Lejla Mahmutovi\u0107<\/h2>\n\n\n\n<details class=\"wp-block-details is-layout-flow wp-block-details-is-layout-flow\"><summary>Details<\/summary>\n<p>Kathrin Radspieler, geboren 1994 in Eggenfelden, studiert am Mozarteum Salzburg Kunst sowie Technik:Design. Bevor sie das Studium begann, arbeitete sie als Dipl.Gesundheits- und Krankenschwester. Sie erschafft Bilder\/Objekte, die figurative Elemente mit abstrakten Formen und Mustern kombinieren. Dabei liegt ihr Fokus darauf, die Emotionen der Betrachter*innen anzusprechen.<\/p>\n\n\n\n<p>Lejla Mahmutovi\u0107 studiert an der Universit\u00e4t Salzburg die F\u00e4cher Biologie und Kunst &amp; Gestaltung. Als Mitglied der Grafik Klasse widmet sie sich der Zeichnung, Fotografie und Hinterglasmalerei. Durch ihre Werke erkundet sie nicht nur ihre pers\u00f6nliche Identit\u00e4t, sondern reflektiert auch die gesellschaftlichen und kulturellen Einfl\u00fcsse, die sie gepr\u00e4gt haben. <\/p>\n\n\n\n<p>In Zusammenarbeit streben Lejla und Kathrin danach, neue gesellschaftliche Themen zu erkunden. Ihr gemeinsames Projekt beim Schlachthoffestival bietet eine kreative Reflexion \u00fcber den \u00dcberkonsum in unserer Gesellschaft.<\/p>\n\n\n\n<p><small>Abb.: Kathrin Radspieler \u00a9<\/small><\/p>\n<\/details>\n\n\n\n<ul class=\"wp-block-social-links has-icon-color is-style-logos-only is-layout-flex wp-block-social-links-is-layout-flex\"><li style=\"color: #6C6C77; \" class=\"wp-social-link wp-social-link-instagram has-lightgrey-color wp-block-social-link\"><a href=\"https:\/\/www.instagram.com\/kathrinradspieler_\/\" class=\"wp-block-social-link-anchor\"><svg width=\"24\" height=\"24\" viewBox=\"0 0 24 24\" version=\"1.1\" xmlns=\"http:\/\/www.w3.org\/2000\/svg\" aria-hidden=\"true\" focusable=\"false\"><path d=\"M12,4.622c2.403,0,2.688,0.009,3.637,0.052c0.877,0.04,1.354,0.187,1.671,0.31c0.42,0.163,0.72,0.358,1.035,0.673 c0.315,0.315,0.51,0.615,0.673,1.035c0.123,0.317,0.27,0.794,0.31,1.671c0.043,0.949,0.052,1.234,0.052,3.637 s-0.009,2.688-0.052,3.637c-0.04,0.877-0.187,1.354-0.31,1.671c-0.163,0.42-0.358,0.72-0.673,1.035 c-0.315,0.315-0.615,0.51-1.035,0.673c-0.317,0.123-0.794,0.27-1.671,0.31c-0.949,0.043-1.233,0.052-3.637,0.052 s-2.688-0.009-3.637-0.052c-0.877-0.04-1.354-0.187-1.671-0.31c-0.42-0.163-0.72-0.358-1.035-0.673 c-0.315-0.315-0.51-0.615-0.673-1.035c-0.123-0.317-0.27-0.794-0.31-1.671C4.631,14.688,4.622,14.403,4.622,12 s0.009-2.688,0.052-3.637c0.04-0.877,0.187-1.354,0.31-1.671c0.163-0.42,0.358-0.72,0.673-1.035 c0.315-0.315,0.615-0.51,1.035-0.673c0.317-0.123,0.794-0.27,1.671-0.31C9.312,4.631,9.597,4.622,12,4.622 M12,3 C9.556,3,9.249,3.01,8.289,3.054C7.331,3.098,6.677,3.25,6.105,3.472C5.513,3.702,5.011,4.01,4.511,4.511 c-0.5,0.5-0.808,1.002-1.038,1.594C3.25,6.677,3.098,7.331,3.054,8.289C3.01,9.249,3,9.556,3,12c0,2.444,0.01,2.751,0.054,3.711 c0.044,0.958,0.196,1.612,0.418,2.185c0.23,0.592,0.538,1.094,1.038,1.594c0.5,0.5,1.002,0.808,1.594,1.038 c0.572,0.222,1.227,0.375,2.185,0.418C9.249,20.99,9.556,21,12,21s2.751-0.01,3.711-0.054c0.958-0.044,1.612-0.196,2.185-0.418 c0.592-0.23,1.094-0.538,1.594-1.038c0.5-0.5,0.808-1.002,1.038-1.594c0.222-0.572,0.375-1.227,0.418-2.185 C20.99,14.751,21,14.444,21,12s-0.01-2.751-0.054-3.711c-0.044-0.958-0.196-1.612-0.418-2.185c-0.23-0.592-0.538-1.094-1.038-1.594 c-0.5-0.5-1.002-0.808-1.594-1.038c-0.572-0.222-1.227-0.375-2.185-0.418C14.751,3.01,14.444,3,12,3L12,3z M12,7.378 c-2.552,0-4.622,2.069-4.622,4.622S9.448,16.622,12,16.622s4.622-2.069,4.622-4.622S14.552,7.378,12,7.378z M12,15 c-1.657,0-3-1.343-3-3s1.343-3,3-3s3,1.343,3,3S13.657,15,12,15z M16.804,6.116c-0.596,0-1.08,0.484-1.08,1.08 s0.484,1.08,1.08,1.08c0.596,0,1.08-0.484,1.08-1.08S17.401,6.116,16.804,6.116z\"><\/path><\/svg><span class=\"wp-block-social-link-label screen-reader-text\">Instagram<\/span><\/a><\/li>\n\n<li style=\"color: #6C6C77; \" class=\"wp-social-link wp-social-link-instagram has-lightgrey-color wp-block-social-link\"><a href=\"https:\/\/www.instagram.com\/lejl.art\/\" class=\"wp-block-social-link-anchor\"><svg width=\"24\" height=\"24\" viewBox=\"0 0 24 24\" version=\"1.1\" xmlns=\"http:\/\/www.w3.org\/2000\/svg\" aria-hidden=\"true\" focusable=\"false\"><path d=\"M12,4.622c2.403,0,2.688,0.009,3.637,0.052c0.877,0.04,1.354,0.187,1.671,0.31c0.42,0.163,0.72,0.358,1.035,0.673 c0.315,0.315,0.51,0.615,0.673,1.035c0.123,0.317,0.27,0.794,0.31,1.671c0.043,0.949,0.052,1.234,0.052,3.637 s-0.009,2.688-0.052,3.637c-0.04,0.877-0.187,1.354-0.31,1.671c-0.163,0.42-0.358,0.72-0.673,1.035 c-0.315,0.315-0.615,0.51-1.035,0.673c-0.317,0.123-0.794,0.27-1.671,0.31c-0.949,0.043-1.233,0.052-3.637,0.052 s-2.688-0.009-3.637-0.052c-0.877-0.04-1.354-0.187-1.671-0.31c-0.42-0.163-0.72-0.358-1.035-0.673 c-0.315-0.315-0.51-0.615-0.673-1.035c-0.123-0.317-0.27-0.794-0.31-1.671C4.631,14.688,4.622,14.403,4.622,12 s0.009-2.688,0.052-3.637c0.04-0.877,0.187-1.354,0.31-1.671c0.163-0.42,0.358-0.72,0.673-1.035 c0.315-0.315,0.615-0.51,1.035-0.673c0.317-0.123,0.794-0.27,1.671-0.31C9.312,4.631,9.597,4.622,12,4.622 M12,3 C9.556,3,9.249,3.01,8.289,3.054C7.331,3.098,6.677,3.25,6.105,3.472C5.513,3.702,5.011,4.01,4.511,4.511 c-0.5,0.5-0.808,1.002-1.038,1.594C3.25,6.677,3.098,7.331,3.054,8.289C3.01,9.249,3,9.556,3,12c0,2.444,0.01,2.751,0.054,3.711 c0.044,0.958,0.196,1.612,0.418,2.185c0.23,0.592,0.538,1.094,1.038,1.594c0.5,0.5,1.002,0.808,1.594,1.038 c0.572,0.222,1.227,0.375,2.185,0.418C9.249,20.99,9.556,21,12,21s2.751-0.01,3.711-0.054c0.958-0.044,1.612-0.196,2.185-0.418 c0.592-0.23,1.094-0.538,1.594-1.038c0.5-0.5,0.808-1.002,1.038-1.594c0.222-0.572,0.375-1.227,0.418-2.185 C20.99,14.751,21,14.444,21,12s-0.01-2.751-0.054-3.711c-0.044-0.958-0.196-1.612-0.418-2.185c-0.23-0.592-0.538-1.094-1.038-1.594 c-0.5-0.5-1.002-0.808-1.594-1.038c-0.572-0.222-1.227-0.375-2.185-0.418C14.751,3.01,14.444,3,12,3L12,3z M12,7.378 c-2.552,0-4.622,2.069-4.622,4.622S9.448,16.622,12,16.622s4.622-2.069,4.622-4.622S14.552,7.378,12,7.378z M12,15 c-1.657,0-3-1.343-3-3s1.343-3,3-3s3,1.343,3,3S13.657,15,12,15z M16.804,6.116c-0.596,0-1.08,0.484-1.08,1.08 s0.484,1.08,1.08,1.08c0.596,0,1.08-0.484,1.08-1.08S17.401,6.116,16.804,6.116z\"><\/path><\/svg><span class=\"wp-block-social-link-label screen-reader-text\">Instagram<\/span><\/a><\/li><\/ul>\n<\/div>\n\n\n\n<div class=\"wp-block-column is-style-default is-layout-flow wp-block-column-is-layout-flow\" style=\"border-style:none;border-width:0px;padding-top:0;padding-right:0;padding-bottom:0;padding-left:0\">\n<figure class=\"wp-block-image size-full\"><img loading=\"lazy\" decoding=\"async\" width=\"636\" height=\"398\" src=\"https:\/\/schlachthoffestival-traunsee.at\/wp-content\/uploads\/2024\/05\/Screenshot-2024-05-18-110723-edited.jpg\" alt=\"\" class=\"wp-image-725\" srcset=\"https:\/\/schlachthoffestival-traunsee.at\/wp-content\/uploads\/2024\/05\/Screenshot-2024-05-18-110723-edited.jpg 636w, https:\/\/schlachthoffestival-traunsee.at\/wp-content\/uploads\/2024\/05\/Screenshot-2024-05-18-110723-edited-300x188.jpg 300w\" sizes=\"(max-width: 636px) 100vw, 636px\" \/><\/figure>\n\n\n\n<h2 class=\"wp-block-heading\">Lukas Stangl<\/h2>\n\n\n\n<details class=\"wp-block-details is-layout-flow wp-block-details-is-layout-flow\"><summary>Details<\/summary>\n<p>Lukas Stangl besch\u00e4ftigt sich in seinen k\u00fcnstlerischen Schaffen mit unterschiedlichen Thematiken und Medien. Bei der Umsetzung zieht er unter anderen druckgrafische Techniken, Zeichnung, Fotografie, Video oder auch Installationen heran. Je nach aufgegriffener Idee bzw gew\u00fcnschtem Resultat, folgt das Medium dem Konzept. Inspiriert wird er von den unterschiedlichsten allt\u00e4glichen Einfl\u00fcssen, welcher er bestm\u00f6glich mit bereits vorhandenen Materialien oder Abf\u00e4llen umsetzt, um R\u00fccksicht auf den Material- und Ressourcenverbrauch zu nehmen.<\/p>\n\n\n\n<p><small>Abb.: Lukas Stangl \u00a9<\/small><\/p>\n<\/details>\n\n\n\n<ul class=\"wp-block-social-links has-icon-color is-style-logos-only is-layout-flex wp-block-social-links-is-layout-flex\"><li style=\"color: #6C6C77; \" class=\"wp-social-link wp-social-link-instagram has-lightgrey-color wp-block-social-link\"><a href=\"https:\/\/www.instagram.com\/safari_luki\/\" class=\"wp-block-social-link-anchor\"><svg width=\"24\" height=\"24\" viewBox=\"0 0 24 24\" version=\"1.1\" xmlns=\"http:\/\/www.w3.org\/2000\/svg\" aria-hidden=\"true\" focusable=\"false\"><path d=\"M12,4.622c2.403,0,2.688,0.009,3.637,0.052c0.877,0.04,1.354,0.187,1.671,0.31c0.42,0.163,0.72,0.358,1.035,0.673 c0.315,0.315,0.51,0.615,0.673,1.035c0.123,0.317,0.27,0.794,0.31,1.671c0.043,0.949,0.052,1.234,0.052,3.637 s-0.009,2.688-0.052,3.637c-0.04,0.877-0.187,1.354-0.31,1.671c-0.163,0.42-0.358,0.72-0.673,1.035 c-0.315,0.315-0.615,0.51-1.035,0.673c-0.317,0.123-0.794,0.27-1.671,0.31c-0.949,0.043-1.233,0.052-3.637,0.052 s-2.688-0.009-3.637-0.052c-0.877-0.04-1.354-0.187-1.671-0.31c-0.42-0.163-0.72-0.358-1.035-0.673 c-0.315-0.315-0.51-0.615-0.673-1.035c-0.123-0.317-0.27-0.794-0.31-1.671C4.631,14.688,4.622,14.403,4.622,12 s0.009-2.688,0.052-3.637c0.04-0.877,0.187-1.354,0.31-1.671c0.163-0.42,0.358-0.72,0.673-1.035 c0.315-0.315,0.615-0.51,1.035-0.673c0.317-0.123,0.794-0.27,1.671-0.31C9.312,4.631,9.597,4.622,12,4.622 M12,3 C9.556,3,9.249,3.01,8.289,3.054C7.331,3.098,6.677,3.25,6.105,3.472C5.513,3.702,5.011,4.01,4.511,4.511 c-0.5,0.5-0.808,1.002-1.038,1.594C3.25,6.677,3.098,7.331,3.054,8.289C3.01,9.249,3,9.556,3,12c0,2.444,0.01,2.751,0.054,3.711 c0.044,0.958,0.196,1.612,0.418,2.185c0.23,0.592,0.538,1.094,1.038,1.594c0.5,0.5,1.002,0.808,1.594,1.038 c0.572,0.222,1.227,0.375,2.185,0.418C9.249,20.99,9.556,21,12,21s2.751-0.01,3.711-0.054c0.958-0.044,1.612-0.196,2.185-0.418 c0.592-0.23,1.094-0.538,1.594-1.038c0.5-0.5,0.808-1.002,1.038-1.594c0.222-0.572,0.375-1.227,0.418-2.185 C20.99,14.751,21,14.444,21,12s-0.01-2.751-0.054-3.711c-0.044-0.958-0.196-1.612-0.418-2.185c-0.23-0.592-0.538-1.094-1.038-1.594 c-0.5-0.5-1.002-0.808-1.594-1.038c-0.572-0.222-1.227-0.375-2.185-0.418C14.751,3.01,14.444,3,12,3L12,3z M12,7.378 c-2.552,0-4.622,2.069-4.622,4.622S9.448,16.622,12,16.622s4.622-2.069,4.622-4.622S14.552,7.378,12,7.378z M12,15 c-1.657,0-3-1.343-3-3s1.343-3,3-3s3,1.343,3,3S13.657,15,12,15z M16.804,6.116c-0.596,0-1.08,0.484-1.08,1.08 s0.484,1.08,1.08,1.08c0.596,0,1.08-0.484,1.08-1.08S17.401,6.116,16.804,6.116z\"><\/path><\/svg><span class=\"wp-block-social-link-label screen-reader-text\">Instagram<\/span><\/a><\/li><\/ul>\n<\/div>\n\n\n\n<div class=\"wp-block-column is-style-default is-layout-flow wp-block-column-is-layout-flow\" style=\"border-style:none;border-width:0px;padding-top:0;padding-right:0;padding-bottom:0;padding-left:0\">\n<figure class=\"wp-block-image size-full\"><img loading=\"lazy\" decoding=\"async\" width=\"2560\" height=\"1600\" src=\"https:\/\/schlachthoffestival-traunsee.at\/wp-content\/uploads\/2024\/05\/Kopie-von-image00001-edited-scaled.jpeg\" alt=\"\" class=\"wp-image-726\" srcset=\"https:\/\/schlachthoffestival-traunsee.at\/wp-content\/uploads\/2024\/05\/Kopie-von-image00001-edited-scaled.jpeg 2560w, https:\/\/schlachthoffestival-traunsee.at\/wp-content\/uploads\/2024\/05\/Kopie-von-image00001-edited-300x187.jpeg 300w, https:\/\/schlachthoffestival-traunsee.at\/wp-content\/uploads\/2024\/05\/Kopie-von-image00001-edited-1024x640.jpeg 1024w, https:\/\/schlachthoffestival-traunsee.at\/wp-content\/uploads\/2024\/05\/Kopie-von-image00001-edited-2000x1250.jpeg 2000w\" sizes=\"(max-width: 2560px) 100vw, 2560px\" \/><\/figure>\n\n\n\n<h2 class=\"wp-block-heading\">Veronika Brunner, Lydia Kremshuber<\/h2>\n\n\n\n<details class=\"wp-block-details is-layout-flow wp-block-details-is-layout-flow\"><summary>Details<\/summary>\n<p>Lyds und Vroni sind zwei K\u00fcnstlerinnnen, die in der Zeitgen\u00f6ssischen T\u00e4nzerbubble schwimmen. Sein ihrem Studium an der MUK leben die K\u00fcnstlerinnen in Wien, wo sie ihre Freundschaft pflegen und pers\u00f6nliche Reflexion sprie\u00dfen&nbsp; darf. Performance ist f\u00fcr die beiden ein ausdrucksstarkes Werkzeug, um die allt\u00e4gliche Reflexion in Bewegung zu bringen und mitzuteilen. Beim Schlachthoffestival zeigen sie die artistisch-zeitgen\u00f6ssische Soloperformance \u201eMetamorPhasen\u201c.<\/p>\n\n\n\n<p><small>Abb.: Lydia, Veronika \u00a9<\/small><\/p>\n<\/details>\n\n\n\n<ul class=\"wp-block-social-links has-icon-color is-style-logos-only is-layout-flex wp-block-social-links-is-layout-flex\"><li style=\"color: #6C6C77; \" class=\"wp-social-link wp-social-link-instagram has-lightgrey-color wp-block-social-link\"><a href=\"https:\/\/www.instagram.com\/vronines\/\" class=\"wp-block-social-link-anchor\"><svg width=\"24\" height=\"24\" viewBox=\"0 0 24 24\" version=\"1.1\" xmlns=\"http:\/\/www.w3.org\/2000\/svg\" aria-hidden=\"true\" focusable=\"false\"><path d=\"M12,4.622c2.403,0,2.688,0.009,3.637,0.052c0.877,0.04,1.354,0.187,1.671,0.31c0.42,0.163,0.72,0.358,1.035,0.673 c0.315,0.315,0.51,0.615,0.673,1.035c0.123,0.317,0.27,0.794,0.31,1.671c0.043,0.949,0.052,1.234,0.052,3.637 s-0.009,2.688-0.052,3.637c-0.04,0.877-0.187,1.354-0.31,1.671c-0.163,0.42-0.358,0.72-0.673,1.035 c-0.315,0.315-0.615,0.51-1.035,0.673c-0.317,0.123-0.794,0.27-1.671,0.31c-0.949,0.043-1.233,0.052-3.637,0.052 s-2.688-0.009-3.637-0.052c-0.877-0.04-1.354-0.187-1.671-0.31c-0.42-0.163-0.72-0.358-1.035-0.673 c-0.315-0.315-0.51-0.615-0.673-1.035c-0.123-0.317-0.27-0.794-0.31-1.671C4.631,14.688,4.622,14.403,4.622,12 s0.009-2.688,0.052-3.637c0.04-0.877,0.187-1.354,0.31-1.671c0.163-0.42,0.358-0.72,0.673-1.035 c0.315-0.315,0.615-0.51,1.035-0.673c0.317-0.123,0.794-0.27,1.671-0.31C9.312,4.631,9.597,4.622,12,4.622 M12,3 C9.556,3,9.249,3.01,8.289,3.054C7.331,3.098,6.677,3.25,6.105,3.472C5.513,3.702,5.011,4.01,4.511,4.511 c-0.5,0.5-0.808,1.002-1.038,1.594C3.25,6.677,3.098,7.331,3.054,8.289C3.01,9.249,3,9.556,3,12c0,2.444,0.01,2.751,0.054,3.711 c0.044,0.958,0.196,1.612,0.418,2.185c0.23,0.592,0.538,1.094,1.038,1.594c0.5,0.5,1.002,0.808,1.594,1.038 c0.572,0.222,1.227,0.375,2.185,0.418C9.249,20.99,9.556,21,12,21s2.751-0.01,3.711-0.054c0.958-0.044,1.612-0.196,2.185-0.418 c0.592-0.23,1.094-0.538,1.594-1.038c0.5-0.5,0.808-1.002,1.038-1.594c0.222-0.572,0.375-1.227,0.418-2.185 C20.99,14.751,21,14.444,21,12s-0.01-2.751-0.054-3.711c-0.044-0.958-0.196-1.612-0.418-2.185c-0.23-0.592-0.538-1.094-1.038-1.594 c-0.5-0.5-1.002-0.808-1.594-1.038c-0.572-0.222-1.227-0.375-2.185-0.418C14.751,3.01,14.444,3,12,3L12,3z M12,7.378 c-2.552,0-4.622,2.069-4.622,4.622S9.448,16.622,12,16.622s4.622-2.069,4.622-4.622S14.552,7.378,12,7.378z M12,15 c-1.657,0-3-1.343-3-3s1.343-3,3-3s3,1.343,3,3S13.657,15,12,15z M16.804,6.116c-0.596,0-1.08,0.484-1.08,1.08 s0.484,1.08,1.08,1.08c0.596,0,1.08-0.484,1.08-1.08S17.401,6.116,16.804,6.116z\"><\/path><\/svg><span class=\"wp-block-social-link-label screen-reader-text\">Instagram<\/span><\/a><\/li>\n\n<li style=\"color: #6C6C77; \" class=\"wp-social-link wp-social-link-instagram has-lightgrey-color wp-block-social-link\"><a href=\"https:\/\/www.instagram.com\/ly.dina3\/\" class=\"wp-block-social-link-anchor\"><svg width=\"24\" height=\"24\" viewBox=\"0 0 24 24\" version=\"1.1\" xmlns=\"http:\/\/www.w3.org\/2000\/svg\" aria-hidden=\"true\" focusable=\"false\"><path d=\"M12,4.622c2.403,0,2.688,0.009,3.637,0.052c0.877,0.04,1.354,0.187,1.671,0.31c0.42,0.163,0.72,0.358,1.035,0.673 c0.315,0.315,0.51,0.615,0.673,1.035c0.123,0.317,0.27,0.794,0.31,1.671c0.043,0.949,0.052,1.234,0.052,3.637 s-0.009,2.688-0.052,3.637c-0.04,0.877-0.187,1.354-0.31,1.671c-0.163,0.42-0.358,0.72-0.673,1.035 c-0.315,0.315-0.615,0.51-1.035,0.673c-0.317,0.123-0.794,0.27-1.671,0.31c-0.949,0.043-1.233,0.052-3.637,0.052 s-2.688-0.009-3.637-0.052c-0.877-0.04-1.354-0.187-1.671-0.31c-0.42-0.163-0.72-0.358-1.035-0.673 c-0.315-0.315-0.51-0.615-0.673-1.035c-0.123-0.317-0.27-0.794-0.31-1.671C4.631,14.688,4.622,14.403,4.622,12 s0.009-2.688,0.052-3.637c0.04-0.877,0.187-1.354,0.31-1.671c0.163-0.42,0.358-0.72,0.673-1.035 c0.315-0.315,0.615-0.51,1.035-0.673c0.317-0.123,0.794-0.27,1.671-0.31C9.312,4.631,9.597,4.622,12,4.622 M12,3 C9.556,3,9.249,3.01,8.289,3.054C7.331,3.098,6.677,3.25,6.105,3.472C5.513,3.702,5.011,4.01,4.511,4.511 c-0.5,0.5-0.808,1.002-1.038,1.594C3.25,6.677,3.098,7.331,3.054,8.289C3.01,9.249,3,9.556,3,12c0,2.444,0.01,2.751,0.054,3.711 c0.044,0.958,0.196,1.612,0.418,2.185c0.23,0.592,0.538,1.094,1.038,1.594c0.5,0.5,1.002,0.808,1.594,1.038 c0.572,0.222,1.227,0.375,2.185,0.418C9.249,20.99,9.556,21,12,21s2.751-0.01,3.711-0.054c0.958-0.044,1.612-0.196,2.185-0.418 c0.592-0.23,1.094-0.538,1.594-1.038c0.5-0.5,0.808-1.002,1.038-1.594c0.222-0.572,0.375-1.227,0.418-2.185 C20.99,14.751,21,14.444,21,12s-0.01-2.751-0.054-3.711c-0.044-0.958-0.196-1.612-0.418-2.185c-0.23-0.592-0.538-1.094-1.038-1.594 c-0.5-0.5-1.002-0.808-1.594-1.038c-0.572-0.222-1.227-0.375-2.185-0.418C14.751,3.01,14.444,3,12,3L12,3z M12,7.378 c-2.552,0-4.622,2.069-4.622,4.622S9.448,16.622,12,16.622s4.622-2.069,4.622-4.622S14.552,7.378,12,7.378z M12,15 c-1.657,0-3-1.343-3-3s1.343-3,3-3s3,1.343,3,3S13.657,15,12,15z M16.804,6.116c-0.596,0-1.08,0.484-1.08,1.08 s0.484,1.08,1.08,1.08c0.596,0,1.08-0.484,1.08-1.08S17.401,6.116,16.804,6.116z\"><\/path><\/svg><span class=\"wp-block-social-link-label screen-reader-text\">Instagram<\/span><\/a><\/li><\/ul>\n<\/div>\n<\/div>\n\n\n\n<div class=\"wp-block-columns is-layout-flex wp-container-core-columns-is-layout-10 wp-block-columns-is-layout-flex\">\n<div class=\"wp-block-column is-style-default is-layout-flow wp-block-column-is-layout-flow\" style=\"border-style:none;border-width:0px;padding-top:0;padding-right:0;padding-bottom:0;padding-left:0\">\n<figure class=\"wp-block-image size-full\"><img loading=\"lazy\" decoding=\"async\" width=\"2560\" height=\"1601\" src=\"https:\/\/schlachthoffestival-traunsee.at\/wp-content\/uploads\/2024\/05\/Kopie-von-Portrait_MartinaJaeger-edited-scaled.jpg\" alt=\"\" class=\"wp-image-729\" srcset=\"https:\/\/schlachthoffestival-traunsee.at\/wp-content\/uploads\/2024\/05\/Kopie-von-Portrait_MartinaJaeger-edited-scaled.jpg 2560w, https:\/\/schlachthoffestival-traunsee.at\/wp-content\/uploads\/2024\/05\/Kopie-von-Portrait_MartinaJaeger-edited-300x188.jpg 300w, https:\/\/schlachthoffestival-traunsee.at\/wp-content\/uploads\/2024\/05\/Kopie-von-Portrait_MartinaJaeger-edited-1024x640.jpg 1024w, https:\/\/schlachthoffestival-traunsee.at\/wp-content\/uploads\/2024\/05\/Kopie-von-Portrait_MartinaJaeger-edited-2000x1250.jpg 2000w\" sizes=\"(max-width: 2560px) 100vw, 2560px\" \/><\/figure>\n\n\n\n<h2 class=\"wp-block-heading\">Martina J\u00e4ger<\/h2>\n\n\n\n<details class=\"wp-block-details is-layout-flow wp-block-details-is-layout-flow\"><summary>Details<\/summary>\n<p>Martina J\u00e4ger (*1990, Salzburg) studierte Architektur in Wien und Visuelle Kommunikation (Grafik und Fotografie) in Linz. Die beiden Bereiche vereinte sie beruflich in der Ausstellungsgestaltung. Ihren k\u00fcnstlerischen Werdegang begann sie mit der analogen Fotografie und setzte ihn mit der abstrakten Malerei fort. Im eigenen Ausstellungskontext zeigt sie gro\u00dffl\u00e4chig Farbe, indem sie W\u00e4nde bemalt. Sie illustriert, egal ob mit Kamera, Pinsel oder Stift. Martina J\u00e4ger er\u00f6ffnet mit ihren Illustrationen Assoziations- und Interpretationsr\u00e4ume, die seltsam sch\u00f6n sind, einen Witz in sich tragen und einen kritischen Moment evozieren. Sie bedient sich geometrischer Formen und abstrahiert sie so weit, um die Grenze zwischen Abstrakt und Konkret zu erforschen. Den Formen wendet sie sich zu, indem sie Bildfragmente der Kompositionen spiegelt, um Muster zu generieren. Derzeit ist sie als Grafikerin und Fotografin in Salzburg t\u00e4tig.<\/p>\n\n\n\n<p><small>Abb.: Martina J\u00e4ger \u00a9<\/small><\/p>\n<\/details>\n\n\n\n<ul class=\"wp-block-social-links has-icon-color is-style-logos-only is-layout-flex wp-block-social-links-is-layout-flex\"><li style=\"color: #6C6C77; \" class=\"wp-social-link wp-social-link-instagram has-lightgrey-color wp-block-social-link\"><a href=\"https:\/\/www.instagram.com\/studiomartinajaeger\/\" class=\"wp-block-social-link-anchor\"><svg width=\"24\" height=\"24\" viewBox=\"0 0 24 24\" version=\"1.1\" xmlns=\"http:\/\/www.w3.org\/2000\/svg\" aria-hidden=\"true\" focusable=\"false\"><path d=\"M12,4.622c2.403,0,2.688,0.009,3.637,0.052c0.877,0.04,1.354,0.187,1.671,0.31c0.42,0.163,0.72,0.358,1.035,0.673 c0.315,0.315,0.51,0.615,0.673,1.035c0.123,0.317,0.27,0.794,0.31,1.671c0.043,0.949,0.052,1.234,0.052,3.637 s-0.009,2.688-0.052,3.637c-0.04,0.877-0.187,1.354-0.31,1.671c-0.163,0.42-0.358,0.72-0.673,1.035 c-0.315,0.315-0.615,0.51-1.035,0.673c-0.317,0.123-0.794,0.27-1.671,0.31c-0.949,0.043-1.233,0.052-3.637,0.052 s-2.688-0.009-3.637-0.052c-0.877-0.04-1.354-0.187-1.671-0.31c-0.42-0.163-0.72-0.358-1.035-0.673 c-0.315-0.315-0.51-0.615-0.673-1.035c-0.123-0.317-0.27-0.794-0.31-1.671C4.631,14.688,4.622,14.403,4.622,12 s0.009-2.688,0.052-3.637c0.04-0.877,0.187-1.354,0.31-1.671c0.163-0.42,0.358-0.72,0.673-1.035 c0.315-0.315,0.615-0.51,1.035-0.673c0.317-0.123,0.794-0.27,1.671-0.31C9.312,4.631,9.597,4.622,12,4.622 M12,3 C9.556,3,9.249,3.01,8.289,3.054C7.331,3.098,6.677,3.25,6.105,3.472C5.513,3.702,5.011,4.01,4.511,4.511 c-0.5,0.5-0.808,1.002-1.038,1.594C3.25,6.677,3.098,7.331,3.054,8.289C3.01,9.249,3,9.556,3,12c0,2.444,0.01,2.751,0.054,3.711 c0.044,0.958,0.196,1.612,0.418,2.185c0.23,0.592,0.538,1.094,1.038,1.594c0.5,0.5,1.002,0.808,1.594,1.038 c0.572,0.222,1.227,0.375,2.185,0.418C9.249,20.99,9.556,21,12,21s2.751-0.01,3.711-0.054c0.958-0.044,1.612-0.196,2.185-0.418 c0.592-0.23,1.094-0.538,1.594-1.038c0.5-0.5,0.808-1.002,1.038-1.594c0.222-0.572,0.375-1.227,0.418-2.185 C20.99,14.751,21,14.444,21,12s-0.01-2.751-0.054-3.711c-0.044-0.958-0.196-1.612-0.418-2.185c-0.23-0.592-0.538-1.094-1.038-1.594 c-0.5-0.5-1.002-0.808-1.594-1.038c-0.572-0.222-1.227-0.375-2.185-0.418C14.751,3.01,14.444,3,12,3L12,3z M12,7.378 c-2.552,0-4.622,2.069-4.622,4.622S9.448,16.622,12,16.622s4.622-2.069,4.622-4.622S14.552,7.378,12,7.378z M12,15 c-1.657,0-3-1.343-3-3s1.343-3,3-3s3,1.343,3,3S13.657,15,12,15z M16.804,6.116c-0.596,0-1.08,0.484-1.08,1.08 s0.484,1.08,1.08,1.08c0.596,0,1.08-0.484,1.08-1.08S17.401,6.116,16.804,6.116z\"><\/path><\/svg><span class=\"wp-block-social-link-label screen-reader-text\">Instagram<\/span><\/a><\/li><\/ul>\n<\/div>\n\n\n\n<div class=\"wp-block-column is-style-default is-layout-flow wp-block-column-is-layout-flow\" style=\"border-style:none;border-width:0px;padding-top:0;padding-right:0;padding-bottom:0;padding-left:0\">\n<figure class=\"wp-block-image size-full\"><img loading=\"lazy\" decoding=\"async\" width=\"2560\" height=\"1601\" src=\"https:\/\/schlachthoffestival-traunsee.at\/wp-content\/uploads\/2024\/05\/Kopie-von-haas-und-gg-edited-scaled.jpg\" alt=\"\" class=\"wp-image-730\" srcset=\"https:\/\/schlachthoffestival-traunsee.at\/wp-content\/uploads\/2024\/05\/Kopie-von-haas-und-gg-edited-scaled.jpg 2560w, https:\/\/schlachthoffestival-traunsee.at\/wp-content\/uploads\/2024\/05\/Kopie-von-haas-und-gg-edited-300x188.jpg 300w, https:\/\/schlachthoffestival-traunsee.at\/wp-content\/uploads\/2024\/05\/Kopie-von-haas-und-gg-edited-1024x640.jpg 1024w, https:\/\/schlachthoffestival-traunsee.at\/wp-content\/uploads\/2024\/05\/Kopie-von-haas-und-gg-edited-2000x1250.jpg 2000w\" sizes=\"(max-width: 2560px) 100vw, 2560px\" \/><\/figure>\n\n\n\n<h2 class=\"wp-block-heading\">Peter Haas<\/h2>\n\n\n\n<details class=\"wp-block-details is-layout-flow wp-block-details-is-layout-flow\"><summary>Details<\/summary>\n<p>Peter Haas ist seit mehr als 50 Jahren in Salzburg Sch\u00fcler, Lehrer und K\u00fcnstler \u2013 als kritischem Beobachter und am Rande aller m\u00f6glichen K\u00fcnste aktivem Amateur ist ihm das &#8222;NO&#8220; n\u00e4her als vieles andere \u2013 im Sinne von NO (imma) und NO (mea) oder sogar st\u00e4nkernd als NO (wos geht?) liefert er seinen Beitrag zum Schlachthoffestival 2024.<\/p>\n\n\n\n<p><small>Abb.: Peter Haas \u00a9<\/small><\/p>\n<\/details>\n\n\n\n<ul class=\"wp-block-social-links has-icon-color is-style-logos-only is-layout-flex wp-block-social-links-is-layout-flex\"><li style=\"color: #6C6C77; \" class=\"wp-social-link wp-social-link-instagram has-lightgrey-color wp-block-social-link\"><a href=\"https:\/\/www.instagram.com\/dahaaas\/\" class=\"wp-block-social-link-anchor\"><svg width=\"24\" height=\"24\" viewBox=\"0 0 24 24\" version=\"1.1\" xmlns=\"http:\/\/www.w3.org\/2000\/svg\" aria-hidden=\"true\" focusable=\"false\"><path d=\"M12,4.622c2.403,0,2.688,0.009,3.637,0.052c0.877,0.04,1.354,0.187,1.671,0.31c0.42,0.163,0.72,0.358,1.035,0.673 c0.315,0.315,0.51,0.615,0.673,1.035c0.123,0.317,0.27,0.794,0.31,1.671c0.043,0.949,0.052,1.234,0.052,3.637 s-0.009,2.688-0.052,3.637c-0.04,0.877-0.187,1.354-0.31,1.671c-0.163,0.42-0.358,0.72-0.673,1.035 c-0.315,0.315-0.615,0.51-1.035,0.673c-0.317,0.123-0.794,0.27-1.671,0.31c-0.949,0.043-1.233,0.052-3.637,0.052 s-2.688-0.009-3.637-0.052c-0.877-0.04-1.354-0.187-1.671-0.31c-0.42-0.163-0.72-0.358-1.035-0.673 c-0.315-0.315-0.51-0.615-0.673-1.035c-0.123-0.317-0.27-0.794-0.31-1.671C4.631,14.688,4.622,14.403,4.622,12 s0.009-2.688,0.052-3.637c0.04-0.877,0.187-1.354,0.31-1.671c0.163-0.42,0.358-0.72,0.673-1.035 c0.315-0.315,0.615-0.51,1.035-0.673c0.317-0.123,0.794-0.27,1.671-0.31C9.312,4.631,9.597,4.622,12,4.622 M12,3 C9.556,3,9.249,3.01,8.289,3.054C7.331,3.098,6.677,3.25,6.105,3.472C5.513,3.702,5.011,4.01,4.511,4.511 c-0.5,0.5-0.808,1.002-1.038,1.594C3.25,6.677,3.098,7.331,3.054,8.289C3.01,9.249,3,9.556,3,12c0,2.444,0.01,2.751,0.054,3.711 c0.044,0.958,0.196,1.612,0.418,2.185c0.23,0.592,0.538,1.094,1.038,1.594c0.5,0.5,1.002,0.808,1.594,1.038 c0.572,0.222,1.227,0.375,2.185,0.418C9.249,20.99,9.556,21,12,21s2.751-0.01,3.711-0.054c0.958-0.044,1.612-0.196,2.185-0.418 c0.592-0.23,1.094-0.538,1.594-1.038c0.5-0.5,0.808-1.002,1.038-1.594c0.222-0.572,0.375-1.227,0.418-2.185 C20.99,14.751,21,14.444,21,12s-0.01-2.751-0.054-3.711c-0.044-0.958-0.196-1.612-0.418-2.185c-0.23-0.592-0.538-1.094-1.038-1.594 c-0.5-0.5-1.002-0.808-1.594-1.038c-0.572-0.222-1.227-0.375-2.185-0.418C14.751,3.01,14.444,3,12,3L12,3z M12,7.378 c-2.552,0-4.622,2.069-4.622,4.622S9.448,16.622,12,16.622s4.622-2.069,4.622-4.622S14.552,7.378,12,7.378z M12,15 c-1.657,0-3-1.343-3-3s1.343-3,3-3s3,1.343,3,3S13.657,15,12,15z M16.804,6.116c-0.596,0-1.08,0.484-1.08,1.08 s0.484,1.08,1.08,1.08c0.596,0,1.08-0.484,1.08-1.08S17.401,6.116,16.804,6.116z\"><\/path><\/svg><span class=\"wp-block-social-link-label screen-reader-text\">Instagram<\/span><\/a><\/li><\/ul>\n<\/div>\n\n\n\n<div class=\"wp-block-column is-style-default is-layout-flow wp-block-column-is-layout-flow\" style=\"border-style:none;border-width:0px;padding-top:0;padding-right:0;padding-bottom:0;padding-left:0\">\n<figure class=\"wp-block-image size-full\"><img loading=\"lazy\" decoding=\"async\" width=\"1363\" height=\"852\" src=\"https:\/\/schlachthoffestival-traunsee.at\/wp-content\/uploads\/2024\/05\/portr-edited.jpg\" alt=\"\" class=\"wp-image-732\" srcset=\"https:\/\/schlachthoffestival-traunsee.at\/wp-content\/uploads\/2024\/05\/portr-edited.jpg 1363w, https:\/\/schlachthoffestival-traunsee.at\/wp-content\/uploads\/2024\/05\/portr-edited-300x188.jpg 300w, https:\/\/schlachthoffestival-traunsee.at\/wp-content\/uploads\/2024\/05\/portr-edited-1024x640.jpg 1024w\" sizes=\"(max-width: 1363px) 100vw, 1363px\" \/><\/figure>\n\n\n\n<h2 class=\"wp-block-heading\">Thomas E. Stadler<\/h2>\n\n\n\n<details class=\"wp-block-details is-layout-flow wp-block-details-is-layout-flow\"><summary>Details<\/summary>\n<p>Thomas E. Stadler ist ein \u00d6sterreichischer Bildender K\u00fcnstler und Kunstvermittler<\/p>\n\n\n\n<p>Geboren 1962 in Oberndorf bei Salzburg. Er besuchte das akademische Gymnasium in Salzburg . 1979 Teilnahme an der Internationalen Sommerakademie f\u00fcr Bildende Kunst in der Klasse von Claus Pack. Als Kunstvermittler gr\u00fcndet er zahlreiche Kunstvereine und Kunstinitiativen. Er war Mitinitiator des internationalen Seminares f\u00fcr Kunst und Kunstwissenschaft (Landshut) , sowie des Kulturgel\u00e4ndes Arche 700 bei Salzburg.<\/p>\n\n\n\n<p><small>Abb.: Thomas E. Stadler \u00a9<\/small><\/p>\n<\/details>\n\n\n\n<ul class=\"wp-block-social-links has-icon-color is-style-logos-only is-layout-flex wp-block-social-links-is-layout-flex\"><li style=\"color: #6C6C77; \" class=\"wp-social-link wp-social-link-instagram has-lightgrey-color wp-block-social-link\"><a href=\"https:\/\/www.instagram.com\/thomas_e_stadler\/\" class=\"wp-block-social-link-anchor\"><svg width=\"24\" height=\"24\" viewBox=\"0 0 24 24\" version=\"1.1\" xmlns=\"http:\/\/www.w3.org\/2000\/svg\" aria-hidden=\"true\" focusable=\"false\"><path d=\"M12,4.622c2.403,0,2.688,0.009,3.637,0.052c0.877,0.04,1.354,0.187,1.671,0.31c0.42,0.163,0.72,0.358,1.035,0.673 c0.315,0.315,0.51,0.615,0.673,1.035c0.123,0.317,0.27,0.794,0.31,1.671c0.043,0.949,0.052,1.234,0.052,3.637 s-0.009,2.688-0.052,3.637c-0.04,0.877-0.187,1.354-0.31,1.671c-0.163,0.42-0.358,0.72-0.673,1.035 c-0.315,0.315-0.615,0.51-1.035,0.673c-0.317,0.123-0.794,0.27-1.671,0.31c-0.949,0.043-1.233,0.052-3.637,0.052 s-2.688-0.009-3.637-0.052c-0.877-0.04-1.354-0.187-1.671-0.31c-0.42-0.163-0.72-0.358-1.035-0.673 c-0.315-0.315-0.51-0.615-0.673-1.035c-0.123-0.317-0.27-0.794-0.31-1.671C4.631,14.688,4.622,14.403,4.622,12 s0.009-2.688,0.052-3.637c0.04-0.877,0.187-1.354,0.31-1.671c0.163-0.42,0.358-0.72,0.673-1.035 c0.315-0.315,0.615-0.51,1.035-0.673c0.317-0.123,0.794-0.27,1.671-0.31C9.312,4.631,9.597,4.622,12,4.622 M12,3 C9.556,3,9.249,3.01,8.289,3.054C7.331,3.098,6.677,3.25,6.105,3.472C5.513,3.702,5.011,4.01,4.511,4.511 c-0.5,0.5-0.808,1.002-1.038,1.594C3.25,6.677,3.098,7.331,3.054,8.289C3.01,9.249,3,9.556,3,12c0,2.444,0.01,2.751,0.054,3.711 c0.044,0.958,0.196,1.612,0.418,2.185c0.23,0.592,0.538,1.094,1.038,1.594c0.5,0.5,1.002,0.808,1.594,1.038 c0.572,0.222,1.227,0.375,2.185,0.418C9.249,20.99,9.556,21,12,21s2.751-0.01,3.711-0.054c0.958-0.044,1.612-0.196,2.185-0.418 c0.592-0.23,1.094-0.538,1.594-1.038c0.5-0.5,0.808-1.002,1.038-1.594c0.222-0.572,0.375-1.227,0.418-2.185 C20.99,14.751,21,14.444,21,12s-0.01-2.751-0.054-3.711c-0.044-0.958-0.196-1.612-0.418-2.185c-0.23-0.592-0.538-1.094-1.038-1.594 c-0.5-0.5-1.002-0.808-1.594-1.038c-0.572-0.222-1.227-0.375-2.185-0.418C14.751,3.01,14.444,3,12,3L12,3z M12,7.378 c-2.552,0-4.622,2.069-4.622,4.622S9.448,16.622,12,16.622s4.622-2.069,4.622-4.622S14.552,7.378,12,7.378z M12,15 c-1.657,0-3-1.343-3-3s1.343-3,3-3s3,1.343,3,3S13.657,15,12,15z M16.804,6.116c-0.596,0-1.08,0.484-1.08,1.08 s0.484,1.08,1.08,1.08c0.596,0,1.08-0.484,1.08-1.08S17.401,6.116,16.804,6.116z\"><\/path><\/svg><span class=\"wp-block-social-link-label screen-reader-text\">Instagram<\/span><\/a><\/li><\/ul>\n<\/div>\n<\/div>\n\n\n\n<div class=\"wp-block-columns is-layout-flex wp-container-core-columns-is-layout-11 wp-block-columns-is-layout-flex\">\n<div class=\"wp-block-column is-style-default is-layout-flow wp-block-column-is-layout-flow\" style=\"border-style:none;border-width:0px;padding-top:0;padding-right:0;padding-bottom:0;padding-left:0\">\n<h2 class=\"wp-block-heading\"><\/h2>\n<\/div>\n\n\n\n<div class=\"wp-block-column is-style-default is-layout-flow wp-block-column-is-layout-flow\" style=\"border-style:none;border-width:0px;padding-top:0;padding-right:0;padding-bottom:0;padding-left:0\">\n<h2 class=\"wp-block-heading\"><\/h2>\n<\/div>\n<\/div>\n<\/div>\n<\/div>\n\n\n\n<div class=\"wp-block-columns is-layout-flex wp-container-core-columns-is-layout-14 wp-block-columns-is-layout-flex\">\n<div class=\"wp-block-column is-layout-flow wp-block-column-is-layout-flow\" style=\"flex-basis:100%\">\n<div class=\"wp-block-columns is-layout-flex wp-container-core-columns-is-layout-13 wp-block-columns-is-layout-flex\">\n<div class=\"wp-block-column is-layout-flow wp-block-column-is-layout-flow\" style=\"flex-basis:100%\"><\/div>\n<\/div>\n<\/div>\n<\/div>\n\n\n\n<div style=\"height:0px\" aria-hidden=\"true\" class=\"wp-block-spacer\"><\/div>\n<\/div>\n\n\n\n<div class=\"wp-block-uagb-advanced-heading uagb-block-8b9a743c\"><h1 class=\"uagb-heading-text\"><mark style=\"background-color:rgba(0, 0, 0, 0);color:#e35151\" class=\"has-inline-color\">wORKSHOP Artists<\/mark><\/h1><\/div>\n\n\n\n<div style=\"height:32px\" aria-hidden=\"true\" class=\"wp-block-spacer\"><\/div>\n\n\n\n<div class=\"wp-block-columns is-layout-flex wp-container-core-columns-is-layout-15 wp-block-columns-is-layout-flex\">\n<div class=\"wp-block-column is-style-default is-layout-flow wp-block-column-is-layout-flow\" style=\"border-style:none;border-width:0px;padding-top:0;padding-right:0;padding-bottom:0;padding-left:0\">\n<figure class=\"wp-block-image size-full\"><img loading=\"lazy\" decoding=\"async\" width=\"1844\" height=\"1153\" src=\"https:\/\/schlachthoffestival-traunsee.at\/wp-content\/uploads\/2024\/05\/Hollweger_Portrait-edited.jpg\" alt=\"\" class=\"wp-image-685\" srcset=\"https:\/\/schlachthoffestival-traunsee.at\/wp-content\/uploads\/2024\/05\/Hollweger_Portrait-edited.jpg 1844w, https:\/\/schlachthoffestival-traunsee.at\/wp-content\/uploads\/2024\/05\/Hollweger_Portrait-edited-300x188.jpg 300w, https:\/\/schlachthoffestival-traunsee.at\/wp-content\/uploads\/2024\/05\/Hollweger_Portrait-edited-1024x640.jpg 1024w\" sizes=\"(max-width: 1844px) 100vw, 1844px\" \/><\/figure>\n\n\n\n<h2 class=\"wp-block-heading\">Sarah Hollweger<\/h2>\n\n\n\n<details class=\"wp-block-details is-layout-flow wp-block-details-is-layout-flow\"><summary>Details<\/summary>\n<p><small>Sarah I. Hollweger ist Theater- und Performancek\u00fcnstlerin mit Standort in Salzburg und Wien. In ihren Arbeiten erforscht sie das Allt\u00e4gliche und versucht zur Norm gewordene Ideologien aufzusp\u00fcren. Den performativen Raum begreift sie dabei als M\u00f6glichkeitsraum, um Alternativen zu imaginieren und Utopien erfahrbar zu machen. Im Moment fokussiert sich Sarah auf dokumentarischen Formen von Theater und kollektive, partizipative Recherche-Prozesse. Ihre Theaterpraxis ist zudem bewegungs- und k\u00f6rperorientiert und inspiriert durch Physical Theatre, Butoh und Improvisationstechniken wie Instant Composition. Seit 2023 studiert sie das Masterprogramm \u201eApplied Theatre &#8211; k\u00fcnstlerische Theaterpraxis &amp; Gesellschaft\u201c am Mozarteum Salzburg.<\/small><\/p>\n\n\n\n<p><small>Abb.: Sarah Hollweger \u00a9<\/small><\/p>\n<\/details>\n\n\n\n<ul class=\"wp-block-social-links has-icon-color is-style-logos-only is-layout-flex wp-block-social-links-is-layout-flex\"><li style=\"color: #6C6C77; \" class=\"wp-social-link wp-social-link-instagram has-lightgrey-color wp-block-social-link\"><a href=\"https:\/\/www.instagram.com\/sarahhollweger\/\" class=\"wp-block-social-link-anchor\"><svg width=\"24\" height=\"24\" viewBox=\"0 0 24 24\" version=\"1.1\" xmlns=\"http:\/\/www.w3.org\/2000\/svg\" aria-hidden=\"true\" focusable=\"false\"><path d=\"M12,4.622c2.403,0,2.688,0.009,3.637,0.052c0.877,0.04,1.354,0.187,1.671,0.31c0.42,0.163,0.72,0.358,1.035,0.673 c0.315,0.315,0.51,0.615,0.673,1.035c0.123,0.317,0.27,0.794,0.31,1.671c0.043,0.949,0.052,1.234,0.052,3.637 s-0.009,2.688-0.052,3.637c-0.04,0.877-0.187,1.354-0.31,1.671c-0.163,0.42-0.358,0.72-0.673,1.035 c-0.315,0.315-0.615,0.51-1.035,0.673c-0.317,0.123-0.794,0.27-1.671,0.31c-0.949,0.043-1.233,0.052-3.637,0.052 s-2.688-0.009-3.637-0.052c-0.877-0.04-1.354-0.187-1.671-0.31c-0.42-0.163-0.72-0.358-1.035-0.673 c-0.315-0.315-0.51-0.615-0.673-1.035c-0.123-0.317-0.27-0.794-0.31-1.671C4.631,14.688,4.622,14.403,4.622,12 s0.009-2.688,0.052-3.637c0.04-0.877,0.187-1.354,0.31-1.671c0.163-0.42,0.358-0.72,0.673-1.035 c0.315-0.315,0.615-0.51,1.035-0.673c0.317-0.123,0.794-0.27,1.671-0.31C9.312,4.631,9.597,4.622,12,4.622 M12,3 C9.556,3,9.249,3.01,8.289,3.054C7.331,3.098,6.677,3.25,6.105,3.472C5.513,3.702,5.011,4.01,4.511,4.511 c-0.5,0.5-0.808,1.002-1.038,1.594C3.25,6.677,3.098,7.331,3.054,8.289C3.01,9.249,3,9.556,3,12c0,2.444,0.01,2.751,0.054,3.711 c0.044,0.958,0.196,1.612,0.418,2.185c0.23,0.592,0.538,1.094,1.038,1.594c0.5,0.5,1.002,0.808,1.594,1.038 c0.572,0.222,1.227,0.375,2.185,0.418C9.249,20.99,9.556,21,12,21s2.751-0.01,3.711-0.054c0.958-0.044,1.612-0.196,2.185-0.418 c0.592-0.23,1.094-0.538,1.594-1.038c0.5-0.5,0.808-1.002,1.038-1.594c0.222-0.572,0.375-1.227,0.418-2.185 C20.99,14.751,21,14.444,21,12s-0.01-2.751-0.054-3.711c-0.044-0.958-0.196-1.612-0.418-2.185c-0.23-0.592-0.538-1.094-1.038-1.594 c-0.5-0.5-1.002-0.808-1.594-1.038c-0.572-0.222-1.227-0.375-2.185-0.418C14.751,3.01,14.444,3,12,3L12,3z M12,7.378 c-2.552,0-4.622,2.069-4.622,4.622S9.448,16.622,12,16.622s4.622-2.069,4.622-4.622S14.552,7.378,12,7.378z M12,15 c-1.657,0-3-1.343-3-3s1.343-3,3-3s3,1.343,3,3S13.657,15,12,15z M16.804,6.116c-0.596,0-1.08,0.484-1.08,1.08 s0.484,1.08,1.08,1.08c0.596,0,1.08-0.484,1.08-1.08S17.401,6.116,16.804,6.116z\"><\/path><\/svg><span class=\"wp-block-social-link-label screen-reader-text\">Instagram<\/span><\/a><\/li><\/ul>\n<\/div>\n\n\n\n<div class=\"wp-block-column is-style-default is-layout-flow wp-block-column-is-layout-flow\" style=\"border-style:none;border-width:0px;padding-top:0;padding-right:0;padding-bottom:0;padding-left:0\">\n<figure class=\"wp-block-image size-full is-resized\"><img loading=\"lazy\" decoding=\"async\" width=\"2560\" height=\"1601\" src=\"https:\/\/schlachthoffestival-traunsee.at\/wp-content\/uploads\/2024\/05\/Kopie-von-Reinhard-Reisenzahn_Performance_Credits-by-Verena-Mayrhofer-edited-scaled.jpg\" alt=\"\" class=\"wp-image-686\" style=\"width:366px;height:auto\" srcset=\"https:\/\/schlachthoffestival-traunsee.at\/wp-content\/uploads\/2024\/05\/Kopie-von-Reinhard-Reisenzahn_Performance_Credits-by-Verena-Mayrhofer-edited-scaled.jpg 2560w, https:\/\/schlachthoffestival-traunsee.at\/wp-content\/uploads\/2024\/05\/Kopie-von-Reinhard-Reisenzahn_Performance_Credits-by-Verena-Mayrhofer-edited-300x188.jpg 300w, https:\/\/schlachthoffestival-traunsee.at\/wp-content\/uploads\/2024\/05\/Kopie-von-Reinhard-Reisenzahn_Performance_Credits-by-Verena-Mayrhofer-edited-1024x640.jpg 1024w, https:\/\/schlachthoffestival-traunsee.at\/wp-content\/uploads\/2024\/05\/Kopie-von-Reinhard-Reisenzahn_Performance_Credits-by-Verena-Mayrhofer-edited-2000x1250.jpg 2000w\" sizes=\"(max-width: 2560px) 100vw, 2560px\" \/><\/figure>\n\n\n\n<h2 class=\"wp-block-heading\">Reinhard Reisenzahn<\/h2>\n\n\n\n<details class=\"wp-block-details is-layout-flow wp-block-details-is-layout-flow\"><summary>Details<\/summary>\n<p>Reinhard Reisenzahn<br>geb. 1984 in Linz, lebt in Stadt Haag\/N\u00d6. Er arbeitet freiberuflich als Tontechniker, studiert Medienkunst an der Universit\u00e4t fur kunstlerische und industrielle Gestaltung in Linz und ist Vorstandsmitglied in verschiedenen Kulturvereinen. Das Ausloten der physikalischen Grenzen von Klang und Akustik sowie die Besch\u00e4ftigung mit elektronischer Technologie liegt im Mittelpunkt seiner Interessen. Sein T\u00e4tigkeitsfeld umfasst einerseits die professionelle Dienstleistung am Tonmischpult und andererseits das experimentelle Arbeiten mit veralteten Medien die in Installationen und Performances zum Einsatz kommen.<\/p>\n\n\n\n<p><small>Abb.: Reisenzahn \u00a9<\/small><\/p>\n<\/details>\n\n\n\n<ul class=\"wp-block-social-links has-icon-color is-style-logos-only is-layout-flex wp-block-social-links-is-layout-flex\"><li style=\"color: #6C6C77; \" class=\"wp-social-link wp-social-link-instagram has-lightgrey-color wp-block-social-link\"><a href=\"https:\/\/www.instagram.com\/reinhardreisenzahn\/\" class=\"wp-block-social-link-anchor\"><svg width=\"24\" height=\"24\" viewBox=\"0 0 24 24\" version=\"1.1\" xmlns=\"http:\/\/www.w3.org\/2000\/svg\" aria-hidden=\"true\" focusable=\"false\"><path d=\"M12,4.622c2.403,0,2.688,0.009,3.637,0.052c0.877,0.04,1.354,0.187,1.671,0.31c0.42,0.163,0.72,0.358,1.035,0.673 c0.315,0.315,0.51,0.615,0.673,1.035c0.123,0.317,0.27,0.794,0.31,1.671c0.043,0.949,0.052,1.234,0.052,3.637 s-0.009,2.688-0.052,3.637c-0.04,0.877-0.187,1.354-0.31,1.671c-0.163,0.42-0.358,0.72-0.673,1.035 c-0.315,0.315-0.615,0.51-1.035,0.673c-0.317,0.123-0.794,0.27-1.671,0.31c-0.949,0.043-1.233,0.052-3.637,0.052 s-2.688-0.009-3.637-0.052c-0.877-0.04-1.354-0.187-1.671-0.31c-0.42-0.163-0.72-0.358-1.035-0.673 c-0.315-0.315-0.51-0.615-0.673-1.035c-0.123-0.317-0.27-0.794-0.31-1.671C4.631,14.688,4.622,14.403,4.622,12 s0.009-2.688,0.052-3.637c0.04-0.877,0.187-1.354,0.31-1.671c0.163-0.42,0.358-0.72,0.673-1.035 c0.315-0.315,0.615-0.51,1.035-0.673c0.317-0.123,0.794-0.27,1.671-0.31C9.312,4.631,9.597,4.622,12,4.622 M12,3 C9.556,3,9.249,3.01,8.289,3.054C7.331,3.098,6.677,3.25,6.105,3.472C5.513,3.702,5.011,4.01,4.511,4.511 c-0.5,0.5-0.808,1.002-1.038,1.594C3.25,6.677,3.098,7.331,3.054,8.289C3.01,9.249,3,9.556,3,12c0,2.444,0.01,2.751,0.054,3.711 c0.044,0.958,0.196,1.612,0.418,2.185c0.23,0.592,0.538,1.094,1.038,1.594c0.5,0.5,1.002,0.808,1.594,1.038 c0.572,0.222,1.227,0.375,2.185,0.418C9.249,20.99,9.556,21,12,21s2.751-0.01,3.711-0.054c0.958-0.044,1.612-0.196,2.185-0.418 c0.592-0.23,1.094-0.538,1.594-1.038c0.5-0.5,0.808-1.002,1.038-1.594c0.222-0.572,0.375-1.227,0.418-2.185 C20.99,14.751,21,14.444,21,12s-0.01-2.751-0.054-3.711c-0.044-0.958-0.196-1.612-0.418-2.185c-0.23-0.592-0.538-1.094-1.038-1.594 c-0.5-0.5-1.002-0.808-1.594-1.038c-0.572-0.222-1.227-0.375-2.185-0.418C14.751,3.01,14.444,3,12,3L12,3z M12,7.378 c-2.552,0-4.622,2.069-4.622,4.622S9.448,16.622,12,16.622s4.622-2.069,4.622-4.622S14.552,7.378,12,7.378z M12,15 c-1.657,0-3-1.343-3-3s1.343-3,3-3s3,1.343,3,3S13.657,15,12,15z M16.804,6.116c-0.596,0-1.08,0.484-1.08,1.08 s0.484,1.08,1.08,1.08c0.596,0,1.08-0.484,1.08-1.08S17.401,6.116,16.804,6.116z\"><\/path><\/svg><span class=\"wp-block-social-link-label screen-reader-text\">Instagram<\/span><\/a><\/li><\/ul>\n<\/div>\n\n\n\n<div class=\"wp-block-column is-style-default is-layout-flow wp-block-column-is-layout-flow\" style=\"border-style:none;border-width:0px;padding-top:0;padding-right:0;padding-bottom:0;padding-left:0\">\n<figure class=\"wp-block-image size-full\"><img loading=\"lazy\" decoding=\"async\" width=\"2560\" height=\"1600\" src=\"https:\/\/schlachthoffestival-traunsee.at\/wp-content\/uploads\/2024\/05\/Kopie-von-Ulli-Gollesch_pic_ManuelDiepold2024-edited-scaled.jpg\" alt=\"\" class=\"wp-image-733\" srcset=\"https:\/\/schlachthoffestival-traunsee.at\/wp-content\/uploads\/2024\/05\/Kopie-von-Ulli-Gollesch_pic_ManuelDiepold2024-edited-scaled.jpg 2560w, https:\/\/schlachthoffestival-traunsee.at\/wp-content\/uploads\/2024\/05\/Kopie-von-Ulli-Gollesch_pic_ManuelDiepold2024-edited-300x188.jpg 300w, https:\/\/schlachthoffestival-traunsee.at\/wp-content\/uploads\/2024\/05\/Kopie-von-Ulli-Gollesch_pic_ManuelDiepold2024-edited-1024x640.jpg 1024w, https:\/\/schlachthoffestival-traunsee.at\/wp-content\/uploads\/2024\/05\/Kopie-von-Ulli-Gollesch_pic_ManuelDiepold2024-edited-2000x1250.jpg 2000w\" sizes=\"(max-width: 2560px) 100vw, 2560px\" \/><\/figure>\n\n\n\n<h2 class=\"wp-block-heading\">Ulli Gollesch<\/h2>\n\n\n\n<details class=\"wp-block-details is-layout-flow wp-block-details-is-layout-flow\"><summary>Details<\/summary>\n<p>Ulli Gollesch (*1983) ist Kunstp\u00e4dagogin an der MS Frohnleiten, Kuratorin des<\/p>\n\n\n\n<p>Kunst off-space Narrenkastl,&nbsp;Kunst- &amp; Kultur-Aktivisten am Land, vielseitige K\u00fcnstlerin und leidenschaftliche Netzwerkerin. Sie studierte an der Universit\u00e4t Mozarteum in Salzburg und der Accademia di Belle Art in Venedig, Grafik und Neue Medien. Transformation von R\u00e4umen, vergessene Geschichten hervorheben, Mutterg\u00f6ttinnen, Druckgrafik, Fotografie, Experimentalfilme, internationale Begegnungen, kreative Spielr\u00e4ume &amp; Experimente, Menschlichkeit und sparten\u00fcbergreifende Projekte sind ihre Interessengebiete.<\/p>\n\n\n\n<p>Ulli Gollesch stellte bereits in&nbsp;zahlreichen Ausstellungen im In &#8211; und Ausland aus, war eingeladene&nbsp;K\u00fcnstlerin bei Kunstsymposien in Indien und Ungarn, ist Mitglied bei der Gruppe 77 und Xylon \u00d6sterreich &#8211; ihr neuestes Projekt ist ihre gro\u00dfe Druckgrafik Werkstatt und Begegnungsraum am Hauptplatz Frohnleiten in der Erlebnisregion Graz.<\/p>\n\n\n\n<p><a href=\"http:\/\/www.ulligollesch.com\/\" target=\"_blank\" rel=\"noreferrer noopener\">www.ulligollesch.com<\/a><\/p>\n\n\n\n<p><small>Abb.: Ulli Gollesch \u00a9<\/small><\/p>\n<\/details>\n\n\n\n<ul class=\"wp-block-social-links has-icon-color is-style-logos-only is-layout-flex wp-block-social-links-is-layout-flex\"><li style=\"color: #6C6C77; \" class=\"wp-social-link wp-social-link-instagram has-lightgrey-color wp-block-social-link\"><a href=\"https:\/\/www.instagram.com\/ulligollesch\/\" class=\"wp-block-social-link-anchor\"><svg width=\"24\" height=\"24\" viewBox=\"0 0 24 24\" version=\"1.1\" xmlns=\"http:\/\/www.w3.org\/2000\/svg\" aria-hidden=\"true\" focusable=\"false\"><path d=\"M12,4.622c2.403,0,2.688,0.009,3.637,0.052c0.877,0.04,1.354,0.187,1.671,0.31c0.42,0.163,0.72,0.358,1.035,0.673 c0.315,0.315,0.51,0.615,0.673,1.035c0.123,0.317,0.27,0.794,0.31,1.671c0.043,0.949,0.052,1.234,0.052,3.637 s-0.009,2.688-0.052,3.637c-0.04,0.877-0.187,1.354-0.31,1.671c-0.163,0.42-0.358,0.72-0.673,1.035 c-0.315,0.315-0.615,0.51-1.035,0.673c-0.317,0.123-0.794,0.27-1.671,0.31c-0.949,0.043-1.233,0.052-3.637,0.052 s-2.688-0.009-3.637-0.052c-0.877-0.04-1.354-0.187-1.671-0.31c-0.42-0.163-0.72-0.358-1.035-0.673 c-0.315-0.315-0.51-0.615-0.673-1.035c-0.123-0.317-0.27-0.794-0.31-1.671C4.631,14.688,4.622,14.403,4.622,12 s0.009-2.688,0.052-3.637c0.04-0.877,0.187-1.354,0.31-1.671c0.163-0.42,0.358-0.72,0.673-1.035 c0.315-0.315,0.615-0.51,1.035-0.673c0.317-0.123,0.794-0.27,1.671-0.31C9.312,4.631,9.597,4.622,12,4.622 M12,3 C9.556,3,9.249,3.01,8.289,3.054C7.331,3.098,6.677,3.25,6.105,3.472C5.513,3.702,5.011,4.01,4.511,4.511 c-0.5,0.5-0.808,1.002-1.038,1.594C3.25,6.677,3.098,7.331,3.054,8.289C3.01,9.249,3,9.556,3,12c0,2.444,0.01,2.751,0.054,3.711 c0.044,0.958,0.196,1.612,0.418,2.185c0.23,0.592,0.538,1.094,1.038,1.594c0.5,0.5,1.002,0.808,1.594,1.038 c0.572,0.222,1.227,0.375,2.185,0.418C9.249,20.99,9.556,21,12,21s2.751-0.01,3.711-0.054c0.958-0.044,1.612-0.196,2.185-0.418 c0.592-0.23,1.094-0.538,1.594-1.038c0.5-0.5,0.808-1.002,1.038-1.594c0.222-0.572,0.375-1.227,0.418-2.185 C20.99,14.751,21,14.444,21,12s-0.01-2.751-0.054-3.711c-0.044-0.958-0.196-1.612-0.418-2.185c-0.23-0.592-0.538-1.094-1.038-1.594 c-0.5-0.5-1.002-0.808-1.594-1.038c-0.572-0.222-1.227-0.375-2.185-0.418C14.751,3.01,14.444,3,12,3L12,3z M12,7.378 c-2.552,0-4.622,2.069-4.622,4.622S9.448,16.622,12,16.622s4.622-2.069,4.622-4.622S14.552,7.378,12,7.378z M12,15 c-1.657,0-3-1.343-3-3s1.343-3,3-3s3,1.343,3,3S13.657,15,12,15z M16.804,6.116c-0.596,0-1.08,0.484-1.08,1.08 s0.484,1.08,1.08,1.08c0.596,0,1.08-0.484,1.08-1.08S17.401,6.116,16.804,6.116z\"><\/path><\/svg><span class=\"wp-block-social-link-label screen-reader-text\">Instagram<\/span><\/a><\/li>\n\n<li style=\"color: #6C6C77; \" class=\"wp-social-link wp-social-link-chain has-lightgrey-color wp-block-social-link\"><a href=\"https:\/\/www.ulligollesch.com\" class=\"wp-block-social-link-anchor\"><svg width=\"24\" height=\"24\" viewBox=\"0 0 24 24\" version=\"1.1\" xmlns=\"http:\/\/www.w3.org\/2000\/svg\" aria-hidden=\"true\" focusable=\"false\"><path d=\"M15.6,7.2H14v1.5h1.6c2,0,3.7,1.7,3.7,3.7s-1.7,3.7-3.7,3.7H14v1.5h1.6c2.8,0,5.2-2.3,5.2-5.2,0-2.9-2.3-5.2-5.2-5.2zM4.7,12.4c0-2,1.7-3.7,3.7-3.7H10V7.2H8.4c-2.9,0-5.2,2.3-5.2,5.2,0,2.9,2.3,5.2,5.2,5.2H10v-1.5H8.4c-2,0-3.7-1.7-3.7-3.7zm4.6.9h5.3v-1.5H9.3v1.5z\"><\/path><\/svg><span class=\"wp-block-social-link-label screen-reader-text\">Link<\/span><\/a><\/li><\/ul>\n<\/div>\n<\/div>\n\n\n\n<div class=\"wp-block-columns is-layout-flex wp-container-core-columns-is-layout-17 wp-block-columns-is-layout-flex\">\n<div class=\"wp-block-column is-style-default is-layout-flow wp-block-column-is-layout-flow\" style=\"border-style:none;border-width:0px;padding-top:0;padding-right:0;padding-bottom:0;padding-left:0\">\n<div class=\"wp-block-columns is-layout-flex wp-container-core-columns-is-layout-16 wp-block-columns-is-layout-flex\">\n<div class=\"wp-block-column is-layout-flow wp-block-column-is-layout-flow\" style=\"flex-basis:100%\">\n<h3 class=\"wp-block-heading has-text-align-center\"><mark style=\"background-color:rgba(0, 0, 0, 0);color:#b26dcf\" class=\"has-inline-color\">Workshop Anmeldung per Mail an <a href=\"mailto:schlachthoffestival.traunsee@gmail.com\" target=\"_blank\" rel=\"noreferrer noopener\">schlachthoffestival.traunsee@gmail.com<\/a><\/mark><\/h3>\n<\/div>\n<\/div>\n\n\n\n<div class=\"wp-block-buttons is-content-justification-center is-layout-flex wp-container-core-buttons-is-layout-1 wp-block-buttons-is-layout-flex\">\n<div class=\"wp-block-button\"><a class=\"wp-block-button__link wp-element-button\" href=\"https:\/\/schlachthoffestival-traunsee.at\/?page_id=756\">Infos zu den Workshops <\/a><\/div>\n<\/div>\n<\/div>\n<\/div>\n\n\n\n<div style=\"height:82px\" aria-hidden=\"true\" class=\"wp-block-spacer\"><\/div>\n\n\n\n<div class=\"wp-block-uagb-advanced-heading uagb-block-3e9777d5\"><h1 class=\"uagb-heading-text\"><mark style=\"background-color:rgba(0, 0, 0, 0);color:#e35151\" class=\"has-inline-color\">mUSIC Artists<\/mark><\/h1><\/div>\n\n\n\n<div style=\"height:32px\" aria-hidden=\"true\" class=\"wp-block-spacer\"><\/div>\n\n\n\n<div class=\"wp-block-columns is-layout-flex wp-container-core-columns-is-layout-18 wp-block-columns-is-layout-flex\">\n<div class=\"wp-block-column is-style-default is-layout-flow wp-block-column-is-layout-flow\" style=\"border-style:none;border-width:0px;padding-top:0;padding-right:0;padding-bottom:0;padding-left:0\">\n<figure class=\"wp-block-image size-full is-resized\"><img loading=\"lazy\" decoding=\"async\" width=\"715\" height=\"447\" src=\"https:\/\/schlachthoffestival-traunsee.at\/wp-content\/uploads\/2024\/05\/Screenshot-2024-05-05-122059-edited.jpg\" alt=\"\" class=\"wp-image-627\" style=\"width:368px;height:auto\" srcset=\"https:\/\/schlachthoffestival-traunsee.at\/wp-content\/uploads\/2024\/05\/Screenshot-2024-05-05-122059-edited.jpg 715w, https:\/\/schlachthoffestival-traunsee.at\/wp-content\/uploads\/2024\/05\/Screenshot-2024-05-05-122059-edited-300x188.jpg 300w\" sizes=\"(max-width: 715px) 100vw, 715px\" \/><\/figure>\n\n\n\n<h2 class=\"wp-block-heading\">The Ed Beaumont Trio<\/h2>\n\n\n\n<details class=\"wp-block-details is-layout-flow wp-block-details-is-layout-flow\"><summary>Details<\/summary>\n<p>Ed Beaumont ist ein 24-j\u00e4hriger Musiker aus London, der psychedelischen Jazz-Folk spielt und heute in Wien lebt, wo er sein drittes Trio gegr\u00fcndet hat. Mit dem Pariser Jean-Lynce Gnanago am Bass und der geb\u00fcrtigen Salzburgerin Valentina Horejs am Schlagzeug, will das Trio in die heimische Wiener Szene vordringen. Die Musik greift apokalyptische Themen des Klimauntergangs auf, mit mehr als einer Prise Einsamkeit und den K\u00e4mpfen mit Zwangsst\u00f6rungen.<\/p>\n\n\n\n<p><small>Abb.: Ed Beaumont \u00a9<\/small><\/p>\n<\/details>\n\n\n\n<ul class=\"wp-block-social-links has-icon-color is-style-logos-only is-layout-flex wp-block-social-links-is-layout-flex\"><li style=\"color: #6C6C77; \" class=\"wp-social-link wp-social-link-instagram has-lightgrey-color wp-block-social-link\"><a href=\"https:\/\/www.instagram.com\/edbeaumontmusic\/\" class=\"wp-block-social-link-anchor\"><svg width=\"24\" height=\"24\" viewBox=\"0 0 24 24\" version=\"1.1\" xmlns=\"http:\/\/www.w3.org\/2000\/svg\" aria-hidden=\"true\" focusable=\"false\"><path d=\"M12,4.622c2.403,0,2.688,0.009,3.637,0.052c0.877,0.04,1.354,0.187,1.671,0.31c0.42,0.163,0.72,0.358,1.035,0.673 c0.315,0.315,0.51,0.615,0.673,1.035c0.123,0.317,0.27,0.794,0.31,1.671c0.043,0.949,0.052,1.234,0.052,3.637 s-0.009,2.688-0.052,3.637c-0.04,0.877-0.187,1.354-0.31,1.671c-0.163,0.42-0.358,0.72-0.673,1.035 c-0.315,0.315-0.615,0.51-1.035,0.673c-0.317,0.123-0.794,0.27-1.671,0.31c-0.949,0.043-1.233,0.052-3.637,0.052 s-2.688-0.009-3.637-0.052c-0.877-0.04-1.354-0.187-1.671-0.31c-0.42-0.163-0.72-0.358-1.035-0.673 c-0.315-0.315-0.51-0.615-0.673-1.035c-0.123-0.317-0.27-0.794-0.31-1.671C4.631,14.688,4.622,14.403,4.622,12 s0.009-2.688,0.052-3.637c0.04-0.877,0.187-1.354,0.31-1.671c0.163-0.42,0.358-0.72,0.673-1.035 c0.315-0.315,0.615-0.51,1.035-0.673c0.317-0.123,0.794-0.27,1.671-0.31C9.312,4.631,9.597,4.622,12,4.622 M12,3 C9.556,3,9.249,3.01,8.289,3.054C7.331,3.098,6.677,3.25,6.105,3.472C5.513,3.702,5.011,4.01,4.511,4.511 c-0.5,0.5-0.808,1.002-1.038,1.594C3.25,6.677,3.098,7.331,3.054,8.289C3.01,9.249,3,9.556,3,12c0,2.444,0.01,2.751,0.054,3.711 c0.044,0.958,0.196,1.612,0.418,2.185c0.23,0.592,0.538,1.094,1.038,1.594c0.5,0.5,1.002,0.808,1.594,1.038 c0.572,0.222,1.227,0.375,2.185,0.418C9.249,20.99,9.556,21,12,21s2.751-0.01,3.711-0.054c0.958-0.044,1.612-0.196,2.185-0.418 c0.592-0.23,1.094-0.538,1.594-1.038c0.5-0.5,0.808-1.002,1.038-1.594c0.222-0.572,0.375-1.227,0.418-2.185 C20.99,14.751,21,14.444,21,12s-0.01-2.751-0.054-3.711c-0.044-0.958-0.196-1.612-0.418-2.185c-0.23-0.592-0.538-1.094-1.038-1.594 c-0.5-0.5-1.002-0.808-1.594-1.038c-0.572-0.222-1.227-0.375-2.185-0.418C14.751,3.01,14.444,3,12,3L12,3z M12,7.378 c-2.552,0-4.622,2.069-4.622,4.622S9.448,16.622,12,16.622s4.622-2.069,4.622-4.622S14.552,7.378,12,7.378z M12,15 c-1.657,0-3-1.343-3-3s1.343-3,3-3s3,1.343,3,3S13.657,15,12,15z M16.804,6.116c-0.596,0-1.08,0.484-1.08,1.08 s0.484,1.08,1.08,1.08c0.596,0,1.08-0.484,1.08-1.08S17.401,6.116,16.804,6.116z\"><\/path><\/svg><span class=\"wp-block-social-link-label screen-reader-text\">Instagram<\/span><\/a><\/li>\n\n<li style=\"color: #6C6C77; \" class=\"wp-social-link wp-social-link-chain has-lightgrey-color wp-block-social-link\"><a href=\"https:\/\/linktr.ee\/edbeaumontmusic\" class=\"wp-block-social-link-anchor\"><svg width=\"24\" height=\"24\" viewBox=\"0 0 24 24\" version=\"1.1\" xmlns=\"http:\/\/www.w3.org\/2000\/svg\" aria-hidden=\"true\" focusable=\"false\"><path d=\"M15.6,7.2H14v1.5h1.6c2,0,3.7,1.7,3.7,3.7s-1.7,3.7-3.7,3.7H14v1.5h1.6c2.8,0,5.2-2.3,5.2-5.2,0-2.9-2.3-5.2-5.2-5.2zM4.7,12.4c0-2,1.7-3.7,3.7-3.7H10V7.2H8.4c-2.9,0-5.2,2.3-5.2,5.2,0,2.9,2.3,5.2,5.2,5.2H10v-1.5H8.4c-2,0-3.7-1.7-3.7-3.7zm4.6.9h5.3v-1.5H9.3v1.5z\"><\/path><\/svg><span class=\"wp-block-social-link-label screen-reader-text\">Link<\/span><\/a><\/li><\/ul>\n<\/div>\n\n\n\n<div class=\"wp-block-column is-style-default is-layout-flow wp-block-column-is-layout-flow\" style=\"border-style:none;border-width:0px;padding-top:0;padding-right:0;padding-bottom:0;padding-left:0\">\n<figure class=\"wp-block-image size-full\"><img loading=\"lazy\" decoding=\"async\" width=\"2560\" height=\"1600\" src=\"https:\/\/schlachthoffestival-traunsee.at\/wp-content\/uploads\/2024\/05\/Foto-Saleh-Rozati-edited-1-scaled.jpg\" alt=\"\" class=\"wp-image-628\" srcset=\"https:\/\/schlachthoffestival-traunsee.at\/wp-content\/uploads\/2024\/05\/Foto-Saleh-Rozati-edited-1-scaled.jpg 2560w, https:\/\/schlachthoffestival-traunsee.at\/wp-content\/uploads\/2024\/05\/Foto-Saleh-Rozati-edited-1-300x187.jpg 300w, https:\/\/schlachthoffestival-traunsee.at\/wp-content\/uploads\/2024\/05\/Foto-Saleh-Rozati-edited-1-1024x640.jpg 1024w, https:\/\/schlachthoffestival-traunsee.at\/wp-content\/uploads\/2024\/05\/Foto-Saleh-Rozati-edited-1-2000x1250.jpg 2000w\" sizes=\"(max-width: 2560px) 100vw, 2560px\" \/><\/figure>\n\n\n\n<h2 class=\"wp-block-heading\">Manu Vera Tudela<\/h2>\n\n\n\n<details class=\"wp-block-details is-layout-flow wp-block-details-is-layout-flow\"><summary>Details<\/summary>\n<p>Manu Vera Tudela (Lima, 1984) ist ein peruanischer Singer-Songwriter mit mehr als 15 Jahren Erfahrung bei Aufnahmen und auf B\u00fchnen in Peru und der ganzen Welt. Er hat sieben Albums und zwei EPs ver\u00f6ffentlicht.<br>Seine Musik ist eine Kombination aus Stilen wie peruanischer Anden- und K\u00fcstenmusik, Jazz, Pop und mehr, sowie dem Einfluss von Reisen, Recherchen und pers\u00f6nlichen Erfahrungen. Seine Inszenierung ist eine Reihe von Dynamik, Emotionen, N\u00e4he und Intensit\u00e4t, in der Rhythmus, Gitarre und Stimme eine grundlegende Rolle spielen.<\/p>\n\n\n\n<p><small>Abb.: Manu Vera Tudela\u00a9<\/small><\/p>\n<\/details>\n\n\n\n<ul class=\"wp-block-social-links has-icon-color is-style-logos-only is-layout-flex wp-block-social-links-is-layout-flex\"><li style=\"color: #6C6C77; \" class=\"wp-social-link wp-social-link-instagram has-lightgrey-color wp-block-social-link\"><a href=\"https:\/\/www.instagram.com\/manuveratudela\/\" class=\"wp-block-social-link-anchor\"><svg width=\"24\" height=\"24\" viewBox=\"0 0 24 24\" version=\"1.1\" xmlns=\"http:\/\/www.w3.org\/2000\/svg\" aria-hidden=\"true\" focusable=\"false\"><path d=\"M12,4.622c2.403,0,2.688,0.009,3.637,0.052c0.877,0.04,1.354,0.187,1.671,0.31c0.42,0.163,0.72,0.358,1.035,0.673 c0.315,0.315,0.51,0.615,0.673,1.035c0.123,0.317,0.27,0.794,0.31,1.671c0.043,0.949,0.052,1.234,0.052,3.637 s-0.009,2.688-0.052,3.637c-0.04,0.877-0.187,1.354-0.31,1.671c-0.163,0.42-0.358,0.72-0.673,1.035 c-0.315,0.315-0.615,0.51-1.035,0.673c-0.317,0.123-0.794,0.27-1.671,0.31c-0.949,0.043-1.233,0.052-3.637,0.052 s-2.688-0.009-3.637-0.052c-0.877-0.04-1.354-0.187-1.671-0.31c-0.42-0.163-0.72-0.358-1.035-0.673 c-0.315-0.315-0.51-0.615-0.673-1.035c-0.123-0.317-0.27-0.794-0.31-1.671C4.631,14.688,4.622,14.403,4.622,12 s0.009-2.688,0.052-3.637c0.04-0.877,0.187-1.354,0.31-1.671c0.163-0.42,0.358-0.72,0.673-1.035 c0.315-0.315,0.615-0.51,1.035-0.673c0.317-0.123,0.794-0.27,1.671-0.31C9.312,4.631,9.597,4.622,12,4.622 M12,3 C9.556,3,9.249,3.01,8.289,3.054C7.331,3.098,6.677,3.25,6.105,3.472C5.513,3.702,5.011,4.01,4.511,4.511 c-0.5,0.5-0.808,1.002-1.038,1.594C3.25,6.677,3.098,7.331,3.054,8.289C3.01,9.249,3,9.556,3,12c0,2.444,0.01,2.751,0.054,3.711 c0.044,0.958,0.196,1.612,0.418,2.185c0.23,0.592,0.538,1.094,1.038,1.594c0.5,0.5,1.002,0.808,1.594,1.038 c0.572,0.222,1.227,0.375,2.185,0.418C9.249,20.99,9.556,21,12,21s2.751-0.01,3.711-0.054c0.958-0.044,1.612-0.196,2.185-0.418 c0.592-0.23,1.094-0.538,1.594-1.038c0.5-0.5,0.808-1.002,1.038-1.594c0.222-0.572,0.375-1.227,0.418-2.185 C20.99,14.751,21,14.444,21,12s-0.01-2.751-0.054-3.711c-0.044-0.958-0.196-1.612-0.418-2.185c-0.23-0.592-0.538-1.094-1.038-1.594 c-0.5-0.5-1.002-0.808-1.594-1.038c-0.572-0.222-1.227-0.375-2.185-0.418C14.751,3.01,14.444,3,12,3L12,3z M12,7.378 c-2.552,0-4.622,2.069-4.622,4.622S9.448,16.622,12,16.622s4.622-2.069,4.622-4.622S14.552,7.378,12,7.378z M12,15 c-1.657,0-3-1.343-3-3s1.343-3,3-3s3,1.343,3,3S13.657,15,12,15z M16.804,6.116c-0.596,0-1.08,0.484-1.08,1.08 s0.484,1.08,1.08,1.08c0.596,0,1.08-0.484,1.08-1.08S17.401,6.116,16.804,6.116z\"><\/path><\/svg><span class=\"wp-block-social-link-label screen-reader-text\">Instagram<\/span><\/a><\/li><\/ul>\n<\/div>\n\n\n\n<div class=\"wp-block-column is-style-default is-layout-flow wp-block-column-is-layout-flow\" style=\"border-style:none;border-width:0px;padding-top:0;padding-right:0;padding-bottom:0;padding-left:0\">\n<figure class=\"wp-block-image size-full\"><img loading=\"lazy\" decoding=\"async\" width=\"1080\" height=\"675\" src=\"https:\/\/schlachthoffestival-traunsee.at\/wp-content\/uploads\/2024\/05\/AmelieTobien_Toursujet-edited.png\" alt=\"\" class=\"wp-image-620\" srcset=\"https:\/\/schlachthoffestival-traunsee.at\/wp-content\/uploads\/2024\/05\/AmelieTobien_Toursujet-edited.png 1080w, https:\/\/schlachthoffestival-traunsee.at\/wp-content\/uploads\/2024\/05\/AmelieTobien_Toursujet-edited-300x188.png 300w, https:\/\/schlachthoffestival-traunsee.at\/wp-content\/uploads\/2024\/05\/AmelieTobien_Toursujet-edited-1024x640.png 1024w\" sizes=\"(max-width: 1080px) 100vw, 1080px\" \/><\/figure>\n\n\n\n<h2 class=\"wp-block-heading\">Amelie Tobien<\/h2>\n\n\n\n<details class=\"wp-block-details is-layout-flow wp-block-details-is-layout-flow\"><summary>Details<\/summary>\n<p>Amelie Tobien, Bardin und Trobairitz des 21. Jahrhunderts, rei\u00dft einen mit weingetr\u00e4nkter<br>Stimme, Akustikgitarre und Mundharmonika mit in einen Fluss der unverf\u00e4lschten<br>Zwischent\u00f6ne. Durch ihre vielen Jahre als Stra\u00dfenmusikerin und Bar-S\u00e4ngerin rund um den<br>Globus, einen unbeirrbaren Kompass der Authentizit\u00e4t in der Tasche, fand sie zu ihrem ganz<br>eigenen Genre, dem Folk-Chanson.<\/p>\n\n\n\n<p>Website: <a href=\"http:\/\/www.amelietobien.com\">www.amelietobien.com<\/a><\/p>\n\n\n\n<p>YouTube: <a href=\"http:\/\/www.youtube.com\/@AmelieTobien\">www.youtube.com\/@AmelieTobien<\/a><\/p>\n\n\n\n<p><small>Abb.: Amelie Tobien\u00a9<\/small><\/p>\n<\/details>\n\n\n\n<ul class=\"wp-block-social-links has-icon-color is-style-logos-only is-layout-flex wp-block-social-links-is-layout-flex\"><li style=\"color: #6C6C77; \" class=\"wp-social-link wp-social-link-instagram has-lightgrey-color wp-block-social-link\"><a href=\"https:\/\/www.instagram.com\/amelietobien\" class=\"wp-block-social-link-anchor\"><svg width=\"24\" height=\"24\" viewBox=\"0 0 24 24\" version=\"1.1\" xmlns=\"http:\/\/www.w3.org\/2000\/svg\" aria-hidden=\"true\" focusable=\"false\"><path d=\"M12,4.622c2.403,0,2.688,0.009,3.637,0.052c0.877,0.04,1.354,0.187,1.671,0.31c0.42,0.163,0.72,0.358,1.035,0.673 c0.315,0.315,0.51,0.615,0.673,1.035c0.123,0.317,0.27,0.794,0.31,1.671c0.043,0.949,0.052,1.234,0.052,3.637 s-0.009,2.688-0.052,3.637c-0.04,0.877-0.187,1.354-0.31,1.671c-0.163,0.42-0.358,0.72-0.673,1.035 c-0.315,0.315-0.615,0.51-1.035,0.673c-0.317,0.123-0.794,0.27-1.671,0.31c-0.949,0.043-1.233,0.052-3.637,0.052 s-2.688-0.009-3.637-0.052c-0.877-0.04-1.354-0.187-1.671-0.31c-0.42-0.163-0.72-0.358-1.035-0.673 c-0.315-0.315-0.51-0.615-0.673-1.035c-0.123-0.317-0.27-0.794-0.31-1.671C4.631,14.688,4.622,14.403,4.622,12 s0.009-2.688,0.052-3.637c0.04-0.877,0.187-1.354,0.31-1.671c0.163-0.42,0.358-0.72,0.673-1.035 c0.315-0.315,0.615-0.51,1.035-0.673c0.317-0.123,0.794-0.27,1.671-0.31C9.312,4.631,9.597,4.622,12,4.622 M12,3 C9.556,3,9.249,3.01,8.289,3.054C7.331,3.098,6.677,3.25,6.105,3.472C5.513,3.702,5.011,4.01,4.511,4.511 c-0.5,0.5-0.808,1.002-1.038,1.594C3.25,6.677,3.098,7.331,3.054,8.289C3.01,9.249,3,9.556,3,12c0,2.444,0.01,2.751,0.054,3.711 c0.044,0.958,0.196,1.612,0.418,2.185c0.23,0.592,0.538,1.094,1.038,1.594c0.5,0.5,1.002,0.808,1.594,1.038 c0.572,0.222,1.227,0.375,2.185,0.418C9.249,20.99,9.556,21,12,21s2.751-0.01,3.711-0.054c0.958-0.044,1.612-0.196,2.185-0.418 c0.592-0.23,1.094-0.538,1.594-1.038c0.5-0.5,0.808-1.002,1.038-1.594c0.222-0.572,0.375-1.227,0.418-2.185 C20.99,14.751,21,14.444,21,12s-0.01-2.751-0.054-3.711c-0.044-0.958-0.196-1.612-0.418-2.185c-0.23-0.592-0.538-1.094-1.038-1.594 c-0.5-0.5-1.002-0.808-1.594-1.038c-0.572-0.222-1.227-0.375-2.185-0.418C14.751,3.01,14.444,3,12,3L12,3z M12,7.378 c-2.552,0-4.622,2.069-4.622,4.622S9.448,16.622,12,16.622s4.622-2.069,4.622-4.622S14.552,7.378,12,7.378z M12,15 c-1.657,0-3-1.343-3-3s1.343-3,3-3s3,1.343,3,3S13.657,15,12,15z M16.804,6.116c-0.596,0-1.08,0.484-1.08,1.08 s0.484,1.08,1.08,1.08c0.596,0,1.08-0.484,1.08-1.08S17.401,6.116,16.804,6.116z\"><\/path><\/svg><span class=\"wp-block-social-link-label screen-reader-text\">Instagram<\/span><\/a><\/li>\n\n<li style=\"color: #6C6C77; \" class=\"wp-social-link wp-social-link-youtube has-lightgrey-color wp-block-social-link\"><a href=\"https:\/\/www.youtube.com\/@AmelieTobien\" class=\"wp-block-social-link-anchor\"><svg width=\"24\" height=\"24\" viewBox=\"0 0 24 24\" version=\"1.1\" xmlns=\"http:\/\/www.w3.org\/2000\/svg\" aria-hidden=\"true\" focusable=\"false\"><path d=\"M21.8,8.001c0,0-0.195-1.378-0.795-1.985c-0.76-0.797-1.613-0.801-2.004-0.847c-2.799-0.202-6.997-0.202-6.997-0.202 h-0.009c0,0-4.198,0-6.997,0.202C4.608,5.216,3.756,5.22,2.995,6.016C2.395,6.623,2.2,8.001,2.2,8.001S2,9.62,2,11.238v1.517 c0,1.618,0.2,3.237,0.2,3.237s0.195,1.378,0.795,1.985c0.761,0.797,1.76,0.771,2.205,0.855c1.6,0.153,6.8,0.201,6.8,0.201 s4.203-0.006,7.001-0.209c0.391-0.047,1.243-0.051,2.004-0.847c0.6-0.607,0.795-1.985,0.795-1.985s0.2-1.618,0.2-3.237v-1.517 C22,9.62,21.8,8.001,21.8,8.001z M9.935,14.594l-0.001-5.62l5.404,2.82L9.935,14.594z\"><\/path><\/svg><span class=\"wp-block-social-link-label screen-reader-text\">YouTube<\/span><\/a><\/li>\n\n<li style=\"color: #6C6C77; \" class=\"wp-social-link wp-social-link-chain has-lightgrey-color wp-block-social-link\"><a href=\"https:\/\/www.amelietobien.com\" class=\"wp-block-social-link-anchor\"><svg width=\"24\" height=\"24\" viewBox=\"0 0 24 24\" version=\"1.1\" xmlns=\"http:\/\/www.w3.org\/2000\/svg\" aria-hidden=\"true\" focusable=\"false\"><path d=\"M15.6,7.2H14v1.5h1.6c2,0,3.7,1.7,3.7,3.7s-1.7,3.7-3.7,3.7H14v1.5h1.6c2.8,0,5.2-2.3,5.2-5.2,0-2.9-2.3-5.2-5.2-5.2zM4.7,12.4c0-2,1.7-3.7,3.7-3.7H10V7.2H8.4c-2.9,0-5.2,2.3-5.2,5.2,0,2.9,2.3,5.2,5.2,5.2H10v-1.5H8.4c-2,0-3.7-1.7-3.7-3.7zm4.6.9h5.3v-1.5H9.3v1.5z\"><\/path><\/svg><span class=\"wp-block-social-link-label screen-reader-text\">Link<\/span><\/a><\/li>\n\n<li style=\"color: #6C6C77; \" class=\"wp-social-link wp-social-link-chain has-lightgrey-color wp-block-social-link\"><a href=\"https:\/\/www.amelietobien.com\" class=\"wp-block-social-link-anchor\"><svg width=\"24\" height=\"24\" viewBox=\"0 0 24 24\" version=\"1.1\" xmlns=\"http:\/\/www.w3.org\/2000\/svg\" aria-hidden=\"true\" focusable=\"false\"><path d=\"M15.6,7.2H14v1.5h1.6c2,0,3.7,1.7,3.7,3.7s-1.7,3.7-3.7,3.7H14v1.5h1.6c2.8,0,5.2-2.3,5.2-5.2,0-2.9-2.3-5.2-5.2-5.2zM4.7,12.4c0-2,1.7-3.7,3.7-3.7H10V7.2H8.4c-2.9,0-5.2,2.3-5.2,5.2,0,2.9,2.3,5.2,5.2,5.2H10v-1.5H8.4c-2,0-3.7-1.7-3.7-3.7zm4.6.9h5.3v-1.5H9.3v1.5z\"><\/path><\/svg><span class=\"wp-block-social-link-label screen-reader-text\">Link<\/span><\/a><\/li><\/ul>\n<\/div>\n<\/div>\n<\/div>\n\n\n\n<div class=\"wp-block-columns is-layout-flex wp-container-core-columns-is-layout-20 wp-block-columns-is-layout-flex\">\n<div class=\"wp-block-column is-layout-flow wp-block-column-is-layout-flow\" style=\"flex-basis:100%\">\n<div class=\"wp-block-group has-global-padding is-layout-constrained wp-block-group-is-layout-constrained\">\n<div class=\"wp-block-columns is-layout-flex wp-container-core-columns-is-layout-19 wp-block-columns-is-layout-flex\">\n<div class=\"wp-block-column is-layout-flow wp-block-column-is-layout-flow\"><\/div>\n<\/div>\n<\/div>\n<\/div>\n<\/div>\n\n\n\n<div class=\"wp-block-uagb-advanced-heading uagb-block-e5c2c6ad\"><h2 class=\"uagb-heading-text\">Unsere Sponsoren f\u00fcr 2024<\/h2><\/div>\n\n\n\n<p>In Zusammenarbeit mit Kulturhauptstadt Salzkammergut 2024, dem \u00f6rtlichen Festivalsplatz Gruber Metzgerei und weiteren Unterst\u00fctzern, freuen wir uns auf ein erfolgreiches Schlachthoffestival Traunsee 2024.<br><br>F\u00fcr mehr Info, Logo anklicken<\/p>\n\n\n\n<div class=\"wp-block-group is-horizontal is-content-justification-space-between is-nowrap is-layout-flex wp-container-core-group-is-layout-8 wp-block-group-is-layout-flex\">\n<figure class=\"wp-block-image aligncenter size-full is-resized\"><a href=\"https:\/\/www.salzkammergut-2024.at\/\"><img loading=\"lazy\" decoding=\"async\" width=\"515\" height=\"135\" src=\"https:\/\/schlachthoffestival-traunsee.at\/wp-content\/uploads\/2024\/03\/WhatsApp-Image-2023-12-26-at-10.15.04-edited.jpeg\" alt=\"\" class=\"wp-image-81\" style=\"width:361px;height:auto\" srcset=\"https:\/\/schlachthoffestival-traunsee.at\/wp-content\/uploads\/2024\/03\/WhatsApp-Image-2023-12-26-at-10.15.04-edited.jpeg 515w, https:\/\/schlachthoffestival-traunsee.at\/wp-content\/uploads\/2024\/03\/WhatsApp-Image-2023-12-26-at-10.15.04-edited-300x79.jpeg 300w\" sizes=\"(max-width: 515px) 100vw, 515px\" \/><\/a><\/figure>\n\n\n\n<figure class=\"wp-block-image size-full is-resized\"><a href=\"https:\/\/www.metzgerei-gruber.at\/\"><img loading=\"lazy\" decoding=\"async\" width=\"371\" height=\"100\" src=\"https:\/\/schlachthoffestival-traunsee.at\/wp-content\/uploads\/2024\/03\/79A87A89-7EDB-4C9B-8E1D-34AF3BA9BDCE.png\" alt=\"\" class=\"wp-image-80\" style=\"width:230px;height:auto\" srcset=\"https:\/\/schlachthoffestival-traunsee.at\/wp-content\/uploads\/2024\/03\/79A87A89-7EDB-4C9B-8E1D-34AF3BA9BDCE.png 371w, https:\/\/schlachthoffestival-traunsee.at\/wp-content\/uploads\/2024\/03\/79A87A89-7EDB-4C9B-8E1D-34AF3BA9BDCE-300x81.png 300w\" sizes=\"(max-width: 371px) 100vw, 371px\" \/><\/a><\/figure>\n\n\n\n<figure class=\"wp-block-image aligncenter size-large is-resized\"><a href=\"https:\/\/www.tapaletta.com\/\"><img loading=\"lazy\" decoding=\"async\" width=\"1024\" height=\"704\" src=\"https:\/\/schlachthoffestival-traunsee.at\/wp-content\/uploads\/2024\/03\/Outlook-lgxzmp5f-1024x704.jpg\" alt=\"\" class=\"wp-image-79\" style=\"width:128px;height:auto\" srcset=\"https:\/\/schlachthoffestival-traunsee.at\/wp-content\/uploads\/2024\/03\/Outlook-lgxzmp5f-1024x704.jpg 1024w, https:\/\/schlachthoffestival-traunsee.at\/wp-content\/uploads\/2024\/03\/Outlook-lgxzmp5f-300x206.jpg 300w, https:\/\/schlachthoffestival-traunsee.at\/wp-content\/uploads\/2024\/03\/Outlook-lgxzmp5f.jpg 1968w\" sizes=\"(max-width: 1024px) 100vw, 1024px\" \/><\/a><\/figure>\n\n\n\n<figure class=\"wp-block-image size-large is-resized\"><a href=\"https:\/\/sbhf.at\/\"><img loading=\"lazy\" decoding=\"async\" width=\"1024\" height=\"1024\" src=\"https:\/\/schlachthoffestival-traunsee.at\/wp-content\/uploads\/2024\/03\/Logo_transparent-1024x1024.png\" alt=\"\" class=\"wp-image-78\" style=\"width:88px;height:auto\" srcset=\"https:\/\/schlachthoffestival-traunsee.at\/wp-content\/uploads\/2024\/03\/Logo_transparent-1024x1024.png 1024w, https:\/\/schlachthoffestival-traunsee.at\/wp-content\/uploads\/2024\/03\/Logo_transparent-300x300.png 300w, https:\/\/schlachthoffestival-traunsee.at\/wp-content\/uploads\/2024\/03\/Logo_transparent-150x150.png 150w, https:\/\/schlachthoffestival-traunsee.at\/wp-content\/uploads\/2024\/03\/Logo_transparent-2000x2000.png 2000w, https:\/\/schlachthoffestival-traunsee.at\/wp-content\/uploads\/2024\/03\/Logo_transparent-1536x1536.png 1536w, https:\/\/schlachthoffestival-traunsee.at\/wp-content\/uploads\/2024\/03\/Logo_transparent.png 2048w, https:\/\/schlachthoffestival-traunsee.at\/wp-content\/uploads\/2024\/03\/Logo_transparent-600x600.png 600w, https:\/\/schlachthoffestival-traunsee.at\/wp-content\/uploads\/2024\/03\/Logo_transparent-1200x1200.png 1200w, https:\/\/schlachthoffestival-traunsee.at\/wp-content\/uploads\/2024\/03\/Logo_transparent-800x800.png 800w\" sizes=\"(max-width: 1024px) 100vw, 1024px\" \/><\/a><\/figure>\n<\/div>\n","protected":false},"excerpt":{"rendered":"<p>&#8222;say no!&#8220; ist der \u00fcbergeordnete Titel des Schlachthoffestival Traunsee 2024, welches im Zuge der Kulturhauptstadt Europas vom 31. Mai bis zum 2. Juni 2024 stattfindet. Was steckt aber hinter dieser Thematik? Neinsagen als ein emanzipatorischer und selbstsch\u00fctzender Akt ist ein nicht wegzudenkender Teil der zwischenmenschlichen Kommunikation. Neinsagen muss gelernt sein, es braucht \u00dcberwindung, Mut und &hellip; <\/p>\n<p class=\"link-more\"><a href=\"https:\/\/schlachthoffestival-traunsee.at\/?page_id=515\" class=\"more-link\">Mehr <span class=\"screen-reader-text\">\u00fcber &#8222;&#8220; <\/span>Lesen<\/a><\/p>\n","protected":false},"author":1,"featured_media":0,"parent":0,"menu_order":0,"comment_status":"closed","ping_status":"closed","template":"","meta":{"_uag_custom_page_level_css":"","footnotes":"[]"},"yoast_head":"<!-- This site is optimized with the Yoast SEO plugin v24.5 - https:\/\/yoast.com\/wordpress\/plugins\/seo\/ -->\n<title>- Schlachthoffestival Traunsee<\/title>\n<meta name=\"robots\" content=\"index, follow, max-snippet:-1, max-image-preview:large, max-video-preview:-1\" \/>\n<link rel=\"canonical\" href=\"https:\/\/schlachthoffestival-traunsee.at\/?page_id=515\" \/>\n<meta property=\"og:locale\" content=\"de_DE\" \/>\n<meta property=\"og:type\" content=\"article\" \/>\n<meta property=\"og:title\" content=\"- Schlachthoffestival Traunsee\" \/>\n<meta property=\"og:description\" content=\"&quot;say no!&quot; ist der \u00fcbergeordnete Titel des Schlachthoffestival Traunsee 2024, welches im Zuge der Kulturhauptstadt Europas vom 31. Mai bis zum 2. Juni 2024 stattfindet. Was steckt aber hinter dieser Thematik? Neinsagen als ein emanzipatorischer und selbstsch\u00fctzender Akt ist ein nicht wegzudenkender Teil der zwischenmenschlichen Kommunikation. Neinsagen muss gelernt sein, es braucht \u00dcberwindung, Mut und &hellip; Mehr \u00fcber &quot;&quot; Lesen\" \/>\n<meta property=\"og:url\" content=\"https:\/\/schlachthoffestival-traunsee.at\/?page_id=515\" \/>\n<meta property=\"og:site_name\" content=\"Schlachthoffestival Traunsee\" \/>\n<meta property=\"article:modified_time\" content=\"2025-04-07T14:53:39+00:00\" \/>\n<meta property=\"og:image\" content=\"https:\/\/schlachthoffestival-traunsee.at\/wp-content\/uploads\/2024\/03\/Schlachthof_2022_147-scaled.jpg\" \/>\n\t<meta property=\"og:image:width\" content=\"2560\" \/>\n\t<meta property=\"og:image:height\" content=\"1707\" \/>\n\t<meta property=\"og:image:type\" content=\"image\/jpeg\" \/>\n<meta name=\"twitter:card\" content=\"summary_large_image\" \/>\n<meta name=\"twitter:label1\" content=\"Gesch\u00e4tzte Lesezeit\" \/>\n\t<meta name=\"twitter:data1\" content=\"20\u00a0Minuten\" \/>\n<script type=\"application\/ld+json\" class=\"yoast-schema-graph\">{\"@context\":\"https:\/\/schema.org\",\"@graph\":[{\"@type\":\"WebPage\",\"@id\":\"https:\/\/schlachthoffestival-traunsee.at\/?page_id=515\",\"url\":\"https:\/\/schlachthoffestival-traunsee.at\/?page_id=515\",\"name\":\"- Schlachthoffestival Traunsee\",\"isPartOf\":{\"@id\":\"https:\/\/schlachthoffestival-traunsee.at\/#website\"},\"primaryImageOfPage\":{\"@id\":\"https:\/\/schlachthoffestival-traunsee.at\/?page_id=515#primaryimage\"},\"image\":{\"@id\":\"https:\/\/schlachthoffestival-traunsee.at\/?page_id=515#primaryimage\"},\"thumbnailUrl\":\"https:\/\/schlachthoffestival-traunsee.at\/wp-content\/uploads\/2024\/03\/Schlachthof_2022_147-scaled.jpg\",\"datePublished\":\"2024-04-19T10:26:30+00:00\",\"dateModified\":\"2025-04-07T14:53:39+00:00\",\"inLanguage\":\"de\",\"potentialAction\":[{\"@type\":\"ReadAction\",\"target\":[\"https:\/\/schlachthoffestival-traunsee.at\/?page_id=515\"]}]},{\"@type\":\"ImageObject\",\"inLanguage\":\"de\",\"@id\":\"https:\/\/schlachthoffestival-traunsee.at\/?page_id=515#primaryimage\",\"url\":\"https:\/\/schlachthoffestival-traunsee.at\/wp-content\/uploads\/2024\/03\/Schlachthof_2022_147-scaled.jpg\",\"contentUrl\":\"https:\/\/schlachthoffestival-traunsee.at\/wp-content\/uploads\/2024\/03\/Schlachthof_2022_147-scaled.jpg\",\"width\":2560,\"height\":1707},{\"@type\":\"WebSite\",\"@id\":\"https:\/\/schlachthoffestival-traunsee.at\/#website\",\"url\":\"https:\/\/schlachthoffestival-traunsee.at\/\",\"name\":\"Schlachthoffestival Traunsee\",\"description\":\"\",\"publisher\":{\"@id\":\"https:\/\/schlachthoffestival-traunsee.at\/#organization\"},\"potentialAction\":[{\"@type\":\"SearchAction\",\"target\":{\"@type\":\"EntryPoint\",\"urlTemplate\":\"https:\/\/schlachthoffestival-traunsee.at\/?s={search_term_string}\"},\"query-input\":{\"@type\":\"PropertyValueSpecification\",\"valueRequired\":true,\"valueName\":\"search_term_string\"}}],\"inLanguage\":\"de\"},{\"@type\":\"Organization\",\"@id\":\"https:\/\/schlachthoffestival-traunsee.at\/#organization\",\"name\":\"Schlachthoffestival Traunsee\",\"url\":\"https:\/\/schlachthoffestival-traunsee.at\/\",\"logo\":{\"@type\":\"ImageObject\",\"inLanguage\":\"de\",\"@id\":\"https:\/\/schlachthoffestival-traunsee.at\/#\/schema\/logo\/image\/\",\"url\":\"https:\/\/schlachthoffestival-traunsee.at\/wp-content\/uploads\/2026\/04\/cropped-cropped-WhatsApp-Image-2026-03-31-at-19.49.321-1.jpeg\",\"contentUrl\":\"https:\/\/schlachthoffestival-traunsee.at\/wp-content\/uploads\/2026\/04\/cropped-cropped-WhatsApp-Image-2026-03-31-at-19.49.321-1.jpeg\",\"width\":512,\"height\":512,\"caption\":\"Schlachthoffestival Traunsee\"},\"image\":{\"@id\":\"https:\/\/schlachthoffestival-traunsee.at\/#\/schema\/logo\/image\/\"}}]}<\/script>\n<!-- \/ Yoast SEO plugin. -->","yoast_head_json":{"title":"- Schlachthoffestival Traunsee","robots":{"index":"index","follow":"follow","max-snippet":"max-snippet:-1","max-image-preview":"max-image-preview:large","max-video-preview":"max-video-preview:-1"},"canonical":"https:\/\/schlachthoffestival-traunsee.at\/?page_id=515","og_locale":"de_DE","og_type":"article","og_title":"- Schlachthoffestival Traunsee","og_description":"\"say no!\" ist der \u00fcbergeordnete Titel des Schlachthoffestival Traunsee 2024, welches im Zuge der Kulturhauptstadt Europas vom 31. Mai bis zum 2. Juni 2024 stattfindet. Was steckt aber hinter dieser Thematik? Neinsagen als ein emanzipatorischer und selbstsch\u00fctzender Akt ist ein nicht wegzudenkender Teil der zwischenmenschlichen Kommunikation. Neinsagen muss gelernt sein, es braucht \u00dcberwindung, Mut und &hellip; Mehr \u00fcber \"\" Lesen","og_url":"https:\/\/schlachthoffestival-traunsee.at\/?page_id=515","og_site_name":"Schlachthoffestival Traunsee","article_modified_time":"2025-04-07T14:53:39+00:00","og_image":[{"width":2560,"height":1707,"url":"https:\/\/schlachthoffestival-traunsee.at\/wp-content\/uploads\/2024\/03\/Schlachthof_2022_147-scaled.jpg","type":"image\/jpeg"}],"twitter_card":"summary_large_image","twitter_misc":{"Gesch\u00e4tzte Lesezeit":"20\u00a0Minuten"},"schema":{"@context":"https:\/\/schema.org","@graph":[{"@type":"WebPage","@id":"https:\/\/schlachthoffestival-traunsee.at\/?page_id=515","url":"https:\/\/schlachthoffestival-traunsee.at\/?page_id=515","name":"- Schlachthoffestival Traunsee","isPartOf":{"@id":"https:\/\/schlachthoffestival-traunsee.at\/#website"},"primaryImageOfPage":{"@id":"https:\/\/schlachthoffestival-traunsee.at\/?page_id=515#primaryimage"},"image":{"@id":"https:\/\/schlachthoffestival-traunsee.at\/?page_id=515#primaryimage"},"thumbnailUrl":"https:\/\/schlachthoffestival-traunsee.at\/wp-content\/uploads\/2024\/03\/Schlachthof_2022_147-scaled.jpg","datePublished":"2024-04-19T10:26:30+00:00","dateModified":"2025-04-07T14:53:39+00:00","inLanguage":"de","potentialAction":[{"@type":"ReadAction","target":["https:\/\/schlachthoffestival-traunsee.at\/?page_id=515"]}]},{"@type":"ImageObject","inLanguage":"de","@id":"https:\/\/schlachthoffestival-traunsee.at\/?page_id=515#primaryimage","url":"https:\/\/schlachthoffestival-traunsee.at\/wp-content\/uploads\/2024\/03\/Schlachthof_2022_147-scaled.jpg","contentUrl":"https:\/\/schlachthoffestival-traunsee.at\/wp-content\/uploads\/2024\/03\/Schlachthof_2022_147-scaled.jpg","width":2560,"height":1707},{"@type":"WebSite","@id":"https:\/\/schlachthoffestival-traunsee.at\/#website","url":"https:\/\/schlachthoffestival-traunsee.at\/","name":"Schlachthoffestival Traunsee","description":"","publisher":{"@id":"https:\/\/schlachthoffestival-traunsee.at\/#organization"},"potentialAction":[{"@type":"SearchAction","target":{"@type":"EntryPoint","urlTemplate":"https:\/\/schlachthoffestival-traunsee.at\/?s={search_term_string}"},"query-input":{"@type":"PropertyValueSpecification","valueRequired":true,"valueName":"search_term_string"}}],"inLanguage":"de"},{"@type":"Organization","@id":"https:\/\/schlachthoffestival-traunsee.at\/#organization","name":"Schlachthoffestival Traunsee","url":"https:\/\/schlachthoffestival-traunsee.at\/","logo":{"@type":"ImageObject","inLanguage":"de","@id":"https:\/\/schlachthoffestival-traunsee.at\/#\/schema\/logo\/image\/","url":"https:\/\/schlachthoffestival-traunsee.at\/wp-content\/uploads\/2026\/04\/cropped-cropped-WhatsApp-Image-2026-03-31-at-19.49.321-1.jpeg","contentUrl":"https:\/\/schlachthoffestival-traunsee.at\/wp-content\/uploads\/2026\/04\/cropped-cropped-WhatsApp-Image-2026-03-31-at-19.49.321-1.jpeg","width":512,"height":512,"caption":"Schlachthoffestival Traunsee"},"image":{"@id":"https:\/\/schlachthoffestival-traunsee.at\/#\/schema\/logo\/image\/"}}]}},"uagb_featured_image_src":{"full":false,"thumbnail":false,"medium":false,"medium_large":false,"large":false,"1536x1536":false,"2048x2048":false,"inspiro-featured-image":false,"inspiro-loop":false,"inspiro-loop@2x":false,"portfolio_item-thumbnail":false,"portfolio_item-thumbnail@2x":false,"portfolio_item-masonry":false,"portfolio_item-masonry@2x":false,"portfolio_item-thumbnail_cinema":false,"portfolio_item-thumbnail_portrait":false,"portfolio_item-thumbnail_portrait@2x":false,"portfolio_item-thumbnail_square":false},"uagb_author_info":{"display_name":"schlachthoffestival.traunsee","author_link":"https:\/\/schlachthoffestival-traunsee.at\/?author=1"},"uagb_comment_info":0,"uagb_excerpt":"\"say no!\" ist der \u00fcbergeordnete Titel des Schlachthoffestival Traunsee 2024, welches im Zuge der Kulturhauptstadt Europas vom 31. Mai bis zum 2. Juni 2024 stattfindet. Was steckt aber hinter dieser Thematik? Neinsagen als ein emanzipatorischer und selbstsch\u00fctzender Akt ist ein nicht wegzudenkender Teil der zwischenmenschlichen Kommunikation. Neinsagen muss gelernt sein, es braucht \u00dcberwindung, Mut und&hellip;","featured_media_urls":[],"_links":{"self":[{"href":"https:\/\/schlachthoffestival-traunsee.at\/index.php?rest_route=\/wp\/v2\/pages\/515"}],"collection":[{"href":"https:\/\/schlachthoffestival-traunsee.at\/index.php?rest_route=\/wp\/v2\/pages"}],"about":[{"href":"https:\/\/schlachthoffestival-traunsee.at\/index.php?rest_route=\/wp\/v2\/types\/page"}],"author":[{"embeddable":true,"href":"https:\/\/schlachthoffestival-traunsee.at\/index.php?rest_route=\/wp\/v2\/users\/1"}],"replies":[{"embeddable":true,"href":"https:\/\/schlachthoffestival-traunsee.at\/index.php?rest_route=%2Fwp%2Fv2%2Fcomments&post=515"}],"version-history":[{"count":63,"href":"https:\/\/schlachthoffestival-traunsee.at\/index.php?rest_route=\/wp\/v2\/pages\/515\/revisions"}],"predecessor-version":[{"id":1450,"href":"https:\/\/schlachthoffestival-traunsee.at\/index.php?rest_route=\/wp\/v2\/pages\/515\/revisions\/1450"}],"wp:attachment":[{"href":"https:\/\/schlachthoffestival-traunsee.at\/index.php?rest_route=%2Fwp%2Fv2%2Fmedia&parent=515"}],"curies":[{"name":"wp","href":"https:\/\/api.w.org\/{rel}","templated":true}]}}