{"id":1689,"date":"2026-01-15T21:46:22","date_gmt":"2026-01-15T20:46:22","guid":{"rendered":"https:\/\/schlachthoffestival-traunsee.at\/?page_id=1689"},"modified":"2026-01-16T22:18:59","modified_gmt":"2026-01-16T21:18:59","slug":"open-call-2","status":"publish","type":"page","link":"https:\/\/schlachthoffestival-traunsee.at\/?page_id=1689","title":{"rendered":""},"content":{"rendered":"\t\t<div data-elementor-type=\"wp-page\" data-elementor-id=\"1689\" class=\"elementor elementor-1689\">\n\t\t\t\t<div class=\"elementor-element elementor-element-3edb20c e-flex e-con-boxed wpr-particle-no wpr-jarallax-no wpr-parallax-no wpr-sticky-section-no e-con e-parent\" data-id=\"3edb20c\" data-element_type=\"container\">\n\t\t\t\t\t<div class=\"e-con-inner\">\n\t\t\t\t<div class=\"elementor-element elementor-element-21e9b636 elementor-widget elementor-widget-text-editor\" data-id=\"21e9b636\" data-element_type=\"widget\" data-widget_type=\"text-editor.default\">\n\t\t\t\t<div class=\"elementor-widget-container\">\n\t\t\t\t\t\t\t\t\t\n<div class=\"wp-block-uagb-container uagb-block-9b5270f8 alignfull uagb-is-root-container\"><div class=\"uagb-container-inner-blocks-wrap\">\n<h1 class=\"wp-block-heading has-text-align-center\"><strong>Schlachthoffestival Traunsee \u2013 Call for Entries 2026<\/strong><\/h1>\n\n\n\n<div class=\"wp-block-uagb-advanced-heading uagb-block-8f8a86f5\"><h2 class=\"uagb-heading-text\"><strong>Thema:<\/strong> <strong>bouquet<\/strong><\/h2><\/div>\n\n\n\n<p>Das Thema \u201ebouquet\u201c umfasst zwei Bedeutungen: einerseits das kunstvolle Arrangement eines Blumenstrau\u00dfes, andererseits den bitters\u00fc\u00dfen Duft von Wein. Beide verweisen auf eine sinnliche Verdichtung, die \u00fcber das Visuelle hinausgeht und ein Zusammenspiel der Sinne (Sehen, Riechen, Schmecken, H\u00f6ren, F\u00fchlen) erm\u00f6glicht.<br><br><strong>\u00c4sthetisches Erleben<\/strong><br>\u00c4sthetische Erfahrung wird als leibbezogenes, mehrdimensionales Geschehen verstanden, das sich zwischen Kunst und Alltag, Rezeption und Gestaltung bewegt. Sie entzieht sich oft der sprachlichen Fassung und bleibt ein offenes Feld. (Vgl. Brandst\u00e4tter 2013\/2012)<\/p>\n\n\n\n<p><strong>Mythologischer und symbolischer Hintergrund<\/strong><br>Dionysos als Gott des Weines, des Rausches, des Theaters und der Ekstase verk\u00f6rpert die Aufl\u00f6sung von Grenzen.Blumen und Pflanzen tragen seit jeher symbolische Bedeutungen und dienen in der zeitgen\u00f6ssischen Kunst auch als Zeichen des Widerstands.Ein \u201ebouquet\u201c steht f\u00fcr Gemeinschaft durch Vielfalt: das Miteinander des Verschiedenen schafft etwas Neues, das gr\u00f6\u00dfer ist als die Summe seiner Teile.<\/p>\n\n\n\n<p><strong>Einladung zur Einreichung<\/strong><br>Gesucht werden k\u00fcnstlerisch-kritische Auseinandersetzungen mit dem Thema in den Bereichen: Bildende Kunst, Literatur, Performance, Theater, MusikEs k\u00f6nnen auch erste Konzeptideen eingereicht werden, keine fertige Arbeit erforderlich.<\/p>\n\n\n\n<p><strong>Ort und Rahmen<\/strong><br>Ort: aktiver Gruber-Schlachthof in Traunkirchen<br>Dauer: drei Tage<br>Die Festivalorganisation stellt Unterkunft zur Verf\u00fcgung.<br>Erwartet wird aktive Teilnahme am Gemeinschaftsleben (kochen, leben, helfen) und Offenheit f\u00fcr nachhaltigen Austausch und Vernetzung.<\/p>\n\n\n\n<p><strong>Bewerbungsfrist:<\/strong> 01.02.2026<br><strong>E-Mail:<\/strong> schlachthoffestival.traunsee@gmail.com<br><strong>Bewerbungsinhalt:<\/strong>Kurze Vorstellung deiner Person und Konzeptidee f\u00fcr eine Arbeit\/Performance etc.<br><strong>R\u00fcckmeldung:<\/strong> Bis Ende Februar 2026F\u00fcr Fragen steht das Team gerne zur Verf\u00fcgung.<\/p>\n<\/div><\/div>\n\n\n\n<figure class=\"wp-block-image size-large is-resized\"><img fetchpriority=\"high\" decoding=\"async\" width=\"724\" height=\"1024\" src=\"https:\/\/schlachthoffestival-traunsee.at\/wp-content\/uploads\/2026\/01\/WhatsApp-Image-2026-01-15-at-18.48.291-724x1024.jpeg\" alt=\"\" class=\"wp-image-1708\" style=\"width:430px;height:auto\" srcset=\"https:\/\/schlachthoffestival-traunsee.at\/wp-content\/uploads\/2026\/01\/WhatsApp-Image-2026-01-15-at-18.48.291-724x1024.jpeg 724w, https:\/\/schlachthoffestival-traunsee.at\/wp-content\/uploads\/2026\/01\/WhatsApp-Image-2026-01-15-at-18.48.291-212x300.jpeg 212w, https:\/\/schlachthoffestival-traunsee.at\/wp-content\/uploads\/2026\/01\/WhatsApp-Image-2026-01-15-at-18.48.291.jpeg 1131w\" sizes=\"(max-width: 724px) 100vw, 724px\" \/><\/figure>\n\n\n\n<figure class=\"wp-block-image size-large\"><img decoding=\"async\" width=\"1024\" height=\"724\" src=\"https:\/\/schlachthoffestival-traunsee.at\/wp-content\/uploads\/2026\/01\/WhatsApp-Image-2026-01-15-at-18.48.29-1024x724.jpeg\" alt=\"\" class=\"wp-image-1709\" srcset=\"https:\/\/schlachthoffestival-traunsee.at\/wp-content\/uploads\/2026\/01\/WhatsApp-Image-2026-01-15-at-18.48.29-1024x724.jpeg 1024w, https:\/\/schlachthoffestival-traunsee.at\/wp-content\/uploads\/2026\/01\/WhatsApp-Image-2026-01-15-at-18.48.29-300x212.jpeg 300w, https:\/\/schlachthoffestival-traunsee.at\/wp-content\/uploads\/2026\/01\/WhatsApp-Image-2026-01-15-at-18.48.29.jpeg 1600w\" sizes=\"(max-width: 1024px) 100vw, 1024px\" \/><\/figure>\n\t\t\t\t\t\t\t\t<\/div>\n\t\t\t\t<\/div>\n\t\t\t\t\t<\/div>\n\t\t\t\t<\/div>\n\t\t\t\t<\/div>\n\t\t","protected":false},"excerpt":{"rendered":"<p>Schlachthoffestival Traunsee \u2013 Call for Entries 2026 Thema: bouquet Das Thema \u201ebouquet\u201c umfasst zwei Bedeutungen: einerseits das kunstvolle Arrangement eines Blumenstrau\u00dfes, andererseits den bitters\u00fc\u00dfen Duft von Wein. Beide verweisen auf eine sinnliche Verdichtung, die \u00fcber das Visuelle hinausgeht und ein Zusammenspiel der Sinne (Sehen, Riechen, Schmecken, H\u00f6ren, F\u00fchlen) erm\u00f6glicht. \u00c4sthetisches Erleben\u00c4sthetische Erfahrung wird als leibbezogenes, &hellip; <\/p>\n<p class=\"link-more\"><a href=\"https:\/\/schlachthoffestival-traunsee.at\/?page_id=1689\" class=\"more-link\">Mehr <span class=\"screen-reader-text\">\u00fcber &#8222;&#8220; <\/span>Lesen<\/a><\/p>\n","protected":false},"author":1,"featured_media":0,"parent":0,"menu_order":0,"comment_status":"closed","ping_status":"closed","template":"","meta":{"_uag_custom_page_level_css":"","footnotes":""},"yoast_head":"<!-- This site is optimized with the Yoast SEO plugin v24.5 - https:\/\/yoast.com\/wordpress\/plugins\/seo\/ -->\n<title>- Schlachthoffestival Traunsee<\/title>\n<meta name=\"robots\" content=\"index, follow, max-snippet:-1, max-image-preview:large, max-video-preview:-1\" \/>\n<link rel=\"canonical\" href=\"https:\/\/schlachthoffestival-traunsee.at\/?page_id=1689\" \/>\n<meta property=\"og:locale\" content=\"de_DE\" \/>\n<meta property=\"og:type\" content=\"article\" \/>\n<meta property=\"og:title\" content=\"- Schlachthoffestival Traunsee\" \/>\n<meta property=\"og:description\" content=\"Schlachthoffestival Traunsee \u2013 Call for Entries 2026 Thema: bouquet Das Thema \u201ebouquet\u201c umfasst zwei Bedeutungen: einerseits das kunstvolle Arrangement eines Blumenstrau\u00dfes, andererseits den bitters\u00fc\u00dfen Duft von Wein. Beide verweisen auf eine sinnliche Verdichtung, die \u00fcber das Visuelle hinausgeht und ein Zusammenspiel der Sinne (Sehen, Riechen, Schmecken, H\u00f6ren, F\u00fchlen) erm\u00f6glicht. \u00c4sthetisches Erleben\u00c4sthetische Erfahrung wird als leibbezogenes, &hellip; Mehr \u00fcber &quot;&quot; Lesen\" \/>\n<meta property=\"og:url\" content=\"https:\/\/schlachthoffestival-traunsee.at\/?page_id=1689\" \/>\n<meta property=\"og:site_name\" content=\"Schlachthoffestival Traunsee\" \/>\n<meta property=\"article:modified_time\" content=\"2026-01-16T21:18:59+00:00\" \/>\n<meta property=\"og:image\" content=\"https:\/\/schlachthoffestival-traunsee.at\/wp-content\/uploads\/2026\/01\/WhatsApp-Image-2026-01-15-at-18.48.291.jpeg\" \/>\n\t<meta property=\"og:image:width\" content=\"1131\" \/>\n\t<meta property=\"og:image:height\" content=\"1600\" \/>\n\t<meta property=\"og:image:type\" content=\"image\/jpeg\" \/>\n<meta name=\"twitter:card\" content=\"summary_large_image\" \/>\n<meta name=\"twitter:label1\" content=\"Gesch\u00e4tzte Lesezeit\" \/>\n\t<meta name=\"twitter:data1\" content=\"2\u00a0Minuten\" \/>\n<script type=\"application\/ld+json\" class=\"yoast-schema-graph\">{\"@context\":\"https:\/\/schema.org\",\"@graph\":[{\"@type\":\"WebPage\",\"@id\":\"https:\/\/schlachthoffestival-traunsee.at\/?page_id=1689\",\"url\":\"https:\/\/schlachthoffestival-traunsee.at\/?page_id=1689\",\"name\":\"- Schlachthoffestival Traunsee\",\"isPartOf\":{\"@id\":\"https:\/\/schlachthoffestival-traunsee.at\/#website\"},\"primaryImageOfPage\":{\"@id\":\"https:\/\/schlachthoffestival-traunsee.at\/?page_id=1689#primaryimage\"},\"image\":{\"@id\":\"https:\/\/schlachthoffestival-traunsee.at\/?page_id=1689#primaryimage\"},\"thumbnailUrl\":\"https:\/\/schlachthoffestival-traunsee.at\/wp-content\/uploads\/2026\/01\/WhatsApp-Image-2026-01-15-at-18.48.291-724x1024.jpeg\",\"datePublished\":\"2026-01-15T20:46:22+00:00\",\"dateModified\":\"2026-01-16T21:18:59+00:00\",\"inLanguage\":\"de\",\"potentialAction\":[{\"@type\":\"ReadAction\",\"target\":[\"https:\/\/schlachthoffestival-traunsee.at\/?page_id=1689\"]}]},{\"@type\":\"ImageObject\",\"inLanguage\":\"de\",\"@id\":\"https:\/\/schlachthoffestival-traunsee.at\/?page_id=1689#primaryimage\",\"url\":\"https:\/\/schlachthoffestival-traunsee.at\/wp-content\/uploads\/2026\/01\/WhatsApp-Image-2026-01-15-at-18.48.291.jpeg\",\"contentUrl\":\"https:\/\/schlachthoffestival-traunsee.at\/wp-content\/uploads\/2026\/01\/WhatsApp-Image-2026-01-15-at-18.48.291.jpeg\",\"width\":1131,\"height\":1600},{\"@type\":\"WebSite\",\"@id\":\"https:\/\/schlachthoffestival-traunsee.at\/#website\",\"url\":\"https:\/\/schlachthoffestival-traunsee.at\/\",\"name\":\"Schlachthoffestival Traunsee\",\"description\":\"\",\"publisher\":{\"@id\":\"https:\/\/schlachthoffestival-traunsee.at\/#organization\"},\"potentialAction\":[{\"@type\":\"SearchAction\",\"target\":{\"@type\":\"EntryPoint\",\"urlTemplate\":\"https:\/\/schlachthoffestival-traunsee.at\/?s={search_term_string}\"},\"query-input\":{\"@type\":\"PropertyValueSpecification\",\"valueRequired\":true,\"valueName\":\"search_term_string\"}}],\"inLanguage\":\"de\"},{\"@type\":\"Organization\",\"@id\":\"https:\/\/schlachthoffestival-traunsee.at\/#organization\",\"name\":\"Schlachthoffestival Traunsee\",\"url\":\"https:\/\/schlachthoffestival-traunsee.at\/\",\"logo\":{\"@type\":\"ImageObject\",\"inLanguage\":\"de\",\"@id\":\"https:\/\/schlachthoffestival-traunsee.at\/#\/schema\/logo\/image\/\",\"url\":\"https:\/\/schlachthoffestival-traunsee.at\/wp-content\/uploads\/2026\/04\/cropped-cropped-WhatsApp-Image-2026-03-31-at-19.49.321-1.jpeg\",\"contentUrl\":\"https:\/\/schlachthoffestival-traunsee.at\/wp-content\/uploads\/2026\/04\/cropped-cropped-WhatsApp-Image-2026-03-31-at-19.49.321-1.jpeg\",\"width\":512,\"height\":512,\"caption\":\"Schlachthoffestival Traunsee\"},\"image\":{\"@id\":\"https:\/\/schlachthoffestival-traunsee.at\/#\/schema\/logo\/image\/\"}}]}<\/script>\n<!-- \/ Yoast SEO plugin. -->","yoast_head_json":{"title":"- Schlachthoffestival Traunsee","robots":{"index":"index","follow":"follow","max-snippet":"max-snippet:-1","max-image-preview":"max-image-preview:large","max-video-preview":"max-video-preview:-1"},"canonical":"https:\/\/schlachthoffestival-traunsee.at\/?page_id=1689","og_locale":"de_DE","og_type":"article","og_title":"- Schlachthoffestival Traunsee","og_description":"Schlachthoffestival Traunsee \u2013 Call for Entries 2026 Thema: bouquet Das Thema \u201ebouquet\u201c umfasst zwei Bedeutungen: einerseits das kunstvolle Arrangement eines Blumenstrau\u00dfes, andererseits den bitters\u00fc\u00dfen Duft von Wein. Beide verweisen auf eine sinnliche Verdichtung, die \u00fcber das Visuelle hinausgeht und ein Zusammenspiel der Sinne (Sehen, Riechen, Schmecken, H\u00f6ren, F\u00fchlen) erm\u00f6glicht. \u00c4sthetisches Erleben\u00c4sthetische Erfahrung wird als leibbezogenes, &hellip; Mehr \u00fcber \"\" Lesen","og_url":"https:\/\/schlachthoffestival-traunsee.at\/?page_id=1689","og_site_name":"Schlachthoffestival Traunsee","article_modified_time":"2026-01-16T21:18:59+00:00","og_image":[{"width":1131,"height":1600,"url":"https:\/\/schlachthoffestival-traunsee.at\/wp-content\/uploads\/2026\/01\/WhatsApp-Image-2026-01-15-at-18.48.291.jpeg","type":"image\/jpeg"}],"twitter_card":"summary_large_image","twitter_misc":{"Gesch\u00e4tzte Lesezeit":"2\u00a0Minuten"},"schema":{"@context":"https:\/\/schema.org","@graph":[{"@type":"WebPage","@id":"https:\/\/schlachthoffestival-traunsee.at\/?page_id=1689","url":"https:\/\/schlachthoffestival-traunsee.at\/?page_id=1689","name":"- Schlachthoffestival Traunsee","isPartOf":{"@id":"https:\/\/schlachthoffestival-traunsee.at\/#website"},"primaryImageOfPage":{"@id":"https:\/\/schlachthoffestival-traunsee.at\/?page_id=1689#primaryimage"},"image":{"@id":"https:\/\/schlachthoffestival-traunsee.at\/?page_id=1689#primaryimage"},"thumbnailUrl":"https:\/\/schlachthoffestival-traunsee.at\/wp-content\/uploads\/2026\/01\/WhatsApp-Image-2026-01-15-at-18.48.291-724x1024.jpeg","datePublished":"2026-01-15T20:46:22+00:00","dateModified":"2026-01-16T21:18:59+00:00","inLanguage":"de","potentialAction":[{"@type":"ReadAction","target":["https:\/\/schlachthoffestival-traunsee.at\/?page_id=1689"]}]},{"@type":"ImageObject","inLanguage":"de","@id":"https:\/\/schlachthoffestival-traunsee.at\/?page_id=1689#primaryimage","url":"https:\/\/schlachthoffestival-traunsee.at\/wp-content\/uploads\/2026\/01\/WhatsApp-Image-2026-01-15-at-18.48.291.jpeg","contentUrl":"https:\/\/schlachthoffestival-traunsee.at\/wp-content\/uploads\/2026\/01\/WhatsApp-Image-2026-01-15-at-18.48.291.jpeg","width":1131,"height":1600},{"@type":"WebSite","@id":"https:\/\/schlachthoffestival-traunsee.at\/#website","url":"https:\/\/schlachthoffestival-traunsee.at\/","name":"Schlachthoffestival Traunsee","description":"","publisher":{"@id":"https:\/\/schlachthoffestival-traunsee.at\/#organization"},"potentialAction":[{"@type":"SearchAction","target":{"@type":"EntryPoint","urlTemplate":"https:\/\/schlachthoffestival-traunsee.at\/?s={search_term_string}"},"query-input":{"@type":"PropertyValueSpecification","valueRequired":true,"valueName":"search_term_string"}}],"inLanguage":"de"},{"@type":"Organization","@id":"https:\/\/schlachthoffestival-traunsee.at\/#organization","name":"Schlachthoffestival Traunsee","url":"https:\/\/schlachthoffestival-traunsee.at\/","logo":{"@type":"ImageObject","inLanguage":"de","@id":"https:\/\/schlachthoffestival-traunsee.at\/#\/schema\/logo\/image\/","url":"https:\/\/schlachthoffestival-traunsee.at\/wp-content\/uploads\/2026\/04\/cropped-cropped-WhatsApp-Image-2026-03-31-at-19.49.321-1.jpeg","contentUrl":"https:\/\/schlachthoffestival-traunsee.at\/wp-content\/uploads\/2026\/04\/cropped-cropped-WhatsApp-Image-2026-03-31-at-19.49.321-1.jpeg","width":512,"height":512,"caption":"Schlachthoffestival Traunsee"},"image":{"@id":"https:\/\/schlachthoffestival-traunsee.at\/#\/schema\/logo\/image\/"}}]}},"uagb_featured_image_src":{"full":false,"thumbnail":false,"medium":false,"medium_large":false,"large":false,"1536x1536":false,"2048x2048":false,"inspiro-featured-image":false,"inspiro-loop":false,"inspiro-loop@2x":false,"portfolio_item-thumbnail":false,"portfolio_item-thumbnail@2x":false,"portfolio_item-masonry":false,"portfolio_item-masonry@2x":false,"portfolio_item-thumbnail_cinema":false,"portfolio_item-thumbnail_portrait":false,"portfolio_item-thumbnail_portrait@2x":false,"portfolio_item-thumbnail_square":false},"uagb_author_info":{"display_name":"schlachthoffestival.traunsee","author_link":"https:\/\/schlachthoffestival-traunsee.at\/?author=1"},"uagb_comment_info":0,"uagb_excerpt":"Schlachthoffestival Traunsee \u2013 Call for Entries 2026 Thema: bouquet Das Thema \u201ebouquet\u201c umfasst zwei Bedeutungen: einerseits das kunstvolle Arrangement eines Blumenstrau\u00dfes, andererseits den bitters\u00fc\u00dfen Duft von Wein. Beide verweisen auf eine sinnliche Verdichtung, die \u00fcber das Visuelle hinausgeht und ein Zusammenspiel der Sinne (Sehen, Riechen, Schmecken, H\u00f6ren, F\u00fchlen) erm\u00f6glicht. \u00c4sthetisches Erleben\u00c4sthetische Erfahrung wird als leibbezogenes,&hellip;","featured_media_urls":[],"_links":{"self":[{"href":"https:\/\/schlachthoffestival-traunsee.at\/index.php?rest_route=\/wp\/v2\/pages\/1689"}],"collection":[{"href":"https:\/\/schlachthoffestival-traunsee.at\/index.php?rest_route=\/wp\/v2\/pages"}],"about":[{"href":"https:\/\/schlachthoffestival-traunsee.at\/index.php?rest_route=\/wp\/v2\/types\/page"}],"author":[{"embeddable":true,"href":"https:\/\/schlachthoffestival-traunsee.at\/index.php?rest_route=\/wp\/v2\/users\/1"}],"replies":[{"embeddable":true,"href":"https:\/\/schlachthoffestival-traunsee.at\/index.php?rest_route=%2Fwp%2Fv2%2Fcomments&post=1689"}],"version-history":[{"count":29,"href":"https:\/\/schlachthoffestival-traunsee.at\/index.php?rest_route=\/wp\/v2\/pages\/1689\/revisions"}],"predecessor-version":[{"id":1773,"href":"https:\/\/schlachthoffestival-traunsee.at\/index.php?rest_route=\/wp\/v2\/pages\/1689\/revisions\/1773"}],"wp:attachment":[{"href":"https:\/\/schlachthoffestival-traunsee.at\/index.php?rest_route=%2Fwp%2Fv2%2Fmedia&parent=1689"}],"curies":[{"name":"wp","href":"https:\/\/api.w.org\/{rel}","templated":true}]}}